{"id":73389,"date":"2025-08-11T15:04:56","date_gmt":"2025-08-11T13:04:56","guid":{"rendered":"https:\/\/dacasas.es\/?post_type=property&#038;p=73389"},"modified":"2026-01-12T12:58:12","modified_gmt":"2026-01-12T10:58:12","slug":"villa-moderne-avec-11-000m%c2%b2-terrain-a-beniarbeig","status":"publish","type":"property","link":"https:\/\/dacasas.es\/fr\/woning\/moderne-villa-met-11-000m%c2%b2-grond-in-beniarbeig\/","title":{"rendered":"Villa moderne avec 11.000m\u00b2 de terrain \u00e0 Beniarbeig"},"content":{"rendered":"<p>\u00c9chappez \u00e0 l'agitation et d\u00e9couvrez cette authentique finca r\u00fastica, situ\u00e9e sur un g\u00e9n\u00e9reux terrain de 11 000 m\u00b2 \u00e0 Beniarbeig. Construite en 2023, la propri\u00e9t\u00e9 offre un m\u00e9lange parfait de charme rural et de confort moderne. Avec une surface construite de 225 m\u00b2, dont 174 m\u00b2 utiles, cette finca dispose de trois chambres spacieuses avec placards int\u00e9gr\u00e9s et de deux salles de bains \u00e9l\u00e9gantes.<\/p>\n\n\n\n<p>Le salon spacieux avec cuisine ouverte se connecte sans probl\u00e8me \u00e0 une terrasse ensoleill\u00e9e, gr\u00e2ce \u00e0 son orientation sud qui apporte beaucoup de lumi\u00e8re naturelle. \u00c0 l'ext\u00e9rieur, vous trouverez un jardin magnifiquement am\u00e9nag\u00e9 avec une piscine priv\u00e9e, id\u00e9ale pour se d\u00e9tendre ou accueillir des invit\u00e9s. La maison est climatis\u00e9e et en excellent \u00e9tat.<\/p>\n\n\n\n<p>En outre, la maison dispose d'un garage inclus dans le prix, ainsi que d'une salle de stockage s\u00e9par\u00e9e. Cette finca est pr\u00eate \u00e0 \u00eatre emm\u00e9nag\u00e9e et convient parfaitement comme r\u00e9sidence principale, maison de vacances ou investissement. Le certificat \u00e9nerg\u00e9tique est actuellement en attente.<\/p>\n\n\n\n<p>Ne manquez pas cette occasion unique de vivre dans un cadre paisible et naturel avec tout le confort moderne. Contactez-nous d\u00e8s aujourd'hui pour plus d'informations ou pour une visite.<\/p>","protected":false},"excerpt":{"rendered":"<p>\u00c9chappez \u00e0 l'agitation et d\u00e9couvrez cette authentique finca r\u00fastica, situ\u00e9e sur un g\u00e9n\u00e9reux terrain de 11 000 m\u00b2 \u00e0 Beniarbeig. Construite en 2023, la propri\u00e9t\u00e9 offre un m\u00e9lange parfait de charme rural et de confort moderne. Avec une surface construite de 225 m\u00b2, dont 174 m\u00b2 utiles, cette finca dispose de trois chambres spacieuses avec...<\/p>","protected":false},"author":5,"featured_media":73414,"parent":0,"menu_order":0,"comment_status":"closed","ping_status":"closed","template":"","woning-eigenschap":[96,35],"woning-type":[48],"woning-locatie":[358,336],"woning-status":[26],"class_list":["post-73389","property","type-property","status-publish","has-post-thumbnail","hentry","property-feature-airco","property-feature-zwembad","property-type-villa","property-city-beniarbeig-costa-blanca-noord","property-city-costa-blanca-noord","property-status-te-koop"],"property_meta":{"REAL_HOMES_property_price":"875000","REAL_HOMES_property_old_price":"","REAL_HOMES_property_price_prefix":"","REAL_HOMES_property_price_postfix":"","REAL_HOMES_property_size":"225","REAL_HOMES_property_size_postfix":"m\u00b2","REAL_HOMES_property_lot_size":"11.000","REAL_HOMES_property_lot_size_postfix":"m\u00b2","REAL_HOMES_property_bedrooms":"3","REAL_HOMES_property_bathrooms":"2","REAL_HOMES_property_garage":"1","REAL_HOMES_property_id":"1052","REAL_HOMES_property_year_built":"2023","REAL_HOMES_featured":"0","REAL_HOMES_additional_details_list":[],"REAL_HOMES_property_location":{"latitude":"38.8221689","longitude":"-0.0018612","zoom":"12"},"REAL_HOMES_property_address":"Beniarbeig, la Marina Alta, Alicante, Valencia, 03778, Spanje","REAL_HOMES_property_map":"0","REAL_HOMES_property_images":[{"width":150,"height":150,"file":"2025\/05\/dacasas-Villa-26.jpg","filesize":1139549,"sizes":{"medium":{"file":"dacasas-Villa-26-300x209.jpg","width":300,"height":209,"mime-type":"image\/jpeg","filesize":18852,"url":"https:\/\/dacasas.es\/wp-content\/uploads\/2025\/05\/dacasas-Villa-26-300x209.jpg"},"large":{"file":"dacasas-Villa-26-1024x715.jpg","width":1024,"height":715,"mime-type":"image\/jpeg","filesize":137593,"url":"https:\/\/dacasas.es\/wp-content\/uploads\/2025\/05\/dacasas-Villa-26-1024x715.jpg"},"thumbnail":{"file":"dacasas-Villa-26-150x150.jpg","width":150,"height":150,"mime-type":"image\/jpeg","filesize":9875,"url":"https:\/\/dacasas.es\/wp-content\/uploads\/2025\/05\/dacasas-Villa-26-150x150.jpg"},"medium_large":{"file":"dacasas-Villa-26-768x536.jpg","width":768,"height":536,"mime-type":"image\/jpeg","filesize":82579,"url":"https:\/\/dacasas.es\/wp-content\/uploads\/2025\/05\/dacasas-Villa-26-768x536.jpg"},"1536x1536":{"file":"dacasas-Villa-26-1536x1072.jpg","width":1536,"height":1072,"mime-type":"image\/jpeg","filesize":269172,"url":"https:\/\/dacasas.es\/wp-content\/uploads\/2025\/05\/dacasas-Villa-26-1536x1072.jpg"},"trp-custom-language-flag":{"file":"dacasas-Villa-26-18x12.jpg","width":18,"height":12,"mime-type":"image\/jpeg","filesize":4153,"url":"https:\/\/dacasas.es\/wp-content\/uploads\/2025\/05\/dacasas-Villa-26-18x12.jpg"},"post-thumbnail":{"file":"dacasas-Villa-26-150x105.jpg","width":150,"height":105,"mime-type":"image\/jpeg","filesize":8424,"url":"https:\/\/dacasas.es\/wp-content\/uploads\/2025\/05\/dacasas-Villa-26-150x105.jpg"},"modern-property-child-slider":{"file":"dacasas-Villa-26-680x510.jpg","width":680,"height":510,"mime-type":"image\/jpeg","filesize":71519,"url":"https:\/\/dacasas.es\/wp-content\/uploads\/2025\/05\/dacasas-Villa-26-680x510.jpg"},"property-thumb-image":{"file":"dacasas-Villa-26-488x326.jpg","width":488,"height":326,"mime-type":"image\/jpeg","filesize":37886,"url":"https:\/\/dacasas.es\/wp-content\/uploads\/2025\/05\/dacasas-Villa-26-488x326.jpg"},"property-detail-video-image":{"file":"dacasas-Villa-26-818x417.jpg","width":818,"height":417,"mime-type":"image\/jpeg","filesize":75370,"url":"https:\/\/dacasas.es\/wp-content\/uploads\/2025\/05\/dacasas-Villa-26-818x417.jpg"},"agent-image":{"file":"dacasas-Villa-26-210x210.jpg","width":210,"height":210,"mime-type":"image\/jpeg","filesize":14807,"url":"https:\/\/dacasas.es\/wp-content\/uploads\/2025\/05\/dacasas-Villa-26-210x210.jpg"},"partners-logo":{"file":"dacasas-Villa-26-600x1429.jpg","width":600,"height":1429,"mime-type":"image\/jpeg","filesize":170506,"url":"https:\/\/dacasas.es\/wp-content\/uploads\/2025\/05\/dacasas-Villa-26-600x1429.jpg"},"post-featured-image":{"file":"dacasas-Villa-26-1240x720.jpg","width":1240,"height":720,"mime-type":"image\/jpeg","filesize":167830,"url":"https:\/\/dacasas.es\/wp-content\/uploads\/2025\/05\/dacasas-Villa-26-1240x720.jpg"}},"image_meta":{"aperture":"0","credit":"","camera":"","caption":"","created_timestamp":"0","copyright":"","focal_length":"0","iso":"0","shutter_speed":"0","title":"","orientation":"0","keywords":[]},"ID":"73414","name":"dacasas-Villa-26.jpg","path":"\/var\/www\/vhosts\/dacasas.es\/httpdocs\/wp-content\/uploads\/2025\/05\/dacasas-Villa-26.jpg","url":"https:\/\/dacasas.es\/wp-content\/uploads\/2025\/05\/dacasas-Villa-26-150x150.jpg","full_url":"https:\/\/dacasas.es\/wp-content\/uploads\/2025\/05\/dacasas-Villa-26.jpg","title":"dacasas - Villa 26","caption":"","description":"","alt":"","srcset":"https:\/\/dacasas.es\/wp-content\/uploads\/2025\/05\/dacasas-Villa-26-150x150.jpg 150w, https:\/\/dacasas.es\/wp-content\/uploads\/2025\/05\/dacasas-Villa-26-210x210.jpg 210w"},{"width":150,"height":150,"file":"2025\/05\/dacasas-Villa-1.jpg","filesize":175919,"sizes":{"medium":{"file":"dacasas-Villa-1-300x169.jpg","width":300,"height":169,"mime-type":"image\/jpeg","filesize":21356,"url":"https:\/\/dacasas.es\/wp-content\/uploads\/2025\/05\/dacasas-Villa-1-300x169.jpg"},"thumbnail":{"file":"dacasas-Villa-1-150x150.jpg","width":150,"height":150,"mime-type":"image\/jpeg","filesize":11948,"url":"https:\/\/dacasas.es\/wp-content\/uploads\/2025\/05\/dacasas-Villa-1-150x150.jpg"},"trp-custom-language-flag":{"file":"dacasas-Villa-1-18x10.jpg","width":18,"height":10,"mime-type":"image\/jpeg","filesize":4117,"url":"https:\/\/dacasas.es\/wp-content\/uploads\/2025\/05\/dacasas-Villa-1-18x10.jpg"},"post-thumbnail":{"file":"dacasas-Villa-1-150x84.jpg","width":150,"height":84,"mime-type":"image\/jpeg","filesize":8977,"url":"https:\/\/dacasas.es\/wp-content\/uploads\/2025\/05\/dacasas-Villa-1-150x84.jpg"},"property-thumb-image":{"file":"dacasas-Villa-1-488x326.jpg","width":488,"height":326,"mime-type":"image\/jpeg","filesize":49718,"url":"https:\/\/dacasas.es\/wp-content\/uploads\/2025\/05\/dacasas-Villa-1-488x326.jpg"},"agent-image":{"file":"dacasas-Villa-1-210x210.jpg","width":210,"height":210,"mime-type":"image\/jpeg","filesize":18579,"url":"https:\/\/dacasas.es\/wp-content\/uploads\/2025\/05\/dacasas-Villa-1-210x210.jpg"},"partners-logo":{"file":"dacasas-Villa-1-600x360.jpg","width":600,"height":360,"mime-type":"image\/jpeg","filesize":69875,"url":"https:\/\/dacasas.es\/wp-content\/uploads\/2025\/05\/dacasas-Villa-1-600x360.jpg"}},"image_meta":{"aperture":"0","credit":"","camera":"","caption":"","created_timestamp":"0","copyright":"","focal_length":"0","iso":"0","shutter_speed":"0","title":"","orientation":"0","keywords":[]},"ID":"73390","name":"dacasas-Villa-1.jpg","path":"\/var\/www\/vhosts\/dacasas.es\/httpdocs\/wp-content\/uploads\/2025\/05\/dacasas-Villa-1.jpg","url":"https:\/\/dacasas.es\/wp-content\/uploads\/2025\/05\/dacasas-Villa-1-150x150.jpg","full_url":"https:\/\/dacasas.es\/wp-content\/uploads\/2025\/05\/dacasas-Villa-1.jpg","title":"dacasas - Villa 1","caption":"","description":"","alt":"","srcset":"https:\/\/dacasas.es\/wp-content\/uploads\/2025\/05\/dacasas-Villa-1-150x150.jpg 150w, https:\/\/dacasas.es\/wp-content\/uploads\/2025\/05\/dacasas-Villa-1-210x210.jpg 210w"},{"width":150,"height":150,"file":"2025\/05\/dacasas-Villa-7.jpg","filesize":683241,"sizes":{"medium":{"file":"dacasas-Villa-7-225x300.jpg","width":225,"height":300,"mime-type":"image\/jpeg","filesize":14707,"url":"https:\/\/dacasas.es\/wp-content\/uploads\/2025\/05\/dacasas-Villa-7-225x300.jpg"},"large":{"file":"dacasas-Villa-7-768x1024.jpg","width":768,"height":1024,"mime-type":"image\/jpeg","filesize":94321,"url":"https:\/\/dacasas.es\/wp-content\/uploads\/2025\/05\/dacasas-Villa-7-768x1024.jpg"},"thumbnail":{"file":"dacasas-Villa-7-150x150.jpg","width":150,"height":150,"mime-type":"image\/jpeg","filesize":8196,"url":"https:\/\/dacasas.es\/wp-content\/uploads\/2025\/05\/dacasas-Villa-7-150x150.jpg"},"medium_large":{"file":"dacasas-Villa-7-768x1024.jpg","width":768,"height":1024,"mime-type":"image\/jpeg","filesize":94321,"url":"https:\/\/dacasas.es\/wp-content\/uploads\/2025\/05\/dacasas-Villa-7-768x1024.jpg"},"1536x1536":{"file":"dacasas-Villa-7-1152x1536.jpg","width":1152,"height":1536,"mime-type":"image\/jpeg","filesize":195677,"url":"https:\/\/dacasas.es\/wp-content\/uploads\/2025\/05\/dacasas-Villa-7-1152x1536.jpg"},"trp-custom-language-flag":{"file":"dacasas-Villa-7-9x12.jpg","width":9,"height":12,"mime-type":"image\/jpeg","filesize":4047,"url":"https:\/\/dacasas.es\/wp-content\/uploads\/2025\/05\/dacasas-Villa-7-9x12.jpg"},"post-thumbnail":{"file":"dacasas-Villa-7-113x150.jpg","width":113,"height":150,"mime-type":"image\/jpeg","filesize":7598,"url":"https:\/\/dacasas.es\/wp-content\/uploads\/2025\/05\/dacasas-Villa-7-113x150.jpg"},"modern-property-child-slider":{"file":"dacasas-Villa-7-680x510.jpg","width":680,"height":510,"mime-type":"image\/jpeg","filesize":46110,"url":"https:\/\/dacasas.es\/wp-content\/uploads\/2025\/05\/dacasas-Villa-7-680x510.jpg"},"property-thumb-image":{"file":"dacasas-Villa-7-488x326.jpg","width":488,"height":326,"mime-type":"image\/jpeg","filesize":25349,"url":"https:\/\/dacasas.es\/wp-content\/uploads\/2025\/05\/dacasas-Villa-7-488x326.jpg"},"property-detail-video-image":{"file":"dacasas-Villa-7-818x417.jpg","width":818,"height":417,"mime-type":"image\/jpeg","filesize":47554,"url":"https:\/\/dacasas.es\/wp-content\/uploads\/2025\/05\/dacasas-Villa-7-818x417.jpg"},"agent-image":{"file":"dacasas-Villa-7-210x210.jpg","width":210,"height":210,"mime-type":"image\/jpeg","filesize":11602,"url":"https:\/\/dacasas.es\/wp-content\/uploads\/2025\/05\/dacasas-Villa-7-210x210.jpg"},"partners-logo":{"file":"dacasas-Villa-7-600x2000.jpg","width":600,"height":2000,"mime-type":"image\/jpeg","filesize":164305,"url":"https:\/\/dacasas.es\/wp-content\/uploads\/2025\/05\/dacasas-Villa-7-600x2000.jpg"},"post-featured-image":{"file":"dacasas-Villa-7-1240x720.jpg","width":1240,"height":720,"mime-type":"image\/jpeg","filesize":102921,"url":"https:\/\/dacasas.es\/wp-content\/uploads\/2025\/05\/dacasas-Villa-7-1240x720.jpg"}},"image_meta":{"aperture":"0","credit":"","camera":"","caption":"","created_timestamp":"0","copyright":"","focal_length":"0","iso":"0","shutter_speed":"0","title":"","orientation":"0","keywords":[]},"ID":"73396","name":"dacasas-Villa-7.jpg","path":"\/var\/www\/vhosts\/dacasas.es\/httpdocs\/wp-content\/uploads\/2025\/05\/dacasas-Villa-7.jpg","url":"https:\/\/dacasas.es\/wp-content\/uploads\/2025\/05\/dacasas-Villa-7-150x150.jpg","full_url":"https:\/\/dacasas.es\/wp-content\/uploads\/2025\/05\/dacasas-Villa-7.jpg","title":"dacasas - Villa 7","caption":"","description":"","alt":"","srcset":"https:\/\/dacasas.es\/wp-content\/uploads\/2025\/05\/dacasas-Villa-7-150x150.jpg 150w, https:\/\/dacasas.es\/wp-content\/uploads\/2025\/05\/dacasas-Villa-7-210x210.jpg 210w"},{"width":150,"height":150,"file":"2025\/05\/dacasas-Villa-4.jpg","filesize":595662,"sizes":{"medium":{"file":"dacasas-Villa-4-300x225.jpg","width":300,"height":225,"mime-type":"image\/jpeg","filesize":18971,"url":"https:\/\/dacasas.es\/wp-content\/uploads\/2025\/05\/dacasas-Villa-4-300x225.jpg"},"large":{"file":"dacasas-Villa-4-1024x768.jpg","width":1024,"height":768,"mime-type":"image\/jpeg","filesize":113046,"url":"https:\/\/dacasas.es\/wp-content\/uploads\/2025\/05\/dacasas-Villa-4-1024x768.jpg"},"thumbnail":{"file":"dacasas-Villa-4-150x150.jpg","width":150,"height":150,"mime-type":"image\/jpeg","filesize":10673,"url":"https:\/\/dacasas.es\/wp-content\/uploads\/2025\/05\/dacasas-Villa-4-150x150.jpg"},"medium_large":{"file":"dacasas-Villa-4-768x576.jpg","width":768,"height":576,"mime-type":"image\/jpeg","filesize":72080,"url":"https:\/\/dacasas.es\/wp-content\/uploads\/2025\/05\/dacasas-Villa-4-768x576.jpg"},"1536x1536":{"file":"dacasas-Villa-4-1536x1152.jpg","width":1536,"height":1152,"mime-type":"image\/jpeg","filesize":213839,"url":"https:\/\/dacasas.es\/wp-content\/uploads\/2025\/05\/dacasas-Villa-4-1536x1152.jpg"},"trp-custom-language-flag":{"file":"dacasas-Villa-4-16x12.jpg","width":16,"height":12,"mime-type":"image\/jpeg","filesize":4062,"url":"https:\/\/dacasas.es\/wp-content\/uploads\/2025\/05\/dacasas-Villa-4-16x12.jpg"},"post-thumbnail":{"file":"dacasas-Villa-4-150x113.jpg","width":150,"height":113,"mime-type":"image\/jpeg","filesize":8985,"url":"https:\/\/dacasas.es\/wp-content\/uploads\/2025\/05\/dacasas-Villa-4-150x113.jpg"},"modern-property-child-slider":{"file":"dacasas-Villa-4-680x510.jpg","width":680,"height":510,"mime-type":"image\/jpeg","filesize":59620,"url":"https:\/\/dacasas.es\/wp-content\/uploads\/2025\/05\/dacasas-Villa-4-680x510.jpg"},"property-thumb-image":{"file":"dacasas-Villa-4-488x326.jpg","width":488,"height":326,"mime-type":"image\/jpeg","filesize":34700,"url":"https:\/\/dacasas.es\/wp-content\/uploads\/2025\/05\/dacasas-Villa-4-488x326.jpg"},"property-detail-video-image":{"file":"dacasas-Villa-4-818x417.jpg","width":818,"height":417,"mime-type":"image\/jpeg","filesize":62346,"url":"https:\/\/dacasas.es\/wp-content\/uploads\/2025\/05\/dacasas-Villa-4-818x417.jpg"},"agent-image":{"file":"dacasas-Villa-4-210x210.jpg","width":210,"height":210,"mime-type":"image\/jpeg","filesize":15565,"url":"https:\/\/dacasas.es\/wp-content\/uploads\/2025\/05\/dacasas-Villa-4-210x210.jpg"},"partners-logo":{"file":"dacasas-Villa-4-600x1200.jpg","width":600,"height":1200,"mime-type":"image\/jpeg","filesize":119959,"url":"https:\/\/dacasas.es\/wp-content\/uploads\/2025\/05\/dacasas-Villa-4-600x1200.jpg"},"post-featured-image":{"file":"dacasas-Villa-4-1240x720.jpg","width":1240,"height":720,"mime-type":"image\/jpeg","filesize":130397,"url":"https:\/\/dacasas.es\/wp-content\/uploads\/2025\/05\/dacasas-Villa-4-1240x720.jpg"}},"image_meta":{"aperture":"0","credit":"","camera":"","caption":"","created_timestamp":"0","copyright":"","focal_length":"0","iso":"0","shutter_speed":"0","title":"","orientation":"0","keywords":[]},"ID":"73393","name":"dacasas-Villa-4.jpg","path":"\/var\/www\/vhosts\/dacasas.es\/httpdocs\/wp-content\/uploads\/2025\/05\/dacasas-Villa-4.jpg","url":"https:\/\/dacasas.es\/wp-content\/uploads\/2025\/05\/dacasas-Villa-4-150x150.jpg","full_url":"https:\/\/dacasas.es\/wp-content\/uploads\/2025\/05\/dacasas-Villa-4.jpg","title":"dacasas - Villa 4","caption":"","description":"","alt":"","srcset":"https:\/\/dacasas.es\/wp-content\/uploads\/2025\/05\/dacasas-Villa-4-150x150.jpg 150w, https:\/\/dacasas.es\/wp-content\/uploads\/2025\/05\/dacasas-Villa-4-210x210.jpg 210w"},{"width":150,"height":150,"file":"2025\/05\/dacasas-Villa-12.jpg","filesize":89169,"sizes":{"medium":{"file":"dacasas-Villa-12-300x169.jpg","width":300,"height":169,"mime-type":"image\/jpeg","filesize":13751,"url":"https:\/\/dacasas.es\/wp-content\/uploads\/2025\/05\/dacasas-Villa-12-300x169.jpg"},"thumbnail":{"file":"dacasas-Villa-12-150x150.jpg","width":150,"height":150,"mime-type":"image\/jpeg","filesize":8929,"url":"https:\/\/dacasas.es\/wp-content\/uploads\/2025\/05\/dacasas-Villa-12-150x150.jpg"},"trp-custom-language-flag":{"file":"dacasas-Villa-12-18x10.jpg","width":18,"height":10,"mime-type":"image\/jpeg","filesize":4092,"url":"https:\/\/dacasas.es\/wp-content\/uploads\/2025\/05\/dacasas-Villa-12-18x10.jpg"},"post-thumbnail":{"file":"dacasas-Villa-12-150x84.jpg","width":150,"height":84,"mime-type":"image\/jpeg","filesize":7151,"url":"https:\/\/dacasas.es\/wp-content\/uploads\/2025\/05\/dacasas-Villa-12-150x84.jpg"},"property-thumb-image":{"file":"dacasas-Villa-12-488x326.jpg","width":488,"height":326,"mime-type":"image\/jpeg","filesize":27537,"url":"https:\/\/dacasas.es\/wp-content\/uploads\/2025\/05\/dacasas-Villa-12-488x326.jpg"},"agent-image":{"file":"dacasas-Villa-12-210x210.jpg","width":210,"height":210,"mime-type":"image\/jpeg","filesize":12492,"url":"https:\/\/dacasas.es\/wp-content\/uploads\/2025\/05\/dacasas-Villa-12-210x210.jpg"},"partners-logo":{"file":"dacasas-Villa-12-600x360.jpg","width":600,"height":360,"mime-type":"image\/jpeg","filesize":36200,"url":"https:\/\/dacasas.es\/wp-content\/uploads\/2025\/05\/dacasas-Villa-12-600x360.jpg"}},"image_meta":{"aperture":"0","credit":"","camera":"","caption":"","created_timestamp":"0","copyright":"","focal_length":"0","iso":"0","shutter_speed":"0","title":"","orientation":"0","keywords":[]},"ID":"73400","name":"dacasas-Villa-12.jpg","path":"\/var\/www\/vhosts\/dacasas.es\/httpdocs\/wp-content\/uploads\/2025\/05\/dacasas-Villa-12.jpg","url":"https:\/\/dacasas.es\/wp-content\/uploads\/2025\/05\/dacasas-Villa-12-150x150.jpg","full_url":"https:\/\/dacasas.es\/wp-content\/uploads\/2025\/05\/dacasas-Villa-12.jpg","title":"dacasas - Villa 12","caption":"","description":"","alt":"","srcset":"https:\/\/dacasas.es\/wp-content\/uploads\/2025\/05\/dacasas-Villa-12-150x150.jpg 150w, https:\/\/dacasas.es\/wp-content\/uploads\/2025\/05\/dacasas-Villa-12-210x210.jpg 210w"},{"width":150,"height":150,"file":"2025\/05\/dacasas-Beniarbeig-6.jpg","filesize":2271348,"sizes":{"medium":{"file":"dacasas-Beniarbeig-6-300x225.jpg","width":300,"height":225,"mime-type":"image\/jpeg","filesize":17799,"url":"https:\/\/dacasas.es\/wp-content\/uploads\/2025\/05\/dacasas-Beniarbeig-6-300x225.jpg"},"large":{"file":"dacasas-Beniarbeig-6-1024x768.jpg","width":1024,"height":768,"mime-type":"image\/jpeg","filesize":92065,"url":"https:\/\/dacasas.es\/wp-content\/uploads\/2025\/05\/dacasas-Beniarbeig-6-1024x768.jpg"},"thumbnail":{"file":"dacasas-Beniarbeig-6-150x150.jpg","width":150,"height":150,"mime-type":"image\/jpeg","filesize":9767,"url":"https:\/\/dacasas.es\/wp-content\/uploads\/2025\/05\/dacasas-Beniarbeig-6-150x150.jpg"},"medium_large":{"file":"dacasas-Beniarbeig-6-768x576.jpg","width":768,"height":576,"mime-type":"image\/jpeg","filesize":59318,"url":"https:\/\/dacasas.es\/wp-content\/uploads\/2025\/05\/dacasas-Beniarbeig-6-768x576.jpg"},"1536x1536":{"file":"dacasas-Beniarbeig-6-1536x1152.jpg","width":1536,"height":1152,"mime-type":"image\/jpeg","filesize":176920,"url":"https:\/\/dacasas.es\/wp-content\/uploads\/2025\/05\/dacasas-Beniarbeig-6-1536x1152.jpg"},"2048x2048":{"file":"dacasas-Beniarbeig-6-2048x1536.jpg","width":2048,"height":1536,"mime-type":"image\/jpeg","filesize":287271,"url":"https:\/\/dacasas.es\/wp-content\/uploads\/2025\/05\/dacasas-Beniarbeig-6-2048x1536.jpg"},"trp-custom-language-flag":{"file":"dacasas-Beniarbeig-6-16x12.jpg","width":16,"height":12,"mime-type":"image\/jpeg","filesize":5256,"url":"https:\/\/dacasas.es\/wp-content\/uploads\/2025\/05\/dacasas-Beniarbeig-6-16x12.jpg"},"post-thumbnail":{"file":"dacasas-Beniarbeig-6-150x113.jpg","width":150,"height":113,"mime-type":"image\/jpeg","filesize":9391,"url":"https:\/\/dacasas.es\/wp-content\/uploads\/2025\/05\/dacasas-Beniarbeig-6-150x113.jpg"},"modern-property-child-slider":{"file":"dacasas-Beniarbeig-6-680x510.jpg","width":680,"height":510,"mime-type":"image\/jpeg","filesize":49762,"url":"https:\/\/dacasas.es\/wp-content\/uploads\/2025\/05\/dacasas-Beniarbeig-6-680x510.jpg"},"property-thumb-image":{"file":"dacasas-Beniarbeig-6-488x326.jpg","width":488,"height":326,"mime-type":"image\/jpeg","filesize":30302,"url":"https:\/\/dacasas.es\/wp-content\/uploads\/2025\/05\/dacasas-Beniarbeig-6-488x326.jpg"},"property-detail-video-image":{"file":"dacasas-Beniarbeig-6-818x417.jpg","width":818,"height":417,"mime-type":"image\/jpeg","filesize":52933,"url":"https:\/\/dacasas.es\/wp-content\/uploads\/2025\/05\/dacasas-Beniarbeig-6-818x417.jpg"},"agent-image":{"file":"dacasas-Beniarbeig-6-210x210.jpg","width":210,"height":210,"mime-type":"image\/jpeg","filesize":13031,"url":"https:\/\/dacasas.es\/wp-content\/uploads\/2025\/05\/dacasas-Beniarbeig-6-210x210.jpg"},"partners-logo":{"file":"dacasas-Beniarbeig-6-600x1650.jpg","width":600,"height":1650,"mime-type":"image\/jpeg","filesize":94496,"url":"https:\/\/dacasas.es\/wp-content\/uploads\/2025\/05\/dacasas-Beniarbeig-6-600x1650.jpg"},"post-featured-image":{"file":"dacasas-Beniarbeig-6-1240x720.jpg","width":1240,"height":720,"mime-type":"image\/jpeg","filesize":104905,"url":"https:\/\/dacasas.es\/wp-content\/uploads\/2025\/05\/dacasas-Beniarbeig-6-1240x720.jpg"}},"image_meta":{"aperture":"2.2","credit":"","camera":"SM-G975F","caption":"","created_timestamp":"0","copyright":"","focal_length":"1.8","iso":"50","shutter_speed":"0.01","title":"","orientation":"1","keywords":[]},"ID":"73588","name":"dacasas-Beniarbeig-6.jpg","path":"\/var\/www\/vhosts\/dacasas.es\/httpdocs\/wp-content\/uploads\/2025\/05\/dacasas-Beniarbeig-6.jpg","url":"https:\/\/dacasas.es\/wp-content\/uploads\/2025\/05\/dacasas-Beniarbeig-6-150x150.jpg","full_url":"https:\/\/dacasas.es\/wp-content\/uploads\/2025\/05\/dacasas-Beniarbeig-6.jpg","title":"dacasas - Beniarbeig 6","caption":"","description":"","alt":"","srcset":"https:\/\/dacasas.es\/wp-content\/uploads\/2025\/05\/dacasas-Beniarbeig-6-150x150.jpg 150w, https:\/\/dacasas.es\/wp-content\/uploads\/2025\/05\/dacasas-Beniarbeig-6-210x210.jpg 210w"},{"width":150,"height":150,"file":"2025\/05\/dacasas-Villa-27.jpg","filesize":562376,"sizes":{"medium":{"file":"dacasas-Villa-27-300x194.jpg","width":300,"height":194,"mime-type":"image\/jpeg","filesize":17901,"url":"https:\/\/dacasas.es\/wp-content\/uploads\/2025\/05\/dacasas-Villa-27-300x194.jpg"},"large":{"file":"dacasas-Villa-27-1024x663.jpg","width":1024,"height":663,"mime-type":"image\/jpeg","filesize":107270,"url":"https:\/\/dacasas.es\/wp-content\/uploads\/2025\/05\/dacasas-Villa-27-1024x663.jpg"},"thumbnail":{"file":"dacasas-Villa-27-150x150.jpg","width":150,"height":150,"mime-type":"image\/jpeg","filesize":9958,"url":"https:\/\/dacasas.es\/wp-content\/uploads\/2025\/05\/dacasas-Villa-27-150x150.jpg"},"medium_large":{"file":"dacasas-Villa-27-768x497.jpg","width":768,"height":497,"mime-type":"image\/jpeg","filesize":67932,"url":"https:\/\/dacasas.es\/wp-content\/uploads\/2025\/05\/dacasas-Villa-27-768x497.jpg"},"1536x1536":{"file":"dacasas-Villa-27-1536x995.jpg","width":1536,"height":995,"mime-type":"image\/jpeg","filesize":203659,"url":"https:\/\/dacasas.es\/wp-content\/uploads\/2025\/05\/dacasas-Villa-27-1536x995.jpg"},"trp-custom-language-flag":{"file":"dacasas-Villa-27-18x12.jpg","width":18,"height":12,"mime-type":"image\/jpeg","filesize":4123,"url":"https:\/\/dacasas.es\/wp-content\/uploads\/2025\/05\/dacasas-Villa-27-18x12.jpg"},"post-thumbnail":{"file":"dacasas-Villa-27-150x97.jpg","width":150,"height":97,"mime-type":"image\/jpeg","filesize":8484,"url":"https:\/\/dacasas.es\/wp-content\/uploads\/2025\/05\/dacasas-Villa-27-150x97.jpg"},"modern-property-child-slider":{"file":"dacasas-Villa-27-680x510.jpg","width":680,"height":510,"mime-type":"image\/jpeg","filesize":62792,"url":"https:\/\/dacasas.es\/wp-content\/uploads\/2025\/05\/dacasas-Villa-27-680x510.jpg"},"property-thumb-image":{"file":"dacasas-Villa-27-488x326.jpg","width":488,"height":326,"mime-type":"image\/jpeg","filesize":34759,"url":"https:\/\/dacasas.es\/wp-content\/uploads\/2025\/05\/dacasas-Villa-27-488x326.jpg"},"property-detail-video-image":{"file":"dacasas-Villa-27-818x417.jpg","width":818,"height":417,"mime-type":"image\/jpeg","filesize":69669,"url":"https:\/\/dacasas.es\/wp-content\/uploads\/2025\/05\/dacasas-Villa-27-818x417.jpg"},"agent-image":{"file":"dacasas-Villa-27-210x210.jpg","width":210,"height":210,"mime-type":"image\/jpeg","filesize":14315,"url":"https:\/\/dacasas.es\/wp-content\/uploads\/2025\/05\/dacasas-Villa-27-210x210.jpg"},"partners-logo":{"file":"dacasas-Villa-27-600x1036.jpg","width":600,"height":1036,"mime-type":"image\/jpeg","filesize":88448,"url":"https:\/\/dacasas.es\/wp-content\/uploads\/2025\/05\/dacasas-Villa-27-600x1036.jpg"},"post-featured-image":{"file":"dacasas-Villa-27-1240x720.jpg","width":1240,"height":720,"mime-type":"image\/jpeg","filesize":139824,"url":"https:\/\/dacasas.es\/wp-content\/uploads\/2025\/05\/dacasas-Villa-27-1240x720.jpg"}},"image_meta":{"aperture":"0","credit":"","camera":"","caption":"","created_timestamp":"0","copyright":"","focal_length":"0","iso":"0","shutter_speed":"0","title":"","orientation":"0","keywords":[]},"ID":"73415","name":"dacasas-Villa-27.jpg","path":"\/var\/www\/vhosts\/dacasas.es\/httpdocs\/wp-content\/uploads\/2025\/05\/dacasas-Villa-27.jpg","url":"https:\/\/dacasas.es\/wp-content\/uploads\/2025\/05\/dacasas-Villa-27-150x150.jpg","full_url":"https:\/\/dacasas.es\/wp-content\/uploads\/2025\/05\/dacasas-Villa-27.jpg","title":"dacasas - Villa 27","caption":"","description":"","alt":"","srcset":"https:\/\/dacasas.es\/wp-content\/uploads\/2025\/05\/dacasas-Villa-27-150x150.jpg 150w, https:\/\/dacasas.es\/wp-content\/uploads\/2025\/05\/dacasas-Villa-27-210x210.jpg 210w"},{"width":150,"height":150,"file":"2025\/05\/dacasas-Villa-24.jpg","filesize":728653,"sizes":{"medium":{"file":"dacasas-Villa-24-300x225.jpg","width":300,"height":225,"mime-type":"image\/jpeg","filesize":22109,"url":"https:\/\/dacasas.es\/wp-content\/uploads\/2025\/05\/dacasas-Villa-24-300x225.jpg"},"large":{"file":"dacasas-Villa-24-1024x768.jpg","width":1024,"height":768,"mime-type":"image\/jpeg","filesize":141211,"url":"https:\/\/dacasas.es\/wp-content\/uploads\/2025\/05\/dacasas-Villa-24-1024x768.jpg"},"thumbnail":{"file":"dacasas-Villa-24-150x150.jpg","width":150,"height":150,"mime-type":"image\/jpeg","filesize":10972,"url":"https:\/\/dacasas.es\/wp-content\/uploads\/2025\/05\/dacasas-Villa-24-150x150.jpg"},"medium_large":{"file":"dacasas-Villa-24-768x576.jpg","width":768,"height":576,"mime-type":"image\/jpeg","filesize":88596,"url":"https:\/\/dacasas.es\/wp-content\/uploads\/2025\/05\/dacasas-Villa-24-768x576.jpg"},"1536x1536":{"file":"dacasas-Villa-24-1536x1152.jpg","width":1536,"height":1152,"mime-type":"image\/jpeg","filesize":270006,"url":"https:\/\/dacasas.es\/wp-content\/uploads\/2025\/05\/dacasas-Villa-24-1536x1152.jpg"},"trp-custom-language-flag":{"file":"dacasas-Villa-24-16x12.jpg","width":16,"height":12,"mime-type":"image\/jpeg","filesize":4099,"url":"https:\/\/dacasas.es\/wp-content\/uploads\/2025\/05\/dacasas-Villa-24-16x12.jpg"},"post-thumbnail":{"file":"dacasas-Villa-24-150x113.jpg","width":150,"height":113,"mime-type":"image\/jpeg","filesize":9828,"url":"https:\/\/dacasas.es\/wp-content\/uploads\/2025\/05\/dacasas-Villa-24-150x113.jpg"},"modern-property-child-slider":{"file":"dacasas-Villa-24-680x510.jpg","width":680,"height":510,"mime-type":"image\/jpeg","filesize":72784,"url":"https:\/\/dacasas.es\/wp-content\/uploads\/2025\/05\/dacasas-Villa-24-680x510.jpg"},"property-thumb-image":{"file":"dacasas-Villa-24-488x326.jpg","width":488,"height":326,"mime-type":"image\/jpeg","filesize":40830,"url":"https:\/\/dacasas.es\/wp-content\/uploads\/2025\/05\/dacasas-Villa-24-488x326.jpg"},"property-detail-video-image":{"file":"dacasas-Villa-24-818x417.jpg","width":818,"height":417,"mime-type":"image\/jpeg","filesize":78965,"url":"https:\/\/dacasas.es\/wp-content\/uploads\/2025\/05\/dacasas-Villa-24-818x417.jpg"},"agent-image":{"file":"dacasas-Villa-24-210x210.jpg","width":210,"height":210,"mime-type":"image\/jpeg","filesize":16176,"url":"https:\/\/dacasas.es\/wp-content\/uploads\/2025\/05\/dacasas-Villa-24-210x210.jpg"},"partners-logo":{"file":"dacasas-Villa-24-600x1200.jpg","width":600,"height":1200,"mime-type":"image\/jpeg","filesize":97927,"url":"https:\/\/dacasas.es\/wp-content\/uploads\/2025\/05\/dacasas-Villa-24-600x1200.jpg"},"post-featured-image":{"file":"dacasas-Villa-24-1240x720.jpg","width":1240,"height":720,"mime-type":"image\/jpeg","filesize":164201,"url":"https:\/\/dacasas.es\/wp-content\/uploads\/2025\/05\/dacasas-Villa-24-1240x720.jpg"}},"image_meta":{"aperture":"0","credit":"","camera":"","caption":"","created_timestamp":"0","copyright":"","focal_length":"0","iso":"0","shutter_speed":"0","title":"","orientation":"0","keywords":[]},"ID":"73412","name":"dacasas-Villa-24.jpg","path":"\/var\/www\/vhosts\/dacasas.es\/httpdocs\/wp-content\/uploads\/2025\/05\/dacasas-Villa-24.jpg","url":"https:\/\/dacasas.es\/wp-content\/uploads\/2025\/05\/dacasas-Villa-24-150x150.jpg","full_url":"https:\/\/dacasas.es\/wp-content\/uploads\/2025\/05\/dacasas-Villa-24.jpg","title":"dacasas - Villa 24","caption":"","description":"","alt":"","srcset":"https:\/\/dacasas.es\/wp-content\/uploads\/2025\/05\/dacasas-Villa-24-150x150.jpg 150w, https:\/\/dacasas.es\/wp-content\/uploads\/2025\/05\/dacasas-Villa-24-210x210.jpg 210w"},{"width":150,"height":150,"file":"2025\/05\/dacasas-Villa-33.jpg","filesize":446566,"sizes":{"medium":{"file":"dacasas-Villa-33-300x207.jpg","width":300,"height":207,"mime-type":"image\/jpeg","filesize":15907,"url":"https:\/\/dacasas.es\/wp-content\/uploads\/2025\/05\/dacasas-Villa-33-300x207.jpg"},"large":{"file":"dacasas-Villa-33-1024x705.jpg","width":1024,"height":705,"mime-type":"image\/jpeg","filesize":89222,"url":"https:\/\/dacasas.es\/wp-content\/uploads\/2025\/05\/dacasas-Villa-33-1024x705.jpg"},"thumbnail":{"file":"dacasas-Villa-33-150x150.jpg","width":150,"height":150,"mime-type":"image\/jpeg","filesize":9093,"url":"https:\/\/dacasas.es\/wp-content\/uploads\/2025\/05\/dacasas-Villa-33-150x150.jpg"},"medium_large":{"file":"dacasas-Villa-33-768x529.jpg","width":768,"height":529,"mime-type":"image\/jpeg","filesize":57234,"url":"https:\/\/dacasas.es\/wp-content\/uploads\/2025\/05\/dacasas-Villa-33-768x529.jpg"},"1536x1536":{"file":"dacasas-Villa-33-1536x1058.jpg","width":1536,"height":1058,"mime-type":"image\/jpeg","filesize":168354,"url":"https:\/\/dacasas.es\/wp-content\/uploads\/2025\/05\/dacasas-Villa-33-1536x1058.jpg"},"trp-custom-language-flag":{"file":"dacasas-Villa-33-18x12.jpg","width":18,"height":12,"mime-type":"image\/jpeg","filesize":4101,"url":"https:\/\/dacasas.es\/wp-content\/uploads\/2025\/05\/dacasas-Villa-33-18x12.jpg"},"post-thumbnail":{"file":"dacasas-Villa-33-150x103.jpg","width":150,"height":103,"mime-type":"image\/jpeg","filesize":7846,"url":"https:\/\/dacasas.es\/wp-content\/uploads\/2025\/05\/dacasas-Villa-33-150x103.jpg"},"modern-property-child-slider":{"file":"dacasas-Villa-33-680x510.jpg","width":680,"height":510,"mime-type":"image\/jpeg","filesize":48826,"url":"https:\/\/dacasas.es\/wp-content\/uploads\/2025\/05\/dacasas-Villa-33-680x510.jpg"},"property-thumb-image":{"file":"dacasas-Villa-33-488x326.jpg","width":488,"height":326,"mime-type":"image\/jpeg","filesize":29090,"url":"https:\/\/dacasas.es\/wp-content\/uploads\/2025\/05\/dacasas-Villa-33-488x326.jpg"},"property-detail-video-image":{"file":"dacasas-Villa-33-818x417.jpg","width":818,"height":417,"mime-type":"image\/jpeg","filesize":53378,"url":"https:\/\/dacasas.es\/wp-content\/uploads\/2025\/05\/dacasas-Villa-33-818x417.jpg"},"agent-image":{"file":"dacasas-Villa-33-210x210.jpg","width":210,"height":210,"mime-type":"image\/jpeg","filesize":12701,"url":"https:\/\/dacasas.es\/wp-content\/uploads\/2025\/05\/dacasas-Villa-33-210x210.jpg"},"partners-logo":{"file":"dacasas-Villa-33-600x1102.jpg","width":600,"height":1102,"mime-type":"image\/jpeg","filesize":83709,"url":"https:\/\/dacasas.es\/wp-content\/uploads\/2025\/05\/dacasas-Villa-33-600x1102.jpg"},"post-featured-image":{"file":"dacasas-Villa-33-1240x720.jpg","width":1240,"height":720,"mime-type":"image\/jpeg","filesize":108024,"url":"https:\/\/dacasas.es\/wp-content\/uploads\/2025\/05\/dacasas-Villa-33-1240x720.jpg"}},"image_meta":{"aperture":"0","credit":"","camera":"","caption":"","created_timestamp":"0","copyright":"","focal_length":"0","iso":"0","shutter_speed":"0","title":"","orientation":"0","keywords":[]},"ID":"73419","name":"dacasas-Villa-33.jpg","path":"\/var\/www\/vhosts\/dacasas.es\/httpdocs\/wp-content\/uploads\/2025\/05\/dacasas-Villa-33.jpg","url":"https:\/\/dacasas.es\/wp-content\/uploads\/2025\/05\/dacasas-Villa-33-150x150.jpg","full_url":"https:\/\/dacasas.es\/wp-content\/uploads\/2025\/05\/dacasas-Villa-33.jpg","title":"dacasas - Villa 33","caption":"","description":"","alt":"","srcset":"https:\/\/dacasas.es\/wp-content\/uploads\/2025\/05\/dacasas-Villa-33-150x150.jpg 150w, https:\/\/dacasas.es\/wp-content\/uploads\/2025\/05\/dacasas-Villa-33-210x210.jpg 210w"},{"width":150,"height":150,"file":"2025\/05\/dacasas-Villa-31.jpg","filesize":472649,"sizes":{"medium":{"file":"dacasas-Villa-31-300x183.jpg","width":300,"height":183,"mime-type":"image\/jpeg","filesize":16286,"url":"https:\/\/dacasas.es\/wp-content\/uploads\/2025\/05\/dacasas-Villa-31-300x183.jpg"},"large":{"file":"dacasas-Villa-31-1024x625.jpg","width":1024,"height":625,"mime-type":"image\/jpeg","filesize":94419,"url":"https:\/\/dacasas.es\/wp-content\/uploads\/2025\/05\/dacasas-Villa-31-1024x625.jpg"},"thumbnail":{"file":"dacasas-Villa-31-150x150.jpg","width":150,"height":150,"mime-type":"image\/jpeg","filesize":9388,"url":"https:\/\/dacasas.es\/wp-content\/uploads\/2025\/05\/dacasas-Villa-31-150x150.jpg"},"medium_large":{"file":"dacasas-Villa-31-768x468.jpg","width":768,"height":468,"mime-type":"image\/jpeg","filesize":60453,"url":"https:\/\/dacasas.es\/wp-content\/uploads\/2025\/05\/dacasas-Villa-31-768x468.jpg"},"1536x1536":{"file":"dacasas-Villa-31-1536x937.jpg","width":1536,"height":937,"mime-type":"image\/jpeg","filesize":177949,"url":"https:\/\/dacasas.es\/wp-content\/uploads\/2025\/05\/dacasas-Villa-31-1536x937.jpg"},"trp-custom-language-flag":{"file":"dacasas-Villa-31-18x12.jpg","width":18,"height":12,"mime-type":"image\/jpeg","filesize":4132,"url":"https:\/\/dacasas.es\/wp-content\/uploads\/2025\/05\/dacasas-Villa-31-18x12.jpg"},"post-thumbnail":{"file":"dacasas-Villa-31-150x92.jpg","width":150,"height":92,"mime-type":"image\/jpeg","filesize":8125,"url":"https:\/\/dacasas.es\/wp-content\/uploads\/2025\/05\/dacasas-Villa-31-150x92.jpg"},"modern-property-child-slider":{"file":"dacasas-Villa-31-680x510.jpg","width":680,"height":510,"mime-type":"image\/jpeg","filesize":55163,"url":"https:\/\/dacasas.es\/wp-content\/uploads\/2025\/05\/dacasas-Villa-31-680x510.jpg"},"property-thumb-image":{"file":"dacasas-Villa-31-488x326.jpg","width":488,"height":326,"mime-type":"image\/jpeg","filesize":32162,"url":"https:\/\/dacasas.es\/wp-content\/uploads\/2025\/05\/dacasas-Villa-31-488x326.jpg"},"property-detail-video-image":{"file":"dacasas-Villa-31-818x417.jpg","width":818,"height":417,"mime-type":"image\/jpeg","filesize":59051,"url":"https:\/\/dacasas.es\/wp-content\/uploads\/2025\/05\/dacasas-Villa-31-818x417.jpg"},"agent-image":{"file":"dacasas-Villa-31-210x210.jpg","width":210,"height":210,"mime-type":"image\/jpeg","filesize":13512,"url":"https:\/\/dacasas.es\/wp-content\/uploads\/2025\/05\/dacasas-Villa-31-210x210.jpg"},"partners-logo":{"file":"dacasas-Villa-31-600x976.jpg","width":600,"height":976,"mime-type":"image\/jpeg","filesize":86975,"url":"https:\/\/dacasas.es\/wp-content\/uploads\/2025\/05\/dacasas-Villa-31-600x976.jpg"},"post-featured-image":{"file":"dacasas-Villa-31-1240x720.jpg","width":1240,"height":720,"mime-type":"image\/jpeg","filesize":122311,"url":"https:\/\/dacasas.es\/wp-content\/uploads\/2025\/05\/dacasas-Villa-31-1240x720.jpg"}},"image_meta":{"aperture":"0","credit":"","camera":"","caption":"","created_timestamp":"0","copyright":"","focal_length":"0","iso":"0","shutter_speed":"0","title":"","orientation":"0","keywords":[]},"ID":"73418","name":"dacasas-Villa-31.jpg","path":"\/var\/www\/vhosts\/dacasas.es\/httpdocs\/wp-content\/uploads\/2025\/05\/dacasas-Villa-31.jpg","url":"https:\/\/dacasas.es\/wp-content\/uploads\/2025\/05\/dacasas-Villa-31-150x150.jpg","full_url":"https:\/\/dacasas.es\/wp-content\/uploads\/2025\/05\/dacasas-Villa-31.jpg","title":"dacasas - Villa 31","caption":"","description":"","alt":"","srcset":"https:\/\/dacasas.es\/wp-content\/uploads\/2025\/05\/dacasas-Villa-31-150x150.jpg 150w, https:\/\/dacasas.es\/wp-content\/uploads\/2025\/05\/dacasas-Villa-31-210x210.jpg 210w"},{"width":150,"height":150,"file":"2025\/05\/dacasas-Villa-30.jpg","filesize":84097,"sizes":{"medium":{"file":"dacasas-Villa-30-300x169.jpg","width":300,"height":169,"mime-type":"image\/jpeg","filesize":14193,"url":"https:\/\/dacasas.es\/wp-content\/uploads\/2025\/05\/dacasas-Villa-30-300x169.jpg"},"thumbnail":{"file":"dacasas-Villa-30-150x150.jpg","width":150,"height":150,"mime-type":"image\/jpeg","filesize":8699,"url":"https:\/\/dacasas.es\/wp-content\/uploads\/2025\/05\/dacasas-Villa-30-150x150.jpg"},"trp-custom-language-flag":{"file":"dacasas-Villa-30-18x10.jpg","width":18,"height":10,"mime-type":"image\/jpeg","filesize":4122,"url":"https:\/\/dacasas.es\/wp-content\/uploads\/2025\/05\/dacasas-Villa-30-18x10.jpg"},"post-thumbnail":{"file":"dacasas-Villa-30-150x84.jpg","width":150,"height":84,"mime-type":"image\/jpeg","filesize":7520,"url":"https:\/\/dacasas.es\/wp-content\/uploads\/2025\/05\/dacasas-Villa-30-150x84.jpg"},"property-thumb-image":{"file":"dacasas-Villa-30-488x326.jpg","width":488,"height":326,"mime-type":"image\/jpeg","filesize":27242,"url":"https:\/\/dacasas.es\/wp-content\/uploads\/2025\/05\/dacasas-Villa-30-488x326.jpg"},"agent-image":{"file":"dacasas-Villa-30-210x210.jpg","width":210,"height":210,"mime-type":"image\/jpeg","filesize":11803,"url":"https:\/\/dacasas.es\/wp-content\/uploads\/2025\/05\/dacasas-Villa-30-210x210.jpg"},"partners-logo":{"file":"dacasas-Villa-30-600x360.jpg","width":600,"height":360,"mime-type":"image\/jpeg","filesize":35275,"url":"https:\/\/dacasas.es\/wp-content\/uploads\/2025\/05\/dacasas-Villa-30-600x360.jpg"}},"image_meta":{"aperture":"0","credit":"","camera":"","caption":"","created_timestamp":"0","copyright":"","focal_length":"0","iso":"0","shutter_speed":"0","title":"","orientation":"0","keywords":[]},"ID":"73417","name":"dacasas-Villa-30.jpg","path":"\/var\/www\/vhosts\/dacasas.es\/httpdocs\/wp-content\/uploads\/2025\/05\/dacasas-Villa-30.jpg","url":"https:\/\/dacasas.es\/wp-content\/uploads\/2025\/05\/dacasas-Villa-30-150x150.jpg","full_url":"https:\/\/dacasas.es\/wp-content\/uploads\/2025\/05\/dacasas-Villa-30.jpg","title":"dacasas - Villa 30","caption":"","description":"","alt":"","srcset":"https:\/\/dacasas.es\/wp-content\/uploads\/2025\/05\/dacasas-Villa-30-150x150.jpg 150w, https:\/\/dacasas.es\/wp-content\/uploads\/2025\/05\/dacasas-Villa-30-210x210.jpg 210w"},{"width":150,"height":150,"file":"2025\/05\/dacasas-Villa-15.jpg","filesize":811413,"sizes":{"medium":{"file":"dacasas-Villa-15-300x225.jpg","width":300,"height":225,"mime-type":"image\/jpeg","filesize":16774,"url":"https:\/\/dacasas.es\/wp-content\/uploads\/2025\/05\/dacasas-Villa-15-300x225.jpg"},"large":{"file":"dacasas-Villa-15-1024x768.jpg","width":1024,"height":768,"mime-type":"image\/jpeg","filesize":100118,"url":"https:\/\/dacasas.es\/wp-content\/uploads\/2025\/05\/dacasas-Villa-15-1024x768.jpg"},"thumbnail":{"file":"dacasas-Villa-15-150x150.jpg","width":150,"height":150,"mime-type":"image\/jpeg","filesize":8931,"url":"https:\/\/dacasas.es\/wp-content\/uploads\/2025\/05\/dacasas-Villa-15-150x150.jpg"},"medium_large":{"file":"dacasas-Villa-15-768x576.jpg","width":768,"height":576,"mime-type":"image\/jpeg","filesize":61167,"url":"https:\/\/dacasas.es\/wp-content\/uploads\/2025\/05\/dacasas-Villa-15-768x576.jpg"},"1536x1536":{"file":"dacasas-Villa-15-1536x1152.jpg","width":1536,"height":1152,"mime-type":"image\/jpeg","filesize":216560,"url":"https:\/\/dacasas.es\/wp-content\/uploads\/2025\/05\/dacasas-Villa-15-1536x1152.jpg"},"trp-custom-language-flag":{"file":"dacasas-Villa-15-16x12.jpg","width":16,"height":12,"mime-type":"image\/jpeg","filesize":4079,"url":"https:\/\/dacasas.es\/wp-content\/uploads\/2025\/05\/dacasas-Villa-15-16x12.jpg"},"post-thumbnail":{"file":"dacasas-Villa-15-150x113.jpg","width":150,"height":113,"mime-type":"image\/jpeg","filesize":8437,"url":"https:\/\/dacasas.es\/wp-content\/uploads\/2025\/05\/dacasas-Villa-15-150x113.jpg"},"modern-property-child-slider":{"file":"dacasas-Villa-15-680x510.jpg","width":680,"height":510,"mime-type":"image\/jpeg","filesize":50496,"url":"https:\/\/dacasas.es\/wp-content\/uploads\/2025\/05\/dacasas-Villa-15-680x510.jpg"},"property-thumb-image":{"file":"dacasas-Villa-15-488x326.jpg","width":488,"height":326,"mime-type":"image\/jpeg","filesize":30363,"url":"https:\/\/dacasas.es\/wp-content\/uploads\/2025\/05\/dacasas-Villa-15-488x326.jpg"},"property-detail-video-image":{"file":"dacasas-Villa-15-818x417.jpg","width":818,"height":417,"mime-type":"image\/jpeg","filesize":52425,"url":"https:\/\/dacasas.es\/wp-content\/uploads\/2025\/05\/dacasas-Villa-15-818x417.jpg"},"agent-image":{"file":"dacasas-Villa-15-210x210.jpg","width":210,"height":210,"mime-type":"image\/jpeg","filesize":12785,"url":"https:\/\/dacasas.es\/wp-content\/uploads\/2025\/05\/dacasas-Villa-15-210x210.jpg"},"partners-logo":{"file":"dacasas-Villa-15-600x1500.jpg","width":600,"height":1500,"mime-type":"image\/jpeg","filesize":136588,"url":"https:\/\/dacasas.es\/wp-content\/uploads\/2025\/05\/dacasas-Villa-15-600x1500.jpg"},"post-featured-image":{"file":"dacasas-Villa-15-1240x720.jpg","width":1240,"height":720,"mime-type":"image\/jpeg","filesize":121162,"url":"https:\/\/dacasas.es\/wp-content\/uploads\/2025\/05\/dacasas-Villa-15-1240x720.jpg"}},"image_meta":{"aperture":"0","credit":"","camera":"","caption":"","created_timestamp":"0","copyright":"","focal_length":"0","iso":"0","shutter_speed":"0","title":"","orientation":"0","keywords":[]},"ID":"73403","name":"dacasas-Villa-15.jpg","path":"\/var\/www\/vhosts\/dacasas.es\/httpdocs\/wp-content\/uploads\/2025\/05\/dacasas-Villa-15.jpg","url":"https:\/\/dacasas.es\/wp-content\/uploads\/2025\/05\/dacasas-Villa-15-150x150.jpg","full_url":"https:\/\/dacasas.es\/wp-content\/uploads\/2025\/05\/dacasas-Villa-15.jpg","title":"dacasas - Villa 15","caption":"","description":"","alt":"","srcset":"https:\/\/dacasas.es\/wp-content\/uploads\/2025\/05\/dacasas-Villa-15-150x150.jpg 150w, https:\/\/dacasas.es\/wp-content\/uploads\/2025\/05\/dacasas-Villa-15-210x210.jpg 210w"},{"width":150,"height":150,"file":"2025\/05\/dacasas-Villa-6.jpg","filesize":1364008,"sizes":{"medium":{"file":"dacasas-Villa-6-279x300.jpg","width":279,"height":300,"mime-type":"image\/jpeg","filesize":21069,"url":"https:\/\/dacasas.es\/wp-content\/uploads\/2025\/05\/dacasas-Villa-6-279x300.jpg"},"large":{"file":"dacasas-Villa-6-952x1024.jpg","width":952,"height":1024,"mime-type":"image\/jpeg","filesize":167093,"url":"https:\/\/dacasas.es\/wp-content\/uploads\/2025\/05\/dacasas-Villa-6-952x1024.jpg"},"thumbnail":{"file":"dacasas-Villa-6-150x150.jpg","width":150,"height":150,"mime-type":"image\/jpeg","filesize":9528,"url":"https:\/\/dacasas.es\/wp-content\/uploads\/2025\/05\/dacasas-Villa-6-150x150.jpg"},"medium_large":{"file":"dacasas-Villa-6-768x826.jpg","width":768,"height":826,"mime-type":"image\/jpeg","filesize":113137,"url":"https:\/\/dacasas.es\/wp-content\/uploads\/2025\/05\/dacasas-Villa-6-768x826.jpg"},"1536x1536":{"file":"dacasas-Villa-6-1428x1536.jpg","width":1428,"height":1536,"mime-type":"image\/jpeg","filesize":343850,"url":"https:\/\/dacasas.es\/wp-content\/uploads\/2025\/05\/dacasas-Villa-6-1428x1536.jpg"},"trp-custom-language-flag":{"file":"dacasas-Villa-6-11x12.jpg","width":11,"height":12,"mime-type":"image\/jpeg","filesize":4048,"url":"https:\/\/dacasas.es\/wp-content\/uploads\/2025\/05\/dacasas-Villa-6-11x12.jpg"},"post-thumbnail":{"file":"dacasas-Villa-6-139x150.jpg","width":139,"height":150,"mime-type":"image\/jpeg","filesize":9305,"url":"https:\/\/dacasas.es\/wp-content\/uploads\/2025\/05\/dacasas-Villa-6-139x150.jpg"},"modern-property-child-slider":{"file":"dacasas-Villa-6-680x510.jpg","width":680,"height":510,"mime-type":"image\/jpeg","filesize":62812,"url":"https:\/\/dacasas.es\/wp-content\/uploads\/2025\/05\/dacasas-Villa-6-680x510.jpg"},"property-thumb-image":{"file":"dacasas-Villa-6-488x326.jpg","width":488,"height":326,"mime-type":"image\/jpeg","filesize":32663,"url":"https:\/\/dacasas.es\/wp-content\/uploads\/2025\/05\/dacasas-Villa-6-488x326.jpg"},"property-detail-video-image":{"file":"dacasas-Villa-6-818x417.jpg","width":818,"height":417,"mime-type":"image\/jpeg","filesize":60027,"url":"https:\/\/dacasas.es\/wp-content\/uploads\/2025\/05\/dacasas-Villa-6-818x417.jpg"},"agent-image":{"file":"dacasas-Villa-6-210x210.jpg","width":210,"height":210,"mime-type":"image\/jpeg","filesize":14023,"url":"https:\/\/dacasas.es\/wp-content\/uploads\/2025\/05\/dacasas-Villa-6-210x210.jpg"},"partners-logo":{"file":"dacasas-Villa-6-600x1614.jpg","width":600,"height":1614,"mime-type":"image\/jpeg","filesize":164866,"url":"https:\/\/dacasas.es\/wp-content\/uploads\/2025\/05\/dacasas-Villa-6-600x1614.jpg"},"post-featured-image":{"file":"dacasas-Villa-6-1240x720.jpg","width":1240,"height":720,"mime-type":"image\/jpeg","filesize":134811,"url":"https:\/\/dacasas.es\/wp-content\/uploads\/2025\/05\/dacasas-Villa-6-1240x720.jpg"}},"image_meta":{"aperture":"0","credit":"","camera":"","caption":"","created_timestamp":"0","copyright":"","focal_length":"0","iso":"0","shutter_speed":"0","title":"","orientation":"0","keywords":[]},"ID":"73395","name":"dacasas-Villa-6.jpg","path":"\/var\/www\/vhosts\/dacasas.es\/httpdocs\/wp-content\/uploads\/2025\/05\/dacasas-Villa-6.jpg","url":"https:\/\/dacasas.es\/wp-content\/uploads\/2025\/05\/dacasas-Villa-6-150x150.jpg","full_url":"https:\/\/dacasas.es\/wp-content\/uploads\/2025\/05\/dacasas-Villa-6.jpg","title":"dacasas - Villa 6","caption":"","description":"","alt":"","srcset":"https:\/\/dacasas.es\/wp-content\/uploads\/2025\/05\/dacasas-Villa-6-150x150.jpg 150w, https:\/\/dacasas.es\/wp-content\/uploads\/2025\/05\/dacasas-Villa-6-11x12.jpg 11w, https:\/\/dacasas.es\/wp-content\/uploads\/2025\/05\/dacasas-Villa-6-210x210.jpg 210w"},{"width":150,"height":150,"file":"2025\/05\/dacasas-Villa-35.jpg","filesize":475555,"sizes":{"medium":{"file":"dacasas-Villa-35-225x300.jpg","width":225,"height":300,"mime-type":"image\/jpeg","filesize":13876,"url":"https:\/\/dacasas.es\/wp-content\/uploads\/2025\/05\/dacasas-Villa-35-225x300.jpg"},"large":{"file":"dacasas-Villa-35-768x1024.jpg","width":768,"height":1024,"mime-type":"image\/jpeg","filesize":89647,"url":"https:\/\/dacasas.es\/wp-content\/uploads\/2025\/05\/dacasas-Villa-35-768x1024.jpg"},"thumbnail":{"file":"dacasas-Villa-35-150x150.jpg","width":150,"height":150,"mime-type":"image\/jpeg","filesize":7750,"url":"https:\/\/dacasas.es\/wp-content\/uploads\/2025\/05\/dacasas-Villa-35-150x150.jpg"},"medium_large":{"file":"dacasas-Villa-35-768x1024.jpg","width":768,"height":1024,"mime-type":"image\/jpeg","filesize":89647,"url":"https:\/\/dacasas.es\/wp-content\/uploads\/2025\/05\/dacasas-Villa-35-768x1024.jpg"},"1536x1536":{"file":"dacasas-Villa-35-1152x1536.jpg","width":1152,"height":1536,"mime-type":"image\/jpeg","filesize":187711,"url":"https:\/\/dacasas.es\/wp-content\/uploads\/2025\/05\/dacasas-Villa-35-1152x1536.jpg"},"trp-custom-language-flag":{"file":"dacasas-Villa-35-9x12.jpg","width":9,"height":12,"mime-type":"image\/jpeg","filesize":4024,"url":"https:\/\/dacasas.es\/wp-content\/uploads\/2025\/05\/dacasas-Villa-35-9x12.jpg"},"post-thumbnail":{"file":"dacasas-Villa-35-113x150.jpg","width":113,"height":150,"mime-type":"image\/jpeg","filesize":7227,"url":"https:\/\/dacasas.es\/wp-content\/uploads\/2025\/05\/dacasas-Villa-35-113x150.jpg"},"modern-property-child-slider":{"file":"dacasas-Villa-35-680x510.jpg","width":680,"height":510,"mime-type":"image\/jpeg","filesize":40303,"url":"https:\/\/dacasas.es\/wp-content\/uploads\/2025\/05\/dacasas-Villa-35-680x510.jpg"},"property-thumb-image":{"file":"dacasas-Villa-35-488x326.jpg","width":488,"height":326,"mime-type":"image\/jpeg","filesize":21613,"url":"https:\/\/dacasas.es\/wp-content\/uploads\/2025\/05\/dacasas-Villa-35-488x326.jpg"},"property-detail-video-image":{"file":"dacasas-Villa-35-818x417.jpg","width":818,"height":417,"mime-type":"image\/jpeg","filesize":38756,"url":"https:\/\/dacasas.es\/wp-content\/uploads\/2025\/05\/dacasas-Villa-35-818x417.jpg"},"agent-image":{"file":"dacasas-Villa-35-210x210.jpg","width":210,"height":210,"mime-type":"image\/jpeg","filesize":10472,"url":"https:\/\/dacasas.es\/wp-content\/uploads\/2025\/05\/dacasas-Villa-35-210x210.jpg"},"partners-logo":{"file":"dacasas-Villa-35-600x1600.jpg","width":600,"height":1600,"mime-type":"image\/jpeg","filesize":148038,"url":"https:\/\/dacasas.es\/wp-content\/uploads\/2025\/05\/dacasas-Villa-35-600x1600.jpg"},"post-featured-image":{"file":"dacasas-Villa-35-1200x720.jpg","width":1200,"height":720,"mime-type":"image\/jpeg","filesize":78174,"url":"https:\/\/dacasas.es\/wp-content\/uploads\/2025\/05\/dacasas-Villa-35-1200x720.jpg"}},"image_meta":{"aperture":"0","credit":"","camera":"","caption":"","created_timestamp":"0","copyright":"","focal_length":"0","iso":"0","shutter_speed":"0","title":"","orientation":"0","keywords":[]},"ID":"73421","name":"dacasas-Villa-35.jpg","path":"\/var\/www\/vhosts\/dacasas.es\/httpdocs\/wp-content\/uploads\/2025\/05\/dacasas-Villa-35.jpg","url":"https:\/\/dacasas.es\/wp-content\/uploads\/2025\/05\/dacasas-Villa-35-150x150.jpg","full_url":"https:\/\/dacasas.es\/wp-content\/uploads\/2025\/05\/dacasas-Villa-35.jpg","title":"dacasas - Villa 35","caption":"","description":"","alt":"","srcset":"https:\/\/dacasas.es\/wp-content\/uploads\/2025\/05\/dacasas-Villa-35-150x150.jpg 150w, https:\/\/dacasas.es\/wp-content\/uploads\/2025\/05\/dacasas-Villa-35-210x210.jpg 210w"},{"width":150,"height":150,"file":"2025\/05\/dacasas-Villa-18.jpg","filesize":353945,"sizes":{"medium":{"file":"dacasas-Villa-18-300x200.jpg","width":300,"height":200,"mime-type":"image\/jpeg","filesize":13325,"url":"https:\/\/dacasas.es\/wp-content\/uploads\/2025\/05\/dacasas-Villa-18-300x200.jpg"},"large":{"file":"dacasas-Villa-18-1024x682.jpg","width":1024,"height":682,"mime-type":"image\/jpeg","filesize":70026,"url":"https:\/\/dacasas.es\/wp-content\/uploads\/2025\/05\/dacasas-Villa-18-1024x682.jpg"},"thumbnail":{"file":"dacasas-Villa-18-150x150.jpg","width":150,"height":150,"mime-type":"image\/jpeg","filesize":8538,"url":"https:\/\/dacasas.es\/wp-content\/uploads\/2025\/05\/dacasas-Villa-18-150x150.jpg"},"medium_large":{"file":"dacasas-Villa-18-768x512.jpg","width":768,"height":512,"mime-type":"image\/jpeg","filesize":45011,"url":"https:\/\/dacasas.es\/wp-content\/uploads\/2025\/05\/dacasas-Villa-18-768x512.jpg"},"1536x1536":{"file":"dacasas-Villa-18-1536x1023.jpg","width":1536,"height":1023,"mime-type":"image\/jpeg","filesize":130479,"url":"https:\/\/dacasas.es\/wp-content\/uploads\/2025\/05\/dacasas-Villa-18-1536x1023.jpg"},"trp-custom-language-flag":{"file":"dacasas-Villa-18-18x12.jpg","width":18,"height":12,"mime-type":"image\/jpeg","filesize":4092,"url":"https:\/\/dacasas.es\/wp-content\/uploads\/2025\/05\/dacasas-Villa-18-18x12.jpg"},"post-thumbnail":{"file":"dacasas-Villa-18-150x100.jpg","width":150,"height":100,"mime-type":"image\/jpeg","filesize":7322,"url":"https:\/\/dacasas.es\/wp-content\/uploads\/2025\/05\/dacasas-Villa-18-150x100.jpg"},"modern-property-child-slider":{"file":"dacasas-Villa-18-680x510.jpg","width":680,"height":510,"mime-type":"image\/jpeg","filesize":42033,"url":"https:\/\/dacasas.es\/wp-content\/uploads\/2025\/05\/dacasas-Villa-18-680x510.jpg"},"property-thumb-image":{"file":"dacasas-Villa-18-488x326.jpg","width":488,"height":326,"mime-type":"image\/jpeg","filesize":24080,"url":"https:\/\/dacasas.es\/wp-content\/uploads\/2025\/05\/dacasas-Villa-18-488x326.jpg"},"property-detail-video-image":{"file":"dacasas-Villa-18-818x417.jpg","width":818,"height":417,"mime-type":"image\/jpeg","filesize":42618,"url":"https:\/\/dacasas.es\/wp-content\/uploads\/2025\/05\/dacasas-Villa-18-818x417.jpg"},"agent-image":{"file":"dacasas-Villa-18-210x210.jpg","width":210,"height":210,"mime-type":"image\/jpeg","filesize":11498,"url":"https:\/\/dacasas.es\/wp-content\/uploads\/2025\/05\/dacasas-Villa-18-210x210.jpg"},"partners-logo":{"file":"dacasas-Villa-18-600x1066.jpg","width":600,"height":1066,"mime-type":"image\/jpeg","filesize":72871,"url":"https:\/\/dacasas.es\/wp-content\/uploads\/2025\/05\/dacasas-Villa-18-600x1066.jpg"},"post-featured-image":{"file":"dacasas-Villa-18-1240x720.jpg","width":1240,"height":720,"mime-type":"image\/jpeg","filesize":86191,"url":"https:\/\/dacasas.es\/wp-content\/uploads\/2025\/05\/dacasas-Villa-18-1240x720.jpg"}},"image_meta":{"aperture":"0","credit":"","camera":"","caption":"","created_timestamp":"0","copyright":"","focal_length":"0","iso":"0","shutter_speed":"0","title":"","orientation":"0","keywords":[]},"ID":"73406","name":"dacasas-Villa-18.jpg","path":"\/var\/www\/vhosts\/dacasas.es\/httpdocs\/wp-content\/uploads\/2025\/05\/dacasas-Villa-18.jpg","url":"https:\/\/dacasas.es\/wp-content\/uploads\/2025\/05\/dacasas-Villa-18-150x150.jpg","full_url":"https:\/\/dacasas.es\/wp-content\/uploads\/2025\/05\/dacasas-Villa-18.jpg","title":"dacasas - Villa 18","caption":"","description":"","alt":"","srcset":"https:\/\/dacasas.es\/wp-content\/uploads\/2025\/05\/dacasas-Villa-18-150x150.jpg 150w, https:\/\/dacasas.es\/wp-content\/uploads\/2025\/05\/dacasas-Villa-18-210x210.jpg 210w"},{"width":150,"height":150,"file":"2025\/05\/dacasas-Beniarbeig-12-scaled.jpg","filesize":286572,"sizes":{"medium":{"file":"dacasas-Beniarbeig-12-225x300.jpg","width":225,"height":300,"mime-type":"image\/jpeg","filesize":13008,"url":"https:\/\/dacasas.es\/wp-content\/uploads\/2025\/05\/dacasas-Beniarbeig-12-225x300.jpg"},"large":{"file":"dacasas-Beniarbeig-12-768x1024.jpg","width":768,"height":1024,"mime-type":"image\/jpeg","filesize":58555,"url":"https:\/\/dacasas.es\/wp-content\/uploads\/2025\/05\/dacasas-Beniarbeig-12-768x1024.jpg"},"thumbnail":{"file":"dacasas-Beniarbeig-12-150x150.jpg","width":150,"height":150,"mime-type":"image\/jpeg","filesize":8341,"url":"https:\/\/dacasas.es\/wp-content\/uploads\/2025\/05\/dacasas-Beniarbeig-12-150x150.jpg"},"medium_large":{"file":"dacasas-Beniarbeig-12-768x1024.jpg","width":768,"height":1024,"mime-type":"image\/jpeg","filesize":58555,"url":"https:\/\/dacasas.es\/wp-content\/uploads\/2025\/05\/dacasas-Beniarbeig-12-768x1024.jpg"},"1536x1536":{"file":"dacasas-Beniarbeig-12-1152x1536.jpg","width":1152,"height":1536,"mime-type":"image\/jpeg","filesize":112917,"url":"https:\/\/dacasas.es\/wp-content\/uploads\/2025\/05\/dacasas-Beniarbeig-12-1152x1536.jpg"},"2048x2048":{"file":"dacasas-Beniarbeig-12-1536x2048.jpg","width":1536,"height":2048,"mime-type":"image\/jpeg","filesize":188137,"url":"https:\/\/dacasas.es\/wp-content\/uploads\/2025\/05\/dacasas-Beniarbeig-12-1536x2048.jpg"},"trp-custom-language-flag":{"file":"dacasas-Beniarbeig-12-9x12.jpg","width":9,"height":12,"mime-type":"image\/jpeg","filesize":5220,"url":"https:\/\/dacasas.es\/wp-content\/uploads\/2025\/05\/dacasas-Beniarbeig-12-9x12.jpg"},"post-thumbnail":{"file":"dacasas-Beniarbeig-12-112x150.jpg","width":112,"height":150,"mime-type":"image\/jpeg","filesize":7849,"url":"https:\/\/dacasas.es\/wp-content\/uploads\/2025\/05\/dacasas-Beniarbeig-12-112x150.jpg"},"modern-property-child-slider":{"file":"dacasas-Beniarbeig-12-680x510.jpg","width":680,"height":510,"mime-type":"image\/jpeg","filesize":29506,"url":"https:\/\/dacasas.es\/wp-content\/uploads\/2025\/05\/dacasas-Beniarbeig-12-680x510.jpg"},"property-thumb-image":{"file":"dacasas-Beniarbeig-12-488x326.jpg","width":488,"height":326,"mime-type":"image\/jpeg","filesize":18563,"url":"https:\/\/dacasas.es\/wp-content\/uploads\/2025\/05\/dacasas-Beniarbeig-12-488x326.jpg"},"property-detail-video-image":{"file":"dacasas-Beniarbeig-12-818x417.jpg","width":818,"height":417,"mime-type":"image\/jpeg","filesize":28660,"url":"https:\/\/dacasas.es\/wp-content\/uploads\/2025\/05\/dacasas-Beniarbeig-12-818x417.jpg"},"agent-image":{"file":"dacasas-Beniarbeig-12-210x210.jpg","width":210,"height":210,"mime-type":"image\/jpeg","filesize":10574,"url":"https:\/\/dacasas.es\/wp-content\/uploads\/2025\/05\/dacasas-Beniarbeig-12-210x210.jpg"},"partners-logo":{"file":"dacasas-Beniarbeig-12-600x2667.jpg","width":600,"height":2667,"mime-type":"image\/jpeg","filesize":147022,"url":"https:\/\/dacasas.es\/wp-content\/uploads\/2025\/05\/dacasas-Beniarbeig-12-600x2667.jpg"},"post-featured-image":{"file":"dacasas-Beniarbeig-12-1240x720.jpg","width":1240,"height":720,"mime-type":"image\/jpeg","filesize":59741,"url":"https:\/\/dacasas.es\/wp-content\/uploads\/2025\/05\/dacasas-Beniarbeig-12-1240x720.jpg"}},"image_meta":{"aperture":"2.2","credit":"","camera":"SM-G975F","caption":"","created_timestamp":"0","copyright":"","focal_length":"1.8","iso":"100","shutter_speed":"0.02","title":"","orientation":"1","keywords":[]},"original_image":"dacasas-Beniarbeig-12.jpg","ID":"73593","name":"dacasas-Beniarbeig-12-scaled.jpg","path":"\/var\/www\/vhosts\/dacasas.es\/httpdocs\/wp-content\/uploads\/2025\/05\/dacasas-Beniarbeig-12-scaled.jpg","url":"https:\/\/dacasas.es\/wp-content\/uploads\/2025\/05\/dacasas-Beniarbeig-12-150x150.jpg","full_url":"https:\/\/dacasas.es\/wp-content\/uploads\/2025\/05\/dacasas-Beniarbeig-12-scaled.jpg","title":"dacasas - Beniarbeig 12","caption":"","description":"","alt":"","srcset":"https:\/\/dacasas.es\/wp-content\/uploads\/2025\/05\/dacasas-Beniarbeig-12-150x150.jpg 150w, https:\/\/dacasas.es\/wp-content\/uploads\/2025\/05\/dacasas-Beniarbeig-12-210x210.jpg 210w"},{"width":150,"height":150,"file":"2025\/05\/dacasas-Beniarbeig-14.jpg","filesize":2493188,"sizes":{"medium":{"file":"dacasas-Beniarbeig-14-300x225.jpg","width":300,"height":225,"mime-type":"image\/jpeg","filesize":17048,"url":"https:\/\/dacasas.es\/wp-content\/uploads\/2025\/05\/dacasas-Beniarbeig-14-300x225.jpg"},"large":{"file":"dacasas-Beniarbeig-14-1024x768.jpg","width":1024,"height":768,"mime-type":"image\/jpeg","filesize":102588,"url":"https:\/\/dacasas.es\/wp-content\/uploads\/2025\/05\/dacasas-Beniarbeig-14-1024x768.jpg"},"thumbnail":{"file":"dacasas-Beniarbeig-14-150x150.jpg","width":150,"height":150,"mime-type":"image\/jpeg","filesize":10462,"url":"https:\/\/dacasas.es\/wp-content\/uploads\/2025\/05\/dacasas-Beniarbeig-14-150x150.jpg"},"medium_large":{"file":"dacasas-Beniarbeig-14-768x576.jpg","width":768,"height":576,"mime-type":"image\/jpeg","filesize":61945,"url":"https:\/\/dacasas.es\/wp-content\/uploads\/2025\/05\/dacasas-Beniarbeig-14-768x576.jpg"},"1536x1536":{"file":"dacasas-Beniarbeig-14-1536x1152.jpg","width":1536,"height":1152,"mime-type":"image\/jpeg","filesize":220552,"url":"https:\/\/dacasas.es\/wp-content\/uploads\/2025\/05\/dacasas-Beniarbeig-14-1536x1152.jpg"},"trp-custom-language-flag":{"file":"dacasas-Beniarbeig-14-16x12.jpg","width":16,"height":12,"mime-type":"image\/jpeg","filesize":5288,"url":"https:\/\/dacasas.es\/wp-content\/uploads\/2025\/05\/dacasas-Beniarbeig-14-16x12.jpg"},"post-thumbnail":{"file":"dacasas-Beniarbeig-14-150x113.jpg","width":150,"height":113,"mime-type":"image\/jpeg","filesize":9263,"url":"https:\/\/dacasas.es\/wp-content\/uploads\/2025\/05\/dacasas-Beniarbeig-14-150x113.jpg"},"modern-property-child-slider":{"file":"dacasas-Beniarbeig-14-680x510.jpg","width":680,"height":510,"mime-type":"image\/jpeg","filesize":50969,"url":"https:\/\/dacasas.es\/wp-content\/uploads\/2025\/05\/dacasas-Beniarbeig-14-680x510.jpg"},"property-thumb-image":{"file":"dacasas-Beniarbeig-14-488x326.jpg","width":488,"height":326,"mime-type":"image\/jpeg","filesize":29285,"url":"https:\/\/dacasas.es\/wp-content\/uploads\/2025\/05\/dacasas-Beniarbeig-14-488x326.jpg"},"property-detail-video-image":{"file":"dacasas-Beniarbeig-14-818x417.jpg","width":818,"height":417,"mime-type":"image\/jpeg","filesize":52397,"url":"https:\/\/dacasas.es\/wp-content\/uploads\/2025\/05\/dacasas-Beniarbeig-14-818x417.jpg"},"agent-image":{"file":"dacasas-Beniarbeig-14-210x210.jpg","width":210,"height":210,"mime-type":"image\/jpeg","filesize":14149,"url":"https:\/\/dacasas.es\/wp-content\/uploads\/2025\/05\/dacasas-Beniarbeig-14-210x210.jpg"},"partners-logo":{"file":"dacasas-Beniarbeig-14-600x1500.jpg","width":600,"height":1500,"mime-type":"image\/jpeg","filesize":115700,"url":"https:\/\/dacasas.es\/wp-content\/uploads\/2025\/05\/dacasas-Beniarbeig-14-600x1500.jpg"},"post-featured-image":{"file":"dacasas-Beniarbeig-14-1240x720.jpg","width":1240,"height":720,"mime-type":"image\/jpeg","filesize":117171,"url":"https:\/\/dacasas.es\/wp-content\/uploads\/2025\/05\/dacasas-Beniarbeig-14-1240x720.jpg"}},"image_meta":{"aperture":"2.2","credit":"","camera":"SM-G975F","caption":"","created_timestamp":"0","copyright":"","focal_length":"1.8","iso":"50","shutter_speed":"0.0033783783783784","title":"","orientation":"1","keywords":[]},"ID":"73595","name":"dacasas-Beniarbeig-14.jpg","path":"\/var\/www\/vhosts\/dacasas.es\/httpdocs\/wp-content\/uploads\/2025\/05\/dacasas-Beniarbeig-14.jpg","url":"https:\/\/dacasas.es\/wp-content\/uploads\/2025\/05\/dacasas-Beniarbeig-14-150x150.jpg","full_url":"https:\/\/dacasas.es\/wp-content\/uploads\/2025\/05\/dacasas-Beniarbeig-14.jpg","title":"dacasas - Beniarbeig 14","caption":"","description":"","alt":"","srcset":"https:\/\/dacasas.es\/wp-content\/uploads\/2025\/05\/dacasas-Beniarbeig-14-150x150.jpg 150w, https:\/\/dacasas.es\/wp-content\/uploads\/2025\/05\/dacasas-Beniarbeig-14-210x210.jpg 210w"},{"width":150,"height":150,"file":"2025\/05\/dacasas-Beniarbeig-11.jpg","filesize":2726859,"sizes":{"medium":{"file":"dacasas-Beniarbeig-11-300x225.jpg","width":300,"height":225,"mime-type":"image\/jpeg","filesize":17008,"url":"https:\/\/dacasas.es\/wp-content\/uploads\/2025\/05\/dacasas-Beniarbeig-11-300x225.jpg"},"large":{"file":"dacasas-Beniarbeig-11-1024x768.jpg","width":1024,"height":768,"mime-type":"image\/jpeg","filesize":100263,"url":"https:\/\/dacasas.es\/wp-content\/uploads\/2025\/05\/dacasas-Beniarbeig-11-1024x768.jpg"},"thumbnail":{"file":"dacasas-Beniarbeig-11-150x150.jpg","width":150,"height":150,"mime-type":"image\/jpeg","filesize":10536,"url":"https:\/\/dacasas.es\/wp-content\/uploads\/2025\/05\/dacasas-Beniarbeig-11-150x150.jpg"},"medium_large":{"file":"dacasas-Beniarbeig-11-768x576.jpg","width":768,"height":576,"mime-type":"image\/jpeg","filesize":60961,"url":"https:\/\/dacasas.es\/wp-content\/uploads\/2025\/05\/dacasas-Beniarbeig-11-768x576.jpg"},"1536x1536":{"file":"dacasas-Beniarbeig-11-1536x1152.jpg","width":1536,"height":1152,"mime-type":"image\/jpeg","filesize":214037,"url":"https:\/\/dacasas.es\/wp-content\/uploads\/2025\/05\/dacasas-Beniarbeig-11-1536x1152.jpg"},"trp-custom-language-flag":{"file":"dacasas-Beniarbeig-11-16x12.jpg","width":16,"height":12,"mime-type":"image\/jpeg","filesize":5282,"url":"https:\/\/dacasas.es\/wp-content\/uploads\/2025\/05\/dacasas-Beniarbeig-11-16x12.jpg"},"post-thumbnail":{"file":"dacasas-Beniarbeig-11-150x113.jpg","width":150,"height":113,"mime-type":"image\/jpeg","filesize":9222,"url":"https:\/\/dacasas.es\/wp-content\/uploads\/2025\/05\/dacasas-Beniarbeig-11-150x113.jpg"},"modern-property-child-slider":{"file":"dacasas-Beniarbeig-11-680x510.jpg","width":680,"height":510,"mime-type":"image\/jpeg","filesize":50256,"url":"https:\/\/dacasas.es\/wp-content\/uploads\/2025\/05\/dacasas-Beniarbeig-11-680x510.jpg"},"property-thumb-image":{"file":"dacasas-Beniarbeig-11-488x326.jpg","width":488,"height":326,"mime-type":"image\/jpeg","filesize":29003,"url":"https:\/\/dacasas.es\/wp-content\/uploads\/2025\/05\/dacasas-Beniarbeig-11-488x326.jpg"},"property-detail-video-image":{"file":"dacasas-Beniarbeig-11-818x417.jpg","width":818,"height":417,"mime-type":"image\/jpeg","filesize":52960,"url":"https:\/\/dacasas.es\/wp-content\/uploads\/2025\/05\/dacasas-Beniarbeig-11-818x417.jpg"},"agent-image":{"file":"dacasas-Beniarbeig-11-210x210.jpg","width":210,"height":210,"mime-type":"image\/jpeg","filesize":14193,"url":"https:\/\/dacasas.es\/wp-content\/uploads\/2025\/05\/dacasas-Beniarbeig-11-210x210.jpg"},"partners-logo":{"file":"dacasas-Beniarbeig-11-600x1500.jpg","width":600,"height":1500,"mime-type":"image\/jpeg","filesize":112705,"url":"https:\/\/dacasas.es\/wp-content\/uploads\/2025\/05\/dacasas-Beniarbeig-11-600x1500.jpg"},"post-featured-image":{"file":"dacasas-Beniarbeig-11-1240x720.jpg","width":1240,"height":720,"mime-type":"image\/jpeg","filesize":115922,"url":"https:\/\/dacasas.es\/wp-content\/uploads\/2025\/05\/dacasas-Beniarbeig-11-1240x720.jpg"}},"image_meta":{"aperture":"2.2","credit":"","camera":"SM-G975F","caption":"","created_timestamp":"0","copyright":"","focal_length":"1.8","iso":"50","shutter_speed":"0.0032154340836013","title":"","orientation":"1","keywords":[]},"ID":"73592","name":"dacasas-Beniarbeig-11.jpg","path":"\/var\/www\/vhosts\/dacasas.es\/httpdocs\/wp-content\/uploads\/2025\/05\/dacasas-Beniarbeig-11.jpg","url":"https:\/\/dacasas.es\/wp-content\/uploads\/2025\/05\/dacasas-Beniarbeig-11-150x150.jpg","full_url":"https:\/\/dacasas.es\/wp-content\/uploads\/2025\/05\/dacasas-Beniarbeig-11.jpg","title":"dacasas - Beniarbeig 11","caption":"","description":"","alt":"","srcset":"https:\/\/dacasas.es\/wp-content\/uploads\/2025\/05\/dacasas-Beniarbeig-11-150x150.jpg 150w, https:\/\/dacasas.es\/wp-content\/uploads\/2025\/05\/dacasas-Beniarbeig-11-210x210.jpg 210w"},{"width":150,"height":150,"file":"2025\/05\/dacasas-Beniarbeig-8.jpg","filesize":2838276,"sizes":{"medium":{"file":"dacasas-Beniarbeig-8-300x225.jpg","width":300,"height":225,"mime-type":"image\/jpeg","filesize":19901,"url":"https:\/\/dacasas.es\/wp-content\/uploads\/2025\/05\/dacasas-Beniarbeig-8-300x225.jpg"},"large":{"file":"dacasas-Beniarbeig-8-1024x768.jpg","width":1024,"height":768,"mime-type":"image\/jpeg","filesize":119616,"url":"https:\/\/dacasas.es\/wp-content\/uploads\/2025\/05\/dacasas-Beniarbeig-8-1024x768.jpg"},"thumbnail":{"file":"dacasas-Beniarbeig-8-150x150.jpg","width":150,"height":150,"mime-type":"image\/jpeg","filesize":11104,"url":"https:\/\/dacasas.es\/wp-content\/uploads\/2025\/05\/dacasas-Beniarbeig-8-150x150.jpg"},"medium_large":{"file":"dacasas-Beniarbeig-8-768x576.jpg","width":768,"height":576,"mime-type":"image\/jpeg","filesize":73888,"url":"https:\/\/dacasas.es\/wp-content\/uploads\/2025\/05\/dacasas-Beniarbeig-8-768x576.jpg"},"1536x1536":{"file":"dacasas-Beniarbeig-8-1536x1152.jpg","width":1536,"height":1152,"mime-type":"image\/jpeg","filesize":244155,"url":"https:\/\/dacasas.es\/wp-content\/uploads\/2025\/05\/dacasas-Beniarbeig-8-1536x1152.jpg"},"trp-custom-language-flag":{"file":"dacasas-Beniarbeig-8-16x12.jpg","width":16,"height":12,"mime-type":"image\/jpeg","filesize":5294,"url":"https:\/\/dacasas.es\/wp-content\/uploads\/2025\/05\/dacasas-Beniarbeig-8-16x12.jpg"},"post-thumbnail":{"file":"dacasas-Beniarbeig-8-150x113.jpg","width":150,"height":113,"mime-type":"image\/jpeg","filesize":10101,"url":"https:\/\/dacasas.es\/wp-content\/uploads\/2025\/05\/dacasas-Beniarbeig-8-150x113.jpg"},"modern-property-child-slider":{"file":"dacasas-Beniarbeig-8-680x510.jpg","width":680,"height":510,"mime-type":"image\/jpeg","filesize":61101,"url":"https:\/\/dacasas.es\/wp-content\/uploads\/2025\/05\/dacasas-Beniarbeig-8-680x510.jpg"},"property-thumb-image":{"file":"dacasas-Beniarbeig-8-488x326.jpg","width":488,"height":326,"mime-type":"image\/jpeg","filesize":34329,"url":"https:\/\/dacasas.es\/wp-content\/uploads\/2025\/05\/dacasas-Beniarbeig-8-488x326.jpg"},"property-detail-video-image":{"file":"dacasas-Beniarbeig-8-818x417.jpg","width":818,"height":417,"mime-type":"image\/jpeg","filesize":59570,"url":"https:\/\/dacasas.es\/wp-content\/uploads\/2025\/05\/dacasas-Beniarbeig-8-818x417.jpg"},"agent-image":{"file":"dacasas-Beniarbeig-8-210x210.jpg","width":210,"height":210,"mime-type":"image\/jpeg","filesize":15512,"url":"https:\/\/dacasas.es\/wp-content\/uploads\/2025\/05\/dacasas-Beniarbeig-8-210x210.jpg"},"partners-logo":{"file":"dacasas-Beniarbeig-8-600x1500.jpg","width":600,"height":1500,"mime-type":"image\/jpeg","filesize":119640,"url":"https:\/\/dacasas.es\/wp-content\/uploads\/2025\/05\/dacasas-Beniarbeig-8-600x1500.jpg"},"post-featured-image":{"file":"dacasas-Beniarbeig-8-1240x720.jpg","width":1240,"height":720,"mime-type":"image\/jpeg","filesize":132332,"url":"https:\/\/dacasas.es\/wp-content\/uploads\/2025\/05\/dacasas-Beniarbeig-8-1240x720.jpg"}},"image_meta":{"aperture":"2.2","credit":"","camera":"SM-G975F","caption":"","created_timestamp":"0","copyright":"","focal_length":"1.8","iso":"50","shutter_speed":"0.002906976744186","title":"","orientation":"1","keywords":[]},"ID":"73590","name":"dacasas-Beniarbeig-8.jpg","path":"\/var\/www\/vhosts\/dacasas.es\/httpdocs\/wp-content\/uploads\/2025\/05\/dacasas-Beniarbeig-8.jpg","url":"https:\/\/dacasas.es\/wp-content\/uploads\/2025\/05\/dacasas-Beniarbeig-8-150x150.jpg","full_url":"https:\/\/dacasas.es\/wp-content\/uploads\/2025\/05\/dacasas-Beniarbeig-8.jpg","title":"dacasas - Beniarbeig 8","caption":"","description":"","alt":"","srcset":"https:\/\/dacasas.es\/wp-content\/uploads\/2025\/05\/dacasas-Beniarbeig-8-150x150.jpg 150w, https:\/\/dacasas.es\/wp-content\/uploads\/2025\/05\/dacasas-Beniarbeig-8-210x210.jpg 210w"},{"width":150,"height":150,"file":"2025\/05\/dacasas-Beniarbeig-7-scaled.jpg","filesize":301852,"sizes":{"medium":{"file":"dacasas-Beniarbeig-7-225x300.jpg","width":225,"height":300,"mime-type":"image\/jpeg","filesize":15241,"url":"https:\/\/dacasas.es\/wp-content\/uploads\/2025\/05\/dacasas-Beniarbeig-7-225x300.jpg"},"large":{"file":"dacasas-Beniarbeig-7-768x1024.jpg","width":768,"height":1024,"mime-type":"image\/jpeg","filesize":71203,"url":"https:\/\/dacasas.es\/wp-content\/uploads\/2025\/05\/dacasas-Beniarbeig-7-768x1024.jpg"},"thumbnail":{"file":"dacasas-Beniarbeig-7-150x150.jpg","width":150,"height":150,"mime-type":"image\/jpeg","filesize":9506,"url":"https:\/\/dacasas.es\/wp-content\/uploads\/2025\/05\/dacasas-Beniarbeig-7-150x150.jpg"},"medium_large":{"file":"dacasas-Beniarbeig-7-768x1024.jpg","width":768,"height":1024,"mime-type":"image\/jpeg","filesize":71203,"url":"https:\/\/dacasas.es\/wp-content\/uploads\/2025\/05\/dacasas-Beniarbeig-7-768x1024.jpg"},"1536x1536":{"file":"dacasas-Beniarbeig-7-1152x1536.jpg","width":1152,"height":1536,"mime-type":"image\/jpeg","filesize":129549,"url":"https:\/\/dacasas.es\/wp-content\/uploads\/2025\/05\/dacasas-Beniarbeig-7-1152x1536.jpg"},"2048x2048":{"file":"dacasas-Beniarbeig-7-1536x2048.jpg","width":1536,"height":2048,"mime-type":"image\/jpeg","filesize":204080,"url":"https:\/\/dacasas.es\/wp-content\/uploads\/2025\/05\/dacasas-Beniarbeig-7-1536x2048.jpg"},"trp-custom-language-flag":{"file":"dacasas-Beniarbeig-7-9x12.jpg","width":9,"height":12,"mime-type":"image\/jpeg","filesize":5236,"url":"https:\/\/dacasas.es\/wp-content\/uploads\/2025\/05\/dacasas-Beniarbeig-7-9x12.jpg"},"post-thumbnail":{"file":"dacasas-Beniarbeig-7-112x150.jpg","width":112,"height":150,"mime-type":"image\/jpeg","filesize":8582,"url":"https:\/\/dacasas.es\/wp-content\/uploads\/2025\/05\/dacasas-Beniarbeig-7-112x150.jpg"},"modern-property-child-slider":{"file":"dacasas-Beniarbeig-7-680x510.jpg","width":680,"height":510,"mime-type":"image\/jpeg","filesize":38819,"url":"https:\/\/dacasas.es\/wp-content\/uploads\/2025\/05\/dacasas-Beniarbeig-7-680x510.jpg"},"property-thumb-image":{"file":"dacasas-Beniarbeig-7-488x326.jpg","width":488,"height":326,"mime-type":"image\/jpeg","filesize":23612,"url":"https:\/\/dacasas.es\/wp-content\/uploads\/2025\/05\/dacasas-Beniarbeig-7-488x326.jpg"},"property-detail-video-image":{"file":"dacasas-Beniarbeig-7-818x417.jpg","width":818,"height":417,"mime-type":"image\/jpeg","filesize":35689,"url":"https:\/\/dacasas.es\/wp-content\/uploads\/2025\/05\/dacasas-Beniarbeig-7-818x417.jpg"},"agent-image":{"file":"dacasas-Beniarbeig-7-210x210.jpg","width":210,"height":210,"mime-type":"image\/jpeg","filesize":12553,"url":"https:\/\/dacasas.es\/wp-content\/uploads\/2025\/05\/dacasas-Beniarbeig-7-210x210.jpg"},"partners-logo":{"file":"dacasas-Beniarbeig-7-600x2667.jpg","width":600,"height":2667,"mime-type":"image\/jpeg","filesize":106427,"url":"https:\/\/dacasas.es\/wp-content\/uploads\/2025\/05\/dacasas-Beniarbeig-7-600x2667.jpg"},"post-featured-image":{"file":"dacasas-Beniarbeig-7-1240x720.jpg","width":1240,"height":720,"mime-type":"image\/jpeg","filesize":70739,"url":"https:\/\/dacasas.es\/wp-content\/uploads\/2025\/05\/dacasas-Beniarbeig-7-1240x720.jpg"}},"image_meta":{"aperture":"2.2","credit":"","camera":"SM-G975F","caption":"","created_timestamp":"0","copyright":"","focal_length":"1.8","iso":"100","shutter_speed":"0.02","title":"","orientation":"1","keywords":[]},"original_image":"dacasas-Beniarbeig-7.jpg","ID":"73589","name":"dacasas-Beniarbeig-7-\u00e9chelle.jpg","path":"\/var\/www\/vhosts\/dacasas.es\/httpdocs\/wp-content\/uploads\/2025\/05\/dacasas-Beniarbeig-7-scaled.jpg","url":"https:\/\/dacasas.es\/wp-content\/uploads\/2025\/05\/dacasas-Beniarbeig-7-150x150.jpg","full_url":"https:\/\/dacasas.es\/wp-content\/uploads\/2025\/05\/dacasas-Beniarbeig-7-scaled.jpg","title":"dacasas - Beniarbeig 7","caption":"","description":"","alt":"","srcset":"https:\/\/dacasas.es\/wp-content\/uploads\/2025\/05\/dacasas-Beniarbeig-7-150x150.jpg 150w, https:\/\/dacasas.es\/wp-content\/uploads\/2025\/05\/dacasas-Beniarbeig-7-210x210.jpg 210w"},{"width":150,"height":150,"file":"2025\/05\/dacasas-Beniarbeig-1.jpg","filesize":2887528,"sizes":{"medium":{"file":"dacasas-Beniarbeig-1-225x300.jpg","width":225,"height":300,"mime-type":"image\/jpeg","filesize":16559,"url":"https:\/\/dacasas.es\/wp-content\/uploads\/2025\/05\/dacasas-Beniarbeig-1-225x300.jpg"},"large":{"file":"dacasas-Beniarbeig-1-768x1024.jpg","width":768,"height":1024,"mime-type":"image\/jpeg","filesize":101323,"url":"https:\/\/dacasas.es\/wp-content\/uploads\/2025\/05\/dacasas-Beniarbeig-1-768x1024.jpg"},"thumbnail":{"file":"dacasas-Beniarbeig-1-150x150.jpg","width":150,"height":150,"mime-type":"image\/jpeg","filesize":9969,"url":"https:\/\/dacasas.es\/wp-content\/uploads\/2025\/05\/dacasas-Beniarbeig-1-150x150.jpg"},"medium_large":{"file":"dacasas-Beniarbeig-1-768x1024.jpg","width":768,"height":1024,"mime-type":"image\/jpeg","filesize":101323,"url":"https:\/\/dacasas.es\/wp-content\/uploads\/2025\/05\/dacasas-Beniarbeig-1-768x1024.jpg"},"1536x1536":{"file":"dacasas-Beniarbeig-1-1152x1536.jpg","width":1152,"height":1536,"mime-type":"image\/jpeg","filesize":212072,"url":"https:\/\/dacasas.es\/wp-content\/uploads\/2025\/05\/dacasas-Beniarbeig-1-1152x1536.jpg"},"2048x2048":{"file":"dacasas-Beniarbeig-1-1536x2048.jpg","width":1536,"height":2048,"mime-type":"image\/jpeg","filesize":360108,"url":"https:\/\/dacasas.es\/wp-content\/uploads\/2025\/05\/dacasas-Beniarbeig-1-1536x2048.jpg"},"trp-custom-language-flag":{"file":"dacasas-Beniarbeig-1-9x12.jpg","width":9,"height":12,"mime-type":"image\/jpeg","filesize":5217,"url":"https:\/\/dacasas.es\/wp-content\/uploads\/2025\/05\/dacasas-Beniarbeig-1-9x12.jpg"},"post-thumbnail":{"file":"dacasas-Beniarbeig-1-113x150.jpg","width":113,"height":150,"mime-type":"image\/jpeg","filesize":8977,"url":"https:\/\/dacasas.es\/wp-content\/uploads\/2025\/05\/dacasas-Beniarbeig-1-113x150.jpg"},"modern-property-child-slider":{"file":"dacasas-Beniarbeig-1-680x510.jpg","width":680,"height":510,"mime-type":"image\/jpeg","filesize":51735,"url":"https:\/\/dacasas.es\/wp-content\/uploads\/2025\/05\/dacasas-Beniarbeig-1-680x510.jpg"},"property-thumb-image":{"file":"dacasas-Beniarbeig-1-488x326.jpg","width":488,"height":326,"mime-type":"image\/jpeg","filesize":29135,"url":"https:\/\/dacasas.es\/wp-content\/uploads\/2025\/05\/dacasas-Beniarbeig-1-488x326.jpg"},"property-detail-video-image":{"file":"dacasas-Beniarbeig-1-818x417.jpg","width":818,"height":417,"mime-type":"image\/jpeg","filesize":48655,"url":"https:\/\/dacasas.es\/wp-content\/uploads\/2025\/05\/dacasas-Beniarbeig-1-818x417.jpg"},"agent-image":{"file":"dacasas-Beniarbeig-1-210x210.jpg","width":210,"height":210,"mime-type":"image\/jpeg","filesize":13500,"url":"https:\/\/dacasas.es\/wp-content\/uploads\/2025\/05\/dacasas-Beniarbeig-1-210x210.jpg"},"partners-logo":{"file":"dacasas-Beniarbeig-1-600x2133.jpg","width":600,"height":2133,"mime-type":"image\/jpeg","filesize":152974,"url":"https:\/\/dacasas.es\/wp-content\/uploads\/2025\/05\/dacasas-Beniarbeig-1-600x2133.jpg"},"post-featured-image":{"file":"dacasas-Beniarbeig-1-1240x720.jpg","width":1240,"height":720,"mime-type":"image\/jpeg","filesize":110030,"url":"https:\/\/dacasas.es\/wp-content\/uploads\/2025\/05\/dacasas-Beniarbeig-1-1240x720.jpg"}},"image_meta":{"aperture":"2.2","credit":"","camera":"SM-G975F","caption":"","created_timestamp":"0","copyright":"","focal_length":"1.8","iso":"50","shutter_speed":"0.0068965517241379","title":"","orientation":"1","keywords":[]},"ID":"73583","name":"dacasas-Beniarbeig-1.jpg","path":"\/var\/www\/vhosts\/dacasas.es\/httpdocs\/wp-content\/uploads\/2025\/05\/dacasas-Beniarbeig-1.jpg","url":"https:\/\/dacasas.es\/wp-content\/uploads\/2025\/05\/dacasas-Beniarbeig-1-150x150.jpg","full_url":"https:\/\/dacasas.es\/wp-content\/uploads\/2025\/05\/dacasas-Beniarbeig-1.jpg","title":"dacasas - Beniarbeig 1","caption":"","description":"","alt":"","srcset":"https:\/\/dacasas.es\/wp-content\/uploads\/2025\/05\/dacasas-Beniarbeig-1-150x150.jpg 150w, https:\/\/dacasas.es\/wp-content\/uploads\/2025\/05\/dacasas-Beniarbeig-1-210x210.jpg 210w"},{"width":150,"height":150,"file":"2025\/05\/dacasas-Beniarbeig-5.jpg","filesize":2571225,"sizes":{"medium":{"file":"dacasas-Beniarbeig-5-225x300.jpg","width":225,"height":300,"mime-type":"image\/jpeg","filesize":16213,"url":"https:\/\/dacasas.es\/wp-content\/uploads\/2025\/05\/dacasas-Beniarbeig-5-225x300.jpg"},"large":{"file":"dacasas-Beniarbeig-5-768x1024.jpg","width":768,"height":1024,"mime-type":"image\/jpeg","filesize":99024,"url":"https:\/\/dacasas.es\/wp-content\/uploads\/2025\/05\/dacasas-Beniarbeig-5-768x1024.jpg"},"thumbnail":{"file":"dacasas-Beniarbeig-5-150x150.jpg","width":150,"height":150,"mime-type":"image\/jpeg","filesize":9651,"url":"https:\/\/dacasas.es\/wp-content\/uploads\/2025\/05\/dacasas-Beniarbeig-5-150x150.jpg"},"medium_large":{"file":"dacasas-Beniarbeig-5-768x1024.jpg","width":768,"height":1024,"mime-type":"image\/jpeg","filesize":99024,"url":"https:\/\/dacasas.es\/wp-content\/uploads\/2025\/05\/dacasas-Beniarbeig-5-768x1024.jpg"},"1536x1536":{"file":"dacasas-Beniarbeig-5-1152x1536.jpg","width":1152,"height":1536,"mime-type":"image\/jpeg","filesize":210506,"url":"https:\/\/dacasas.es\/wp-content\/uploads\/2025\/05\/dacasas-Beniarbeig-5-1152x1536.jpg"},"2048x2048":{"file":"dacasas-Beniarbeig-5-1536x2048.jpg","width":1536,"height":2048,"mime-type":"image\/jpeg","filesize":364168,"url":"https:\/\/dacasas.es\/wp-content\/uploads\/2025\/05\/dacasas-Beniarbeig-5-1536x2048.jpg"},"trp-custom-language-flag":{"file":"dacasas-Beniarbeig-5-9x12.jpg","width":9,"height":12,"mime-type":"image\/jpeg","filesize":5230,"url":"https:\/\/dacasas.es\/wp-content\/uploads\/2025\/05\/dacasas-Beniarbeig-5-9x12.jpg"},"post-thumbnail":{"file":"dacasas-Beniarbeig-5-113x150.jpg","width":113,"height":150,"mime-type":"image\/jpeg","filesize":8923,"url":"https:\/\/dacasas.es\/wp-content\/uploads\/2025\/05\/dacasas-Beniarbeig-5-113x150.jpg"},"modern-property-child-slider":{"file":"dacasas-Beniarbeig-5-680x510.jpg","width":680,"height":510,"mime-type":"image\/jpeg","filesize":44321,"url":"https:\/\/dacasas.es\/wp-content\/uploads\/2025\/05\/dacasas-Beniarbeig-5-680x510.jpg"},"property-thumb-image":{"file":"dacasas-Beniarbeig-5-488x326.jpg","width":488,"height":326,"mime-type":"image\/jpeg","filesize":24842,"url":"https:\/\/dacasas.es\/wp-content\/uploads\/2025\/05\/dacasas-Beniarbeig-5-488x326.jpg"},"property-detail-video-image":{"file":"dacasas-Beniarbeig-5-818x417.jpg","width":818,"height":417,"mime-type":"image\/jpeg","filesize":41300,"url":"https:\/\/dacasas.es\/wp-content\/uploads\/2025\/05\/dacasas-Beniarbeig-5-818x417.jpg"},"agent-image":{"file":"dacasas-Beniarbeig-5-210x210.jpg","width":210,"height":210,"mime-type":"image\/jpeg","filesize":12989,"url":"https:\/\/dacasas.es\/wp-content\/uploads\/2025\/05\/dacasas-Beniarbeig-5-210x210.jpg"},"partners-logo":{"file":"dacasas-Beniarbeig-5-600x2133.jpg","width":600,"height":2133,"mime-type":"image\/jpeg","filesize":191069,"url":"https:\/\/dacasas.es\/wp-content\/uploads\/2025\/05\/dacasas-Beniarbeig-5-600x2133.jpg"},"post-featured-image":{"file":"dacasas-Beniarbeig-5-1240x720.jpg","width":1240,"height":720,"mime-type":"image\/jpeg","filesize":93974,"url":"https:\/\/dacasas.es\/wp-content\/uploads\/2025\/05\/dacasas-Beniarbeig-5-1240x720.jpg"}},"image_meta":{"aperture":"2.2","credit":"","camera":"SM-G975F","caption":"","created_timestamp":"0","copyright":"","focal_length":"1.8","iso":"64","shutter_speed":"0.016666666666667","title":"","orientation":"1","keywords":[]},"ID":"73587","name":"dacasas-Beniarbeig-5.jpg","path":"\/var\/www\/vhosts\/dacasas.es\/httpdocs\/wp-content\/uploads\/2025\/05\/dacasas-Beniarbeig-5.jpg","url":"https:\/\/dacasas.es\/wp-content\/uploads\/2025\/05\/dacasas-Beniarbeig-5-150x150.jpg","full_url":"https:\/\/dacasas.es\/wp-content\/uploads\/2025\/05\/dacasas-Beniarbeig-5.jpg","title":"dacasas - Beniarbeig 5","caption":"","description":"","alt":"","srcset":"https:\/\/dacasas.es\/wp-content\/uploads\/2025\/05\/dacasas-Beniarbeig-5-150x150.jpg 150w, https:\/\/dacasas.es\/wp-content\/uploads\/2025\/05\/dacasas-Beniarbeig-5-210x210.jpg 210w"},{"width":150,"height":150,"file":"2025\/05\/dacasas-Villa-11.jpg","filesize":1381865,"sizes":{"medium":{"file":"dacasas-Villa-11-300x225.jpg","width":300,"height":225,"mime-type":"image\/jpeg","filesize":20501,"url":"https:\/\/dacasas.es\/wp-content\/uploads\/2025\/05\/dacasas-Villa-11-300x225.jpg"},"large":{"file":"dacasas-Villa-11-1024x768.jpg","width":1024,"height":768,"mime-type":"image\/jpeg","filesize":162943,"url":"https:\/\/dacasas.es\/wp-content\/uploads\/2025\/05\/dacasas-Villa-11-1024x768.jpg"},"thumbnail":{"file":"dacasas-Villa-11-150x150.jpg","width":150,"height":150,"mime-type":"image\/jpeg","filesize":10193,"url":"https:\/\/dacasas.es\/wp-content\/uploads\/2025\/05\/dacasas-Villa-11-150x150.jpg"},"medium_large":{"file":"dacasas-Villa-11-768x576.jpg","width":768,"height":576,"mime-type":"image\/jpeg","filesize":94945,"url":"https:\/\/dacasas.es\/wp-content\/uploads\/2025\/05\/dacasas-Villa-11-768x576.jpg"},"1536x1536":{"file":"dacasas-Villa-11-1536x1152.jpg","width":1536,"height":1152,"mime-type":"image\/jpeg","filesize":348409,"url":"https:\/\/dacasas.es\/wp-content\/uploads\/2025\/05\/dacasas-Villa-11-1536x1152.jpg"},"trp-custom-language-flag":{"file":"dacasas-Villa-11-16x12.jpg","width":16,"height":12,"mime-type":"image\/jpeg","filesize":4082,"url":"https:\/\/dacasas.es\/wp-content\/uploads\/2025\/05\/dacasas-Villa-11-16x12.jpg"},"post-thumbnail":{"file":"dacasas-Villa-11-150x113.jpg","width":150,"height":113,"mime-type":"image\/jpeg","filesize":9039,"url":"https:\/\/dacasas.es\/wp-content\/uploads\/2025\/05\/dacasas-Villa-11-150x113.jpg"},"modern-property-child-slider":{"file":"dacasas-Villa-11-680x510.jpg","width":680,"height":510,"mime-type":"image\/jpeg","filesize":76248,"url":"https:\/\/dacasas.es\/wp-content\/uploads\/2025\/05\/dacasas-Villa-11-680x510.jpg"},"property-thumb-image":{"file":"dacasas-Villa-11-488x326.jpg","width":488,"height":326,"mime-type":"image\/jpeg","filesize":39478,"url":"https:\/\/dacasas.es\/wp-content\/uploads\/2025\/05\/dacasas-Villa-11-488x326.jpg"},"property-detail-video-image":{"file":"dacasas-Villa-11-818x417.jpg","width":818,"height":417,"mime-type":"image\/jpeg","filesize":79148,"url":"https:\/\/dacasas.es\/wp-content\/uploads\/2025\/05\/dacasas-Villa-11-818x417.jpg"},"agent-image":{"file":"dacasas-Villa-11-210x210.jpg","width":210,"height":210,"mime-type":"image\/jpeg","filesize":15323,"url":"https:\/\/dacasas.es\/wp-content\/uploads\/2025\/05\/dacasas-Villa-11-210x210.jpg"},"partners-logo":{"file":"dacasas-Villa-11-600x1500.jpg","width":600,"height":1500,"mime-type":"image\/jpeg","filesize":203529,"url":"https:\/\/dacasas.es\/wp-content\/uploads\/2025\/05\/dacasas-Villa-11-600x1500.jpg"},"post-featured-image":{"file":"dacasas-Villa-11-1240x720.jpg","width":1240,"height":720,"mime-type":"image\/jpeg","filesize":188934,"url":"https:\/\/dacasas.es\/wp-content\/uploads\/2025\/05\/dacasas-Villa-11-1240x720.jpg"}},"image_meta":{"aperture":"0","credit":"","camera":"","caption":"","created_timestamp":"0","copyright":"","focal_length":"0","iso":"0","shutter_speed":"0","title":"","orientation":"0","keywords":[]},"ID":"73399","name":"dacasas-Villa-11.jpg","path":"\/var\/www\/vhosts\/dacasas.es\/httpdocs\/wp-content\/uploads\/2025\/05\/dacasas-Villa-11.jpg","url":"https:\/\/dacasas.es\/wp-content\/uploads\/2025\/05\/dacasas-Villa-11-150x150.jpg","full_url":"https:\/\/dacasas.es\/wp-content\/uploads\/2025\/05\/dacasas-Villa-11.jpg","title":"dacasas - Villa 11","caption":"","description":"","alt":"","srcset":"https:\/\/dacasas.es\/wp-content\/uploads\/2025\/05\/dacasas-Villa-11-150x150.jpg 150w, https:\/\/dacasas.es\/wp-content\/uploads\/2025\/05\/dacasas-Villa-11-210x210.jpg 210w"},{"width":150,"height":150,"file":"2025\/05\/dacasas-Beniarbeig-9.jpg","filesize":2312804,"sizes":{"medium":{"file":"dacasas-Beniarbeig-9-300x225.jpg","width":300,"height":225,"mime-type":"image\/jpeg","filesize":19896,"url":"https:\/\/dacasas.es\/wp-content\/uploads\/2025\/05\/dacasas-Beniarbeig-9-300x225.jpg"},"large":{"file":"dacasas-Beniarbeig-9-1024x768.jpg","width":1024,"height":768,"mime-type":"image\/jpeg","filesize":119924,"url":"https:\/\/dacasas.es\/wp-content\/uploads\/2025\/05\/dacasas-Beniarbeig-9-1024x768.jpg"},"thumbnail":{"file":"dacasas-Beniarbeig-9-150x150.jpg","width":150,"height":150,"mime-type":"image\/jpeg","filesize":10998,"url":"https:\/\/dacasas.es\/wp-content\/uploads\/2025\/05\/dacasas-Beniarbeig-9-150x150.jpg"},"medium_large":{"file":"dacasas-Beniarbeig-9-768x576.jpg","width":768,"height":576,"mime-type":"image\/jpeg","filesize":74510,"url":"https:\/\/dacasas.es\/wp-content\/uploads\/2025\/05\/dacasas-Beniarbeig-9-768x576.jpg"},"1536x1536":{"file":"dacasas-Beniarbeig-9-1536x1152.jpg","width":1536,"height":1152,"mime-type":"image\/jpeg","filesize":239670,"url":"https:\/\/dacasas.es\/wp-content\/uploads\/2025\/05\/dacasas-Beniarbeig-9-1536x1152.jpg"},"trp-custom-language-flag":{"file":"dacasas-Beniarbeig-9-16x12.jpg","width":16,"height":12,"mime-type":"image\/jpeg","filesize":5283,"url":"https:\/\/dacasas.es\/wp-content\/uploads\/2025\/05\/dacasas-Beniarbeig-9-16x12.jpg"},"post-thumbnail":{"file":"dacasas-Beniarbeig-9-150x113.jpg","width":150,"height":113,"mime-type":"image\/jpeg","filesize":10078,"url":"https:\/\/dacasas.es\/wp-content\/uploads\/2025\/05\/dacasas-Beniarbeig-9-150x113.jpg"},"modern-property-child-slider":{"file":"dacasas-Beniarbeig-9-680x510.jpg","width":680,"height":510,"mime-type":"image\/jpeg","filesize":61879,"url":"https:\/\/dacasas.es\/wp-content\/uploads\/2025\/05\/dacasas-Beniarbeig-9-680x510.jpg"},"property-thumb-image":{"file":"dacasas-Beniarbeig-9-488x326.jpg","width":488,"height":326,"mime-type":"image\/jpeg","filesize":34994,"url":"https:\/\/dacasas.es\/wp-content\/uploads\/2025\/05\/dacasas-Beniarbeig-9-488x326.jpg"},"property-detail-video-image":{"file":"dacasas-Beniarbeig-9-818x417.jpg","width":818,"height":417,"mime-type":"image\/jpeg","filesize":68779,"url":"https:\/\/dacasas.es\/wp-content\/uploads\/2025\/05\/dacasas-Beniarbeig-9-818x417.jpg"},"agent-image":{"file":"dacasas-Beniarbeig-9-210x210.jpg","width":210,"height":210,"mime-type":"image\/jpeg","filesize":15322,"url":"https:\/\/dacasas.es\/wp-content\/uploads\/2025\/05\/dacasas-Beniarbeig-9-210x210.jpg"},"partners-logo":{"file":"dacasas-Beniarbeig-9-600x1500.jpg","width":600,"height":1500,"mime-type":"image\/jpeg","filesize":132035,"url":"https:\/\/dacasas.es\/wp-content\/uploads\/2025\/05\/dacasas-Beniarbeig-9-600x1500.jpg"},"post-featured-image":{"file":"dacasas-Beniarbeig-9-1240x720.jpg","width":1240,"height":720,"mime-type":"image\/jpeg","filesize":143891,"url":"https:\/\/dacasas.es\/wp-content\/uploads\/2025\/05\/dacasas-Beniarbeig-9-1240x720.jpg"}},"image_meta":{"aperture":"2.2","credit":"","camera":"SM-G975F","caption":"","created_timestamp":"0","copyright":"","focal_length":"1.8","iso":"50","shutter_speed":"0.00093632958801498","title":"","orientation":"1","keywords":[]},"ID":"73591","name":"dacasas-Beniarbeig-9.jpg","path":"\/var\/www\/vhosts\/dacasas.es\/httpdocs\/wp-content\/uploads\/2025\/05\/dacasas-Beniarbeig-9.jpg","url":"https:\/\/dacasas.es\/wp-content\/uploads\/2025\/05\/dacasas-Beniarbeig-9-150x150.jpg","full_url":"https:\/\/dacasas.es\/wp-content\/uploads\/2025\/05\/dacasas-Beniarbeig-9.jpg","title":"dacasas - Beniarbeig 9","caption":"","description":"","alt":"","srcset":"https:\/\/dacasas.es\/wp-content\/uploads\/2025\/05\/dacasas-Beniarbeig-9-150x150.jpg 150w, https:\/\/dacasas.es\/wp-content\/uploads\/2025\/05\/dacasas-Beniarbeig-9-210x210.jpg 210w"},{"width":150,"height":150,"file":"2025\/05\/dacasas-Villa.jpg","filesize":1158290,"sizes":{"medium":{"file":"dacasas-Villa-300x196.jpg","width":300,"height":196,"mime-type":"image\/jpeg","filesize":19401,"url":"https:\/\/dacasas.es\/wp-content\/uploads\/2025\/05\/dacasas-Villa-300x196.jpg"},"large":{"file":"dacasas-Villa-1024x669.jpg","width":1024,"height":669,"mime-type":"image\/jpeg","filesize":134156,"url":"https:\/\/dacasas.es\/wp-content\/uploads\/2025\/05\/dacasas-Villa-1024x669.jpg"},"thumbnail":{"file":"dacasas-Villa-150x150.jpg","width":150,"height":150,"mime-type":"image\/jpeg","filesize":10886,"url":"https:\/\/dacasas.es\/wp-content\/uploads\/2025\/05\/dacasas-Villa-150x150.jpg"},"medium_large":{"file":"dacasas-Villa-768x502.jpg","width":768,"height":502,"mime-type":"image\/jpeg","filesize":82830,"url":"https:\/\/dacasas.es\/wp-content\/uploads\/2025\/05\/dacasas-Villa-768x502.jpg"},"1536x1536":{"file":"dacasas-Villa-1536x1004.jpg","width":1536,"height":1004,"mime-type":"image\/jpeg","filesize":269770,"url":"https:\/\/dacasas.es\/wp-content\/uploads\/2025\/05\/dacasas-Villa-1536x1004.jpg"},"trp-custom-language-flag":{"file":"dacasas-Villa-18x12.jpg","width":18,"height":12,"mime-type":"image\/jpeg","filesize":4144,"url":"https:\/\/dacasas.es\/wp-content\/uploads\/2025\/05\/dacasas-Villa-18x12.jpg"},"post-thumbnail":{"file":"dacasas-Villa-150x98.jpg","width":150,"height":98,"mime-type":"image\/jpeg","filesize":8614,"url":"https:\/\/dacasas.es\/wp-content\/uploads\/2025\/05\/dacasas-Villa-150x98.jpg"},"modern-property-child-slider":{"file":"dacasas-Villa-680x510.jpg","width":680,"height":510,"mime-type":"image\/jpeg","filesize":77792,"url":"https:\/\/dacasas.es\/wp-content\/uploads\/2025\/05\/dacasas-Villa-680x510.jpg"},"property-thumb-image":{"file":"dacasas-Villa-488x326.jpg","width":488,"height":326,"mime-type":"image\/jpeg","filesize":40201,"url":"https:\/\/dacasas.es\/wp-content\/uploads\/2025\/05\/dacasas-Villa-488x326.jpg"},"property-detail-video-image":{"file":"dacasas-Villa-818x417.jpg","width":818,"height":417,"mime-type":"image\/jpeg","filesize":80576,"url":"https:\/\/dacasas.es\/wp-content\/uploads\/2025\/05\/dacasas-Villa-818x417.jpg"},"agent-image":{"file":"dacasas-Villa-210x210.jpg","width":210,"height":210,"mime-type":"image\/jpeg","filesize":16630,"url":"https:\/\/dacasas.es\/wp-content\/uploads\/2025\/05\/dacasas-Villa-210x210.jpg"},"partners-logo":{"file":"dacasas-Villa-600x1338.jpg","width":600,"height":1338,"mime-type":"image\/jpeg","filesize":183637,"url":"https:\/\/dacasas.es\/wp-content\/uploads\/2025\/05\/dacasas-Villa-600x1338.jpg"},"post-featured-image":{"file":"dacasas-Villa-1240x720.jpg","width":1240,"height":720,"mime-type":"image\/jpeg","filesize":176380,"url":"https:\/\/dacasas.es\/wp-content\/uploads\/2025\/05\/dacasas-Villa-1240x720.jpg"}},"image_meta":{"aperture":"0","credit":"","camera":"","caption":"","created_timestamp":"0","copyright":"","focal_length":"0","iso":"0","shutter_speed":"0","title":"","orientation":"0","keywords":[]},"ID":"73425","name":"dacasas-Villa.jpg","path":"\/var\/www\/vhosts\/dacasas.es\/httpdocs\/wp-content\/uploads\/2025\/05\/dacasas-Villa.jpg","url":"https:\/\/dacasas.es\/wp-content\/uploads\/2025\/05\/dacasas-Villa-150x150.jpg","full_url":"https:\/\/dacasas.es\/wp-content\/uploads\/2025\/05\/dacasas-Villa.jpg","title":"dacasas - Villa","caption":"","description":"","alt":"","srcset":"https:\/\/dacasas.es\/wp-content\/uploads\/2025\/05\/dacasas-Villa-150x150.jpg 150w, https:\/\/dacasas.es\/wp-content\/uploads\/2025\/05\/dacasas-Villa-210x210.jpg 210w"},{"width":150,"height":150,"file":"2025\/05\/dacasas-Villa-21.jpg","filesize":127290,"sizes":{"medium":{"file":"dacasas-Villa-21-300x169.jpg","width":300,"height":169,"mime-type":"image\/jpeg","filesize":17074,"url":"https:\/\/dacasas.es\/wp-content\/uploads\/2025\/05\/dacasas-Villa-21-300x169.jpg"},"thumbnail":{"file":"dacasas-Villa-21-150x150.jpg","width":150,"height":150,"mime-type":"image\/jpeg","filesize":10114,"url":"https:\/\/dacasas.es\/wp-content\/uploads\/2025\/05\/dacasas-Villa-21-150x150.jpg"},"trp-custom-language-flag":{"file":"dacasas-Villa-21-18x10.jpg","width":18,"height":10,"mime-type":"image\/jpeg","filesize":4135,"url":"https:\/\/dacasas.es\/wp-content\/uploads\/2025\/05\/dacasas-Villa-21-18x10.jpg"},"post-thumbnail":{"file":"dacasas-Villa-21-150x84.jpg","width":150,"height":84,"mime-type":"image\/jpeg","filesize":8186,"url":"https:\/\/dacasas.es\/wp-content\/uploads\/2025\/05\/dacasas-Villa-21-150x84.jpg"},"property-thumb-image":{"file":"dacasas-Villa-21-488x326.jpg","width":488,"height":326,"mime-type":"image\/jpeg","filesize":37296,"url":"https:\/\/dacasas.es\/wp-content\/uploads\/2025\/05\/dacasas-Villa-21-488x326.jpg"},"agent-image":{"file":"dacasas-Villa-21-210x210.jpg","width":210,"height":210,"mime-type":"image\/jpeg","filesize":15165,"url":"https:\/\/dacasas.es\/wp-content\/uploads\/2025\/05\/dacasas-Villa-21-210x210.jpg"},"partners-logo":{"file":"dacasas-Villa-21-600x360.jpg","width":600,"height":360,"mime-type":"image\/jpeg","filesize":50680,"url":"https:\/\/dacasas.es\/wp-content\/uploads\/2025\/05\/dacasas-Villa-21-600x360.jpg"}},"image_meta":{"aperture":"0","credit":"","camera":"","caption":"","created_timestamp":"0","copyright":"","focal_length":"0","iso":"0","shutter_speed":"0","title":"","orientation":"0","keywords":[]},"ID":"73409","name":"dacasas-Villa-21.jpg","path":"\/var\/www\/vhosts\/dacasas.es\/httpdocs\/wp-content\/uploads\/2025\/05\/dacasas-Villa-21.jpg","url":"https:\/\/dacasas.es\/wp-content\/uploads\/2025\/05\/dacasas-Villa-21-150x150.jpg","full_url":"https:\/\/dacasas.es\/wp-content\/uploads\/2025\/05\/dacasas-Villa-21.jpg","title":"dacasas - Villa 21","caption":"","description":"","alt":"","srcset":"https:\/\/dacasas.es\/wp-content\/uploads\/2025\/05\/dacasas-Villa-21-150x150.jpg 150w, https:\/\/dacasas.es\/wp-content\/uploads\/2025\/05\/dacasas-Villa-21-210x210.jpg 210w"},{"width":150,"height":150,"file":"2025\/05\/dacasas-Beniarbeig-13.jpg","filesize":2314976,"sizes":{"medium":{"file":"dacasas-Beniarbeig-13-300x225.jpg","width":300,"height":225,"mime-type":"image\/jpeg","filesize":17834,"url":"https:\/\/dacasas.es\/wp-content\/uploads\/2025\/05\/dacasas-Beniarbeig-13-300x225.jpg"},"large":{"file":"dacasas-Beniarbeig-13-1024x768.jpg","width":1024,"height":768,"mime-type":"image\/jpeg","filesize":118445,"url":"https:\/\/dacasas.es\/wp-content\/uploads\/2025\/05\/dacasas-Beniarbeig-13-1024x768.jpg"},"thumbnail":{"file":"dacasas-Beniarbeig-13-150x150.jpg","width":150,"height":150,"mime-type":"image\/jpeg","filesize":9655,"url":"https:\/\/dacasas.es\/wp-content\/uploads\/2025\/05\/dacasas-Beniarbeig-13-150x150.jpg"},"medium_large":{"file":"dacasas-Beniarbeig-13-768x576.jpg","width":768,"height":576,"mime-type":"image\/jpeg","filesize":72198,"url":"https:\/\/dacasas.es\/wp-content\/uploads\/2025\/05\/dacasas-Beniarbeig-13-768x576.jpg"},"1536x1536":{"file":"dacasas-Beniarbeig-13-1536x1152.jpg","width":1536,"height":1152,"mime-type":"image\/jpeg","filesize":241980,"url":"https:\/\/dacasas.es\/wp-content\/uploads\/2025\/05\/dacasas-Beniarbeig-13-1536x1152.jpg"},"trp-custom-language-flag":{"file":"dacasas-Beniarbeig-13-16x12.jpg","width":16,"height":12,"mime-type":"image\/jpeg","filesize":5280,"url":"https:\/\/dacasas.es\/wp-content\/uploads\/2025\/05\/dacasas-Beniarbeig-13-16x12.jpg"},"post-thumbnail":{"file":"dacasas-Beniarbeig-13-150x113.jpg","width":150,"height":113,"mime-type":"image\/jpeg","filesize":9123,"url":"https:\/\/dacasas.es\/wp-content\/uploads\/2025\/05\/dacasas-Beniarbeig-13-150x113.jpg"},"modern-property-child-slider":{"file":"dacasas-Beniarbeig-13-680x510.jpg","width":680,"height":510,"mime-type":"image\/jpeg","filesize":58486,"url":"https:\/\/dacasas.es\/wp-content\/uploads\/2025\/05\/dacasas-Beniarbeig-13-680x510.jpg"},"property-thumb-image":{"file":"dacasas-Beniarbeig-13-488x326.jpg","width":488,"height":326,"mime-type":"image\/jpeg","filesize":32298,"url":"https:\/\/dacasas.es\/wp-content\/uploads\/2025\/05\/dacasas-Beniarbeig-13-488x326.jpg"},"property-detail-video-image":{"file":"dacasas-Beniarbeig-13-818x417.jpg","width":818,"height":417,"mime-type":"image\/jpeg","filesize":60539,"url":"https:\/\/dacasas.es\/wp-content\/uploads\/2025\/05\/dacasas-Beniarbeig-13-818x417.jpg"},"agent-image":{"file":"dacasas-Beniarbeig-13-210x210.jpg","width":210,"height":210,"mime-type":"image\/jpeg","filesize":13446,"url":"https:\/\/dacasas.es\/wp-content\/uploads\/2025\/05\/dacasas-Beniarbeig-13-210x210.jpg"},"partners-logo":{"file":"dacasas-Beniarbeig-13-600x1500.jpg","width":600,"height":1500,"mime-type":"image\/jpeg","filesize":123577,"url":"https:\/\/dacasas.es\/wp-content\/uploads\/2025\/05\/dacasas-Beniarbeig-13-600x1500.jpg"},"post-featured-image":{"file":"dacasas-Beniarbeig-13-1240x720.jpg","width":1240,"height":720,"mime-type":"image\/jpeg","filesize":136774,"url":"https:\/\/dacasas.es\/wp-content\/uploads\/2025\/05\/dacasas-Beniarbeig-13-1240x720.jpg"}},"image_meta":{"aperture":"2.2","credit":"","camera":"SM-G975F","caption":"","created_timestamp":"0","copyright":"","focal_length":"1.8","iso":"50","shutter_speed":"0.00054466230936819","title":"","orientation":"1","keywords":[]},"ID":"73594","name":"dacasas-Beniarbeig-13.jpg","path":"\/var\/www\/vhosts\/dacasas.es\/httpdocs\/wp-content\/uploads\/2025\/05\/dacasas-Beniarbeig-13.jpg","url":"https:\/\/dacasas.es\/wp-content\/uploads\/2025\/05\/dacasas-Beniarbeig-13-150x150.jpg","full_url":"https:\/\/dacasas.es\/wp-content\/uploads\/2025\/05\/dacasas-Beniarbeig-13.jpg","title":"dacasas - Beniarbeig 13","caption":"","description":"","alt":"","srcset":"https:\/\/dacasas.es\/wp-content\/uploads\/2025\/05\/dacasas-Beniarbeig-13-150x150.jpg 150w, https:\/\/dacasas.es\/wp-content\/uploads\/2025\/05\/dacasas-Beniarbeig-13-210x210.jpg 210w"},{"width":150,"height":150,"file":"2025\/05\/dacasas-Villa-20.jpg","filesize":1132611,"sizes":{"medium":{"file":"dacasas-Villa-20-300x225.jpg","width":300,"height":225,"mime-type":"image\/jpeg","filesize":25053,"url":"https:\/\/dacasas.es\/wp-content\/uploads\/2025\/05\/dacasas-Villa-20-300x225.jpg"},"large":{"file":"dacasas-Villa-20-1024x768.jpg","width":1024,"height":768,"mime-type":"image\/jpeg","filesize":198305,"url":"https:\/\/dacasas.es\/wp-content\/uploads\/2025\/05\/dacasas-Villa-20-1024x768.jpg"},"thumbnail":{"file":"dacasas-Villa-20-150x150.jpg","width":150,"height":150,"mime-type":"image\/jpeg","filesize":11406,"url":"https:\/\/dacasas.es\/wp-content\/uploads\/2025\/05\/dacasas-Villa-20-150x150.jpg"},"medium_large":{"file":"dacasas-Villa-20-768x576.jpg","width":768,"height":576,"mime-type":"image\/jpeg","filesize":120146,"url":"https:\/\/dacasas.es\/wp-content\/uploads\/2025\/05\/dacasas-Villa-20-768x576.jpg"},"1536x1536":{"file":"dacasas-Villa-20-1536x1152.jpg","width":1536,"height":1152,"mime-type":"image\/jpeg","filesize":388322,"url":"https:\/\/dacasas.es\/wp-content\/uploads\/2025\/05\/dacasas-Villa-20-1536x1152.jpg"},"trp-custom-language-flag":{"file":"dacasas-Villa-20-16x12.jpg","width":16,"height":12,"mime-type":"image\/jpeg","filesize":4102,"url":"https:\/\/dacasas.es\/wp-content\/uploads\/2025\/05\/dacasas-Villa-20-16x12.jpg"},"post-thumbnail":{"file":"dacasas-Villa-20-150x113.jpg","width":150,"height":113,"mime-type":"image\/jpeg","filesize":10038,"url":"https:\/\/dacasas.es\/wp-content\/uploads\/2025\/05\/dacasas-Villa-20-150x113.jpg"},"modern-property-child-slider":{"file":"dacasas-Villa-20-680x510.jpg","width":680,"height":510,"mime-type":"image\/jpeg","filesize":97634,"url":"https:\/\/dacasas.es\/wp-content\/uploads\/2025\/05\/dacasas-Villa-20-680x510.jpg"},"property-thumb-image":{"file":"dacasas-Villa-20-488x326.jpg","width":488,"height":326,"mime-type":"image\/jpeg","filesize":48255,"url":"https:\/\/dacasas.es\/wp-content\/uploads\/2025\/05\/dacasas-Villa-20-488x326.jpg"},"property-detail-video-image":{"file":"dacasas-Villa-20-818x417.jpg","width":818,"height":417,"mime-type":"image\/jpeg","filesize":86121,"url":"https:\/\/dacasas.es\/wp-content\/uploads\/2025\/05\/dacasas-Villa-20-818x417.jpg"},"agent-image":{"file":"dacasas-Villa-20-210x210.jpg","width":210,"height":210,"mime-type":"image\/jpeg","filesize":18132,"url":"https:\/\/dacasas.es\/wp-content\/uploads\/2025\/05\/dacasas-Villa-20-210x210.jpg"},"partners-logo":{"file":"dacasas-Villa-20-600x1200.jpg","width":600,"height":1200,"mime-type":"image\/jpeg","filesize":166300,"url":"https:\/\/dacasas.es\/wp-content\/uploads\/2025\/05\/dacasas-Villa-20-600x1200.jpg"},"post-featured-image":{"file":"dacasas-Villa-20-1240x720.jpg","width":1240,"height":720,"mime-type":"image\/jpeg","filesize":201416,"url":"https:\/\/dacasas.es\/wp-content\/uploads\/2025\/05\/dacasas-Villa-20-1240x720.jpg"}},"image_meta":{"aperture":"0","credit":"","camera":"","caption":"","created_timestamp":"0","copyright":"","focal_length":"0","iso":"0","shutter_speed":"0","title":"","orientation":"0","keywords":[]},"ID":"73408","name":"dacasas-Villa-20.jpg","path":"\/var\/www\/vhosts\/dacasas.es\/httpdocs\/wp-content\/uploads\/2025\/05\/dacasas-Villa-20.jpg","url":"https:\/\/dacasas.es\/wp-content\/uploads\/2025\/05\/dacasas-Villa-20-150x150.jpg","full_url":"https:\/\/dacasas.es\/wp-content\/uploads\/2025\/05\/dacasas-Villa-20.jpg","title":"dacasas - Villa 20","caption":"","description":"","alt":"","srcset":"https:\/\/dacasas.es\/wp-content\/uploads\/2025\/05\/dacasas-Villa-20-150x150.jpg 150w, https:\/\/dacasas.es\/wp-content\/uploads\/2025\/05\/dacasas-Villa-20-210x210.jpg 210w"},{"width":150,"height":150,"file":"2025\/05\/dacasas-Villa-2.jpg","filesize":1408653,"sizes":{"medium":{"file":"dacasas-Villa-2-300x225.jpg","width":300,"height":225,"mime-type":"image\/jpeg","filesize":28149,"url":"https:\/\/dacasas.es\/wp-content\/uploads\/2025\/05\/dacasas-Villa-2-300x225.jpg"},"large":{"file":"dacasas-Villa-2-1024x768.jpg","width":1024,"height":768,"mime-type":"image\/jpeg","filesize":230087,"url":"https:\/\/dacasas.es\/wp-content\/uploads\/2025\/05\/dacasas-Villa-2-1024x768.jpg"},"thumbnail":{"file":"dacasas-Villa-2-150x150.jpg","width":150,"height":150,"mime-type":"image\/jpeg","filesize":12712,"url":"https:\/\/dacasas.es\/wp-content\/uploads\/2025\/05\/dacasas-Villa-2-150x150.jpg"},"medium_large":{"file":"dacasas-Villa-2-768x576.jpg","width":768,"height":576,"mime-type":"image\/jpeg","filesize":138982,"url":"https:\/\/dacasas.es\/wp-content\/uploads\/2025\/05\/dacasas-Villa-2-768x576.jpg"},"1536x1536":{"file":"dacasas-Villa-2-1536x1152.jpg","width":1536,"height":1152,"mime-type":"image\/jpeg","filesize":450120,"url":"https:\/\/dacasas.es\/wp-content\/uploads\/2025\/05\/dacasas-Villa-2-1536x1152.jpg"},"trp-custom-language-flag":{"file":"dacasas-Villa-2-16x12.jpg","width":16,"height":12,"mime-type":"image\/jpeg","filesize":4100,"url":"https:\/\/dacasas.es\/wp-content\/uploads\/2025\/05\/dacasas-Villa-2-16x12.jpg"},"post-thumbnail":{"file":"dacasas-Villa-2-150x113.jpg","width":150,"height":113,"mime-type":"image\/jpeg","filesize":10744,"url":"https:\/\/dacasas.es\/wp-content\/uploads\/2025\/05\/dacasas-Villa-2-150x113.jpg"},"modern-property-child-slider":{"file":"dacasas-Villa-2-680x510.jpg","width":680,"height":510,"mime-type":"image\/jpeg","filesize":112600,"url":"https:\/\/dacasas.es\/wp-content\/uploads\/2025\/05\/dacasas-Villa-2-680x510.jpg"},"property-thumb-image":{"file":"dacasas-Villa-2-488x326.jpg","width":488,"height":326,"mime-type":"image\/jpeg","filesize":57405,"url":"https:\/\/dacasas.es\/wp-content\/uploads\/2025\/05\/dacasas-Villa-2-488x326.jpg"},"property-detail-video-image":{"file":"dacasas-Villa-2-818x417.jpg","width":818,"height":417,"mime-type":"image\/jpeg","filesize":114066,"url":"https:\/\/dacasas.es\/wp-content\/uploads\/2025\/05\/dacasas-Villa-2-818x417.jpg"},"agent-image":{"file":"dacasas-Villa-2-210x210.jpg","width":210,"height":210,"mime-type":"image\/jpeg","filesize":20614,"url":"https:\/\/dacasas.es\/wp-content\/uploads\/2025\/05\/dacasas-Villa-2-210x210.jpg"},"partners-logo":{"file":"dacasas-Villa-2-600x1200.jpg","width":600,"height":1200,"mime-type":"image\/jpeg","filesize":222268,"url":"https:\/\/dacasas.es\/wp-content\/uploads\/2025\/05\/dacasas-Villa-2-600x1200.jpg"},"post-featured-image":{"file":"dacasas-Villa-2-1240x720.jpg","width":1240,"height":720,"mime-type":"image\/jpeg","filesize":256451,"url":"https:\/\/dacasas.es\/wp-content\/uploads\/2025\/05\/dacasas-Villa-2-1240x720.jpg"}},"image_meta":{"aperture":"0","credit":"","camera":"","caption":"","created_timestamp":"0","copyright":"","focal_length":"0","iso":"0","shutter_speed":"0","title":"","orientation":"0","keywords":[]},"ID":"73391","name":"dacasas-Villa-2.jpg","path":"\/var\/www\/vhosts\/dacasas.es\/httpdocs\/wp-content\/uploads\/2025\/05\/dacasas-Villa-2.jpg","url":"https:\/\/dacasas.es\/wp-content\/uploads\/2025\/05\/dacasas-Villa-2-150x150.jpg","full_url":"https:\/\/dacasas.es\/wp-content\/uploads\/2025\/05\/dacasas-Villa-2.jpg","title":"dacasas - Villa 2","caption":"","description":"","alt":"","srcset":"https:\/\/dacasas.es\/wp-content\/uploads\/2025\/05\/dacasas-Villa-2-150x150.jpg 150w, https:\/\/dacasas.es\/wp-content\/uploads\/2025\/05\/dacasas-Villa-2-210x210.jpg 210w"},{"width":150,"height":150,"file":"2025\/05\/dacasas-Villa-16.jpg","filesize":1681192,"sizes":{"medium":{"file":"dacasas-Villa-16-300x225.jpg","width":300,"height":225,"mime-type":"image\/jpeg","filesize":29474,"url":"https:\/\/dacasas.es\/wp-content\/uploads\/2025\/05\/dacasas-Villa-16-300x225.jpg"},"large":{"file":"dacasas-Villa-16-1024x768.jpg","width":1024,"height":768,"mime-type":"image\/jpeg","filesize":264602,"url":"https:\/\/dacasas.es\/wp-content\/uploads\/2025\/05\/dacasas-Villa-16-1024x768.jpg"},"thumbnail":{"file":"dacasas-Villa-16-150x150.jpg","width":150,"height":150,"mime-type":"image\/jpeg","filesize":12627,"url":"https:\/\/dacasas.es\/wp-content\/uploads\/2025\/05\/dacasas-Villa-16-150x150.jpg"},"medium_large":{"file":"dacasas-Villa-16-768x576.jpg","width":768,"height":576,"mime-type":"image\/jpeg","filesize":157159,"url":"https:\/\/dacasas.es\/wp-content\/uploads\/2025\/05\/dacasas-Villa-16-768x576.jpg"},"1536x1536":{"file":"dacasas-Villa-16-1536x1152.jpg","width":1536,"height":1152,"mime-type":"image\/jpeg","filesize":526343,"url":"https:\/\/dacasas.es\/wp-content\/uploads\/2025\/05\/dacasas-Villa-16-1536x1152.jpg"},"trp-custom-language-flag":{"file":"dacasas-Villa-16-16x12.jpg","width":16,"height":12,"mime-type":"image\/jpeg","filesize":4097,"url":"https:\/\/dacasas.es\/wp-content\/uploads\/2025\/05\/dacasas-Villa-16-16x12.jpg"},"post-thumbnail":{"file":"dacasas-Villa-16-150x113.jpg","width":150,"height":113,"mime-type":"image\/jpeg","filesize":10686,"url":"https:\/\/dacasas.es\/wp-content\/uploads\/2025\/05\/dacasas-Villa-16-150x113.jpg"},"modern-property-child-slider":{"file":"dacasas-Villa-16-680x510.jpg","width":680,"height":510,"mime-type":"image\/jpeg","filesize":126140,"url":"https:\/\/dacasas.es\/wp-content\/uploads\/2025\/05\/dacasas-Villa-16-680x510.jpg"},"property-thumb-image":{"file":"dacasas-Villa-16-488x326.jpg","width":488,"height":326,"mime-type":"image\/jpeg","filesize":63428,"url":"https:\/\/dacasas.es\/wp-content\/uploads\/2025\/05\/dacasas-Villa-16-488x326.jpg"},"property-detail-video-image":{"file":"dacasas-Villa-16-818x417.jpg","width":818,"height":417,"mime-type":"image\/jpeg","filesize":137846,"url":"https:\/\/dacasas.es\/wp-content\/uploads\/2025\/05\/dacasas-Villa-16-818x417.jpg"},"agent-image":{"file":"dacasas-Villa-16-210x210.jpg","width":210,"height":210,"mime-type":"image\/jpeg","filesize":20801,"url":"https:\/\/dacasas.es\/wp-content\/uploads\/2025\/05\/dacasas-Villa-16-210x210.jpg"},"partners-logo":{"file":"dacasas-Villa-16-600x1200.jpg","width":600,"height":1200,"mime-type":"image\/jpeg","filesize":242212,"url":"https:\/\/dacasas.es\/wp-content\/uploads\/2025\/05\/dacasas-Villa-16-600x1200.jpg"},"post-featured-image":{"file":"dacasas-Villa-16-1240x720.jpg","width":1240,"height":720,"mime-type":"image\/jpeg","filesize":312215,"url":"https:\/\/dacasas.es\/wp-content\/uploads\/2025\/05\/dacasas-Villa-16-1240x720.jpg"}},"image_meta":{"aperture":"0","credit":"","camera":"","caption":"","created_timestamp":"0","copyright":"","focal_length":"0","iso":"0","shutter_speed":"0","title":"","orientation":"0","keywords":[]},"ID":"73404","name":"dacasas-Villa-16.jpg","path":"\/var\/www\/vhosts\/dacasas.es\/httpdocs\/wp-content\/uploads\/2025\/05\/dacasas-Villa-16.jpg","url":"https:\/\/dacasas.es\/wp-content\/uploads\/2025\/05\/dacasas-Villa-16-150x150.jpg","full_url":"https:\/\/dacasas.es\/wp-content\/uploads\/2025\/05\/dacasas-Villa-16.jpg","title":"dacasas - Villa 16","caption":"","description":"","alt":"","srcset":"https:\/\/dacasas.es\/wp-content\/uploads\/2025\/05\/dacasas-Villa-16-150x150.jpg 150w, https:\/\/dacasas.es\/wp-content\/uploads\/2025\/05\/dacasas-Villa-16-210x210.jpg 210w"},{"width":150,"height":150,"file":"2025\/05\/dacasas-Villa-19.jpg","filesize":137172,"sizes":{"medium":{"file":"dacasas-Villa-19-300x169.jpg","width":300,"height":169,"mime-type":"image\/jpeg","filesize":17706,"url":"https:\/\/dacasas.es\/wp-content\/uploads\/2025\/05\/dacasas-Villa-19-300x169.jpg"},"thumbnail":{"file":"dacasas-Villa-19-150x150.jpg","width":150,"height":150,"mime-type":"image\/jpeg","filesize":10113,"url":"https:\/\/dacasas.es\/wp-content\/uploads\/2025\/05\/dacasas-Villa-19-150x150.jpg"},"trp-custom-language-flag":{"file":"dacasas-Villa-19-18x10.jpg","width":18,"height":10,"mime-type":"image\/jpeg","filesize":4117,"url":"https:\/\/dacasas.es\/wp-content\/uploads\/2025\/05\/dacasas-Villa-19-18x10.jpg"},"post-thumbnail":{"file":"dacasas-Villa-19-150x84.jpg","width":150,"height":84,"mime-type":"image\/jpeg","filesize":8028,"url":"https:\/\/dacasas.es\/wp-content\/uploads\/2025\/05\/dacasas-Villa-19-150x84.jpg"},"property-thumb-image":{"file":"dacasas-Villa-19-488x326.jpg","width":488,"height":326,"mime-type":"image\/jpeg","filesize":39773,"url":"https:\/\/dacasas.es\/wp-content\/uploads\/2025\/05\/dacasas-Villa-19-488x326.jpg"},"agent-image":{"file":"dacasas-Villa-19-210x210.jpg","width":210,"height":210,"mime-type":"image\/jpeg","filesize":15250,"url":"https:\/\/dacasas.es\/wp-content\/uploads\/2025\/05\/dacasas-Villa-19-210x210.jpg"},"partners-logo":{"file":"dacasas-Villa-19-600x360.jpg","width":600,"height":360,"mime-type":"image\/jpeg","filesize":55793,"url":"https:\/\/dacasas.es\/wp-content\/uploads\/2025\/05\/dacasas-Villa-19-600x360.jpg"}},"image_meta":{"aperture":"0","credit":"","camera":"","caption":"","created_timestamp":"0","copyright":"","focal_length":"0","iso":"0","shutter_speed":"0","title":"","orientation":"0","keywords":[]},"ID":"73407","name":"dacasas-Villa-19.jpg","path":"\/var\/www\/vhosts\/dacasas.es\/httpdocs\/wp-content\/uploads\/2025\/05\/dacasas-Villa-19.jpg","url":"https:\/\/dacasas.es\/wp-content\/uploads\/2025\/05\/dacasas-Villa-19-150x150.jpg","full_url":"https:\/\/dacasas.es\/wp-content\/uploads\/2025\/05\/dacasas-Villa-19.jpg","title":"dacasas - Villa 19","caption":"","description":"","alt":"","srcset":"https:\/\/dacasas.es\/wp-content\/uploads\/2025\/05\/dacasas-Villa-19-150x150.jpg 150w, https:\/\/dacasas.es\/wp-content\/uploads\/2025\/05\/dacasas-Villa-19-210x210.jpg 210w"},{"width":150,"height":150,"file":"2025\/05\/dacasas-Villa-5.jpg","filesize":1442275,"sizes":{"medium":{"file":"dacasas-Villa-5-300x203.jpg","width":300,"height":203,"mime-type":"image\/jpeg","filesize":20937,"url":"https:\/\/dacasas.es\/wp-content\/uploads\/2025\/05\/dacasas-Villa-5-300x203.jpg"},"large":{"file":"dacasas-Villa-5-1024x694.jpg","width":1024,"height":694,"mime-type":"image\/jpeg","filesize":154903,"url":"https:\/\/dacasas.es\/wp-content\/uploads\/2025\/05\/dacasas-Villa-5-1024x694.jpg"},"thumbnail":{"file":"dacasas-Villa-5-150x150.jpg","width":150,"height":150,"mime-type":"image\/jpeg","filesize":10867,"url":"https:\/\/dacasas.es\/wp-content\/uploads\/2025\/05\/dacasas-Villa-5-150x150.jpg"},"medium_large":{"file":"dacasas-Villa-5-768x521.jpg","width":768,"height":521,"mime-type":"image\/jpeg","filesize":95007,"url":"https:\/\/dacasas.es\/wp-content\/uploads\/2025\/05\/dacasas-Villa-5-768x521.jpg"},"1536x1536":{"file":"dacasas-Villa-5-1536x1041.jpg","width":1536,"height":1041,"mime-type":"image\/jpeg","filesize":313311,"url":"https:\/\/dacasas.es\/wp-content\/uploads\/2025\/05\/dacasas-Villa-5-1536x1041.jpg"},"trp-custom-language-flag":{"file":"dacasas-Villa-5-18x12.jpg","width":18,"height":12,"mime-type":"image\/jpeg","filesize":4132,"url":"https:\/\/dacasas.es\/wp-content\/uploads\/2025\/05\/dacasas-Villa-5-18x12.jpg"},"post-thumbnail":{"file":"dacasas-Villa-5-150x102.jpg","width":150,"height":102,"mime-type":"image\/jpeg","filesize":8776,"url":"https:\/\/dacasas.es\/wp-content\/uploads\/2025\/05\/dacasas-Villa-5-150x102.jpg"},"modern-property-child-slider":{"file":"dacasas-Villa-5-680x510.jpg","width":680,"height":510,"mime-type":"image\/jpeg","filesize":82836,"url":"https:\/\/dacasas.es\/wp-content\/uploads\/2025\/05\/dacasas-Villa-5-680x510.jpg"},"property-thumb-image":{"file":"dacasas-Villa-5-488x326.jpg","width":488,"height":326,"mime-type":"image\/jpeg","filesize":43379,"url":"https:\/\/dacasas.es\/wp-content\/uploads\/2025\/05\/dacasas-Villa-5-488x326.jpg"},"property-detail-video-image":{"file":"dacasas-Villa-5-818x417.jpg","width":818,"height":417,"mime-type":"image\/jpeg","filesize":80633,"url":"https:\/\/dacasas.es\/wp-content\/uploads\/2025\/05\/dacasas-Villa-5-818x417.jpg"},"agent-image":{"file":"dacasas-Villa-5-210x210.jpg","width":210,"height":210,"mime-type":"image\/jpeg","filesize":16792,"url":"https:\/\/dacasas.es\/wp-content\/uploads\/2025\/05\/dacasas-Villa-5-210x210.jpg"},"partners-logo":{"file":"dacasas-Villa-5-600x1388.jpg","width":600,"height":1388,"mime-type":"image\/jpeg","filesize":175329,"url":"https:\/\/dacasas.es\/wp-content\/uploads\/2025\/05\/dacasas-Villa-5-600x1388.jpg"},"post-featured-image":{"file":"dacasas-Villa-5-1240x720.jpg","width":1240,"height":720,"mime-type":"image\/jpeg","filesize":188487,"url":"https:\/\/dacasas.es\/wp-content\/uploads\/2025\/05\/dacasas-Villa-5-1240x720.jpg"}},"image_meta":{"aperture":"0","credit":"","camera":"","caption":"","created_timestamp":"0","copyright":"","focal_length":"0","iso":"0","shutter_speed":"0","title":"","orientation":"0","keywords":[]},"ID":"73394","name":"dacasas-Villa-5.jpg","path":"\/var\/www\/vhosts\/dacasas.es\/httpdocs\/wp-content\/uploads\/2025\/05\/dacasas-Villa-5.jpg","url":"https:\/\/dacasas.es\/wp-content\/uploads\/2025\/05\/dacasas-Villa-5-150x150.jpg","full_url":"https:\/\/dacasas.es\/wp-content\/uploads\/2025\/05\/dacasas-Villa-5.jpg","title":"dacasas - Villa 5","caption":"","description":"","alt":"","srcset":"https:\/\/dacasas.es\/wp-content\/uploads\/2025\/05\/dacasas-Villa-5-150x150.jpg 150w, https:\/\/dacasas.es\/wp-content\/uploads\/2025\/05\/dacasas-Villa-5-210x210.jpg 210w"},{"width":150,"height":150,"file":"2025\/05\/dacasas-Villa-3.jpg","filesize":1035189,"sizes":{"medium":{"file":"dacasas-Villa-3-300x225.jpg","width":300,"height":225,"mime-type":"image\/jpeg","filesize":22301,"url":"https:\/\/dacasas.es\/wp-content\/uploads\/2025\/05\/dacasas-Villa-3-300x225.jpg"},"large":{"file":"dacasas-Villa-3-1024x768.jpg","width":1024,"height":768,"mime-type":"image\/jpeg","filesize":181191,"url":"https:\/\/dacasas.es\/wp-content\/uploads\/2025\/05\/dacasas-Villa-3-1024x768.jpg"},"thumbnail":{"file":"dacasas-Villa-3-150x150.jpg","width":150,"height":150,"mime-type":"image\/jpeg","filesize":10440,"url":"https:\/\/dacasas.es\/wp-content\/uploads\/2025\/05\/dacasas-Villa-3-150x150.jpg"},"medium_large":{"file":"dacasas-Villa-3-768x576.jpg","width":768,"height":576,"mime-type":"image\/jpeg","filesize":107354,"url":"https:\/\/dacasas.es\/wp-content\/uploads\/2025\/05\/dacasas-Villa-3-768x576.jpg"},"1536x1536":{"file":"dacasas-Villa-3-1536x1152.jpg","width":1536,"height":1152,"mime-type":"image\/jpeg","filesize":369596,"url":"https:\/\/dacasas.es\/wp-content\/uploads\/2025\/05\/dacasas-Villa-3-1536x1152.jpg"},"trp-custom-language-flag":{"file":"dacasas-Villa-3-16x12.jpg","width":16,"height":12,"mime-type":"image\/jpeg","filesize":4060,"url":"https:\/\/dacasas.es\/wp-content\/uploads\/2025\/05\/dacasas-Villa-3-16x12.jpg"},"post-thumbnail":{"file":"dacasas-Villa-3-150x113.jpg","width":150,"height":113,"mime-type":"image\/jpeg","filesize":9237,"url":"https:\/\/dacasas.es\/wp-content\/uploads\/2025\/05\/dacasas-Villa-3-150x113.jpg"},"modern-property-child-slider":{"file":"dacasas-Villa-3-680x510.jpg","width":680,"height":510,"mime-type":"image\/jpeg","filesize":86007,"url":"https:\/\/dacasas.es\/wp-content\/uploads\/2025\/05\/dacasas-Villa-3-680x510.jpg"},"property-thumb-image":{"file":"dacasas-Villa-3-488x326.jpg","width":488,"height":326,"mime-type":"image\/jpeg","filesize":44372,"url":"https:\/\/dacasas.es\/wp-content\/uploads\/2025\/05\/dacasas-Villa-3-488x326.jpg"},"property-detail-video-image":{"file":"dacasas-Villa-3-818x417.jpg","width":818,"height":417,"mime-type":"image\/jpeg","filesize":89937,"url":"https:\/\/dacasas.es\/wp-content\/uploads\/2025\/05\/dacasas-Villa-3-818x417.jpg"},"agent-image":{"file":"dacasas-Villa-3-210x210.jpg","width":210,"height":210,"mime-type":"image\/jpeg","filesize":16060,"url":"https:\/\/dacasas.es\/wp-content\/uploads\/2025\/05\/dacasas-Villa-3-210x210.jpg"},"partners-logo":{"file":"dacasas-Villa-3-600x1200.jpg","width":600,"height":1200,"mime-type":"image\/jpeg","filesize":168407,"url":"https:\/\/dacasas.es\/wp-content\/uploads\/2025\/05\/dacasas-Villa-3-600x1200.jpg"},"post-featured-image":{"file":"dacasas-Villa-3-1240x720.jpg","width":1240,"height":720,"mime-type":"image\/jpeg","filesize":206853,"url":"https:\/\/dacasas.es\/wp-content\/uploads\/2025\/05\/dacasas-Villa-3-1240x720.jpg"}},"image_meta":{"aperture":"0","credit":"","camera":"","caption":"","created_timestamp":"0","copyright":"","focal_length":"0","iso":"0","shutter_speed":"0","title":"","orientation":"0","keywords":[]},"ID":"73392","name":"dacasas-Villa-3.jpg","path":"\/var\/www\/vhosts\/dacasas.es\/httpdocs\/wp-content\/uploads\/2025\/05\/dacasas-Villa-3.jpg","url":"https:\/\/dacasas.es\/wp-content\/uploads\/2025\/05\/dacasas-Villa-3-150x150.jpg","full_url":"https:\/\/dacasas.es\/wp-content\/uploads\/2025\/05\/dacasas-Villa-3.jpg","title":"dacasas - Villa 3","caption":"","description":"","alt":"","srcset":"https:\/\/dacasas.es\/wp-content\/uploads\/2025\/05\/dacasas-Villa-3-150x150.jpg 150w, https:\/\/dacasas.es\/wp-content\/uploads\/2025\/05\/dacasas-Villa-3-210x210.jpg 210w"},{"width":150,"height":150,"file":"2025\/05\/dacasas-Villa-14.jpg","filesize":482292,"sizes":{"medium":{"file":"dacasas-Villa-14-300x96.jpg","width":300,"height":96,"mime-type":"image\/jpeg","filesize":11193,"url":"https:\/\/dacasas.es\/wp-content\/uploads\/2025\/05\/dacasas-Villa-14-300x96.jpg"},"large":{"file":"dacasas-Villa-14-1024x329.jpg","width":1024,"height":329,"mime-type":"image\/jpeg","filesize":78934,"url":"https:\/\/dacasas.es\/wp-content\/uploads\/2025\/05\/dacasas-Villa-14-1024x329.jpg"},"thumbnail":{"file":"dacasas-Villa-14-150x150.jpg","width":150,"height":150,"mime-type":"image\/jpeg","filesize":8995,"url":"https:\/\/dacasas.es\/wp-content\/uploads\/2025\/05\/dacasas-Villa-14-150x150.jpg"},"medium_large":{"file":"dacasas-Villa-14-768x247.jpg","width":768,"height":247,"mime-type":"image\/jpeg","filesize":46207,"url":"https:\/\/dacasas.es\/wp-content\/uploads\/2025\/05\/dacasas-Villa-14-768x247.jpg"},"1536x1536":{"file":"dacasas-Villa-14-1536x493.jpg","width":1536,"height":493,"mime-type":"image\/jpeg","filesize":165534,"url":"https:\/\/dacasas.es\/wp-content\/uploads\/2025\/05\/dacasas-Villa-14-1536x493.jpg"},"trp-custom-language-flag":{"file":"dacasas-Villa-14-18x6.jpg","width":18,"height":6,"mime-type":"image\/jpeg","filesize":4053,"url":"https:\/\/dacasas.es\/wp-content\/uploads\/2025\/05\/dacasas-Villa-14-18x6.jpg"},"post-thumbnail":{"file":"dacasas-Villa-14-150x48.jpg","width":150,"height":48,"mime-type":"image\/jpeg","filesize":6122,"url":"https:\/\/dacasas.es\/wp-content\/uploads\/2025\/05\/dacasas-Villa-14-150x48.jpg"},"modern-property-child-slider":{"file":"dacasas-Villa-14-680x510.jpg","width":680,"height":510,"mime-type":"image\/jpeg","filesize":71766,"url":"https:\/\/dacasas.es\/wp-content\/uploads\/2025\/05\/dacasas-Villa-14-680x510.jpg"},"property-thumb-image":{"file":"dacasas-Villa-14-488x326.jpg","width":488,"height":326,"mime-type":"image\/jpeg","filesize":37353,"url":"https:\/\/dacasas.es\/wp-content\/uploads\/2025\/05\/dacasas-Villa-14-488x326.jpg"},"property-detail-video-image":{"file":"dacasas-Villa-14-818x417.jpg","width":818,"height":417,"mime-type":"image\/jpeg","filesize":76224,"url":"https:\/\/dacasas.es\/wp-content\/uploads\/2025\/05\/dacasas-Villa-14-818x417.jpg"},"agent-image":{"file":"dacasas-Villa-14-210x210.jpg","width":210,"height":210,"mime-type":"image\/jpeg","filesize":13190,"url":"https:\/\/dacasas.es\/wp-content\/uploads\/2025\/05\/dacasas-Villa-14-210x210.jpg"},"partners-logo":{"file":"dacasas-Villa-14-600x514.jpg","width":600,"height":514,"mime-type":"image\/jpeg","filesize":71316,"url":"https:\/\/dacasas.es\/wp-content\/uploads\/2025\/05\/dacasas-Villa-14-600x514.jpg"},"post-featured-image":{"file":"dacasas-Villa-14-1240x514.jpg","width":1240,"height":514,"mime-type":"image\/jpeg","filesize":155990,"url":"https:\/\/dacasas.es\/wp-content\/uploads\/2025\/05\/dacasas-Villa-14-1240x514.jpg"}},"image_meta":{"aperture":"0","credit":"","camera":"","caption":"","created_timestamp":"0","copyright":"","focal_length":"0","iso":"0","shutter_speed":"0","title":"","orientation":"0","keywords":[]},"ID":"73402","name":"dacasas-Villa-14.jpg","path":"\/var\/www\/vhosts\/dacasas.es\/httpdocs\/wp-content\/uploads\/2025\/05\/dacasas-Villa-14.jpg","url":"https:\/\/dacasas.es\/wp-content\/uploads\/2025\/05\/dacasas-Villa-14-150x150.jpg","full_url":"https:\/\/dacasas.es\/wp-content\/uploads\/2025\/05\/dacasas-Villa-14.jpg","title":"dacasas - Villa 14","caption":"","description":"","alt":"","srcset":"https:\/\/dacasas.es\/wp-content\/uploads\/2025\/05\/dacasas-Villa-14-150x150.jpg 150w, https:\/\/dacasas.es\/wp-content\/uploads\/2025\/05\/dacasas-Villa-14-210x210.jpg 210w"},{"width":150,"height":150,"file":"2025\/05\/dacasas-Beniarbeig-4.jpg","filesize":2660067,"sizes":{"medium":{"file":"dacasas-Beniarbeig-4-300x225.jpg","width":300,"height":225,"mime-type":"image\/jpeg","filesize":15754,"url":"https:\/\/dacasas.es\/wp-content\/uploads\/2025\/05\/dacasas-Beniarbeig-4-300x225.jpg"},"large":{"file":"dacasas-Beniarbeig-4-1024x768.jpg","width":1024,"height":768,"mime-type":"image\/jpeg","filesize":116418,"url":"https:\/\/dacasas.es\/wp-content\/uploads\/2025\/05\/dacasas-Beniarbeig-4-1024x768.jpg"},"thumbnail":{"file":"dacasas-Beniarbeig-4-150x150.jpg","width":150,"height":150,"mime-type":"image\/jpeg","filesize":8986,"url":"https:\/\/dacasas.es\/wp-content\/uploads\/2025\/05\/dacasas-Beniarbeig-4-150x150.jpg"},"medium_large":{"file":"dacasas-Beniarbeig-4-768x576.jpg","width":768,"height":576,"mime-type":"image\/jpeg","filesize":67163,"url":"https:\/\/dacasas.es\/wp-content\/uploads\/2025\/05\/dacasas-Beniarbeig-4-768x576.jpg"},"1536x1536":{"file":"dacasas-Beniarbeig-4-1536x1152.jpg","width":1536,"height":1152,"mime-type":"image\/jpeg","filesize":256281,"url":"https:\/\/dacasas.es\/wp-content\/uploads\/2025\/05\/dacasas-Beniarbeig-4-1536x1152.jpg"},"trp-custom-language-flag":{"file":"dacasas-Beniarbeig-4-16x12.jpg","width":16,"height":12,"mime-type":"image\/jpeg","filesize":5273,"url":"https:\/\/dacasas.es\/wp-content\/uploads\/2025\/05\/dacasas-Beniarbeig-4-16x12.jpg"},"post-thumbnail":{"file":"dacasas-Beniarbeig-4-150x113.jpg","width":150,"height":113,"mime-type":"image\/jpeg","filesize":8465,"url":"https:\/\/dacasas.es\/wp-content\/uploads\/2025\/05\/dacasas-Beniarbeig-4-150x113.jpg"},"modern-property-child-slider":{"file":"dacasas-Beniarbeig-4-680x510.jpg","width":680,"height":510,"mime-type":"image\/jpeg","filesize":53554,"url":"https:\/\/dacasas.es\/wp-content\/uploads\/2025\/05\/dacasas-Beniarbeig-4-680x510.jpg"},"property-thumb-image":{"file":"dacasas-Beniarbeig-4-488x326.jpg","width":488,"height":326,"mime-type":"image\/jpeg","filesize":28207,"url":"https:\/\/dacasas.es\/wp-content\/uploads\/2025\/05\/dacasas-Beniarbeig-4-488x326.jpg"},"property-detail-video-image":{"file":"dacasas-Beniarbeig-4-818x417.jpg","width":818,"height":417,"mime-type":"image\/jpeg","filesize":56805,"url":"https:\/\/dacasas.es\/wp-content\/uploads\/2025\/05\/dacasas-Beniarbeig-4-818x417.jpg"},"agent-image":{"file":"dacasas-Beniarbeig-4-210x210.jpg","width":210,"height":210,"mime-type":"image\/jpeg","filesize":12095,"url":"https:\/\/dacasas.es\/wp-content\/uploads\/2025\/05\/dacasas-Beniarbeig-4-210x210.jpg"},"partners-logo":{"file":"dacasas-Beniarbeig-4-600x1500.jpg","width":600,"height":1500,"mime-type":"image\/jpeg","filesize":155789,"url":"https:\/\/dacasas.es\/wp-content\/uploads\/2025\/05\/dacasas-Beniarbeig-4-600x1500.jpg"},"post-featured-image":{"file":"dacasas-Beniarbeig-4-1240x720.jpg","width":1240,"height":720,"mime-type":"image\/jpeg","filesize":135666,"url":"https:\/\/dacasas.es\/wp-content\/uploads\/2025\/05\/dacasas-Beniarbeig-4-1240x720.jpg"}},"image_meta":{"aperture":"2.2","credit":"","camera":"SM-G975F","caption":"","created_timestamp":"0","copyright":"","focal_length":"1.8","iso":"50","shutter_speed":"0.00043554006968641","title":"","orientation":"1","keywords":[]},"ID":"73586","name":"dacasas-Beniarbeig-4.jpg","path":"\/var\/www\/vhosts\/dacasas.es\/httpdocs\/wp-content\/uploads\/2025\/05\/dacasas-Beniarbeig-4.jpg","url":"https:\/\/dacasas.es\/wp-content\/uploads\/2025\/05\/dacasas-Beniarbeig-4-150x150.jpg","full_url":"https:\/\/dacasas.es\/wp-content\/uploads\/2025\/05\/dacasas-Beniarbeig-4.jpg","title":"dacasas - Beniarbeig 4","caption":"","description":"","alt":"","srcset":"https:\/\/dacasas.es\/wp-content\/uploads\/2025\/05\/dacasas-Beniarbeig-4-150x150.jpg 150w, https:\/\/dacasas.es\/wp-content\/uploads\/2025\/05\/dacasas-Beniarbeig-4-210x210.jpg 210w"},{"width":150,"height":150,"file":"2025\/05\/dacasas-Beniarbeig-15.jpg","filesize":2856569,"sizes":{"medium":{"file":"dacasas-Beniarbeig-15-300x225.jpg","width":300,"height":225,"mime-type":"image\/jpeg","filesize":17099,"url":"https:\/\/dacasas.es\/wp-content\/uploads\/2025\/05\/dacasas-Beniarbeig-15-300x225.jpg"},"large":{"file":"dacasas-Beniarbeig-15-1024x768.jpg","width":1024,"height":768,"mime-type":"image\/jpeg","filesize":131317,"url":"https:\/\/dacasas.es\/wp-content\/uploads\/2025\/05\/dacasas-Beniarbeig-15-1024x768.jpg"},"thumbnail":{"file":"dacasas-Beniarbeig-15-150x150.jpg","width":150,"height":150,"mime-type":"image\/jpeg","filesize":9598,"url":"https:\/\/dacasas.es\/wp-content\/uploads\/2025\/05\/dacasas-Beniarbeig-15-150x150.jpg"},"medium_large":{"file":"dacasas-Beniarbeig-15-768x576.jpg","width":768,"height":576,"mime-type":"image\/jpeg","filesize":75171,"url":"https:\/\/dacasas.es\/wp-content\/uploads\/2025\/05\/dacasas-Beniarbeig-15-768x576.jpg"},"1536x1536":{"file":"dacasas-Beniarbeig-15-1536x1152.jpg","width":1536,"height":1152,"mime-type":"image\/jpeg","filesize":289162,"url":"https:\/\/dacasas.es\/wp-content\/uploads\/2025\/05\/dacasas-Beniarbeig-15-1536x1152.jpg"},"trp-custom-language-flag":{"file":"dacasas-Beniarbeig-15-16x12.jpg","width":16,"height":12,"mime-type":"image\/jpeg","filesize":5281,"url":"https:\/\/dacasas.es\/wp-content\/uploads\/2025\/05\/dacasas-Beniarbeig-15-16x12.jpg"},"post-thumbnail":{"file":"dacasas-Beniarbeig-15-150x113.jpg","width":150,"height":113,"mime-type":"image\/jpeg","filesize":8856,"url":"https:\/\/dacasas.es\/wp-content\/uploads\/2025\/05\/dacasas-Beniarbeig-15-150x113.jpg"},"modern-property-child-slider":{"file":"dacasas-Beniarbeig-15-680x510.jpg","width":680,"height":510,"mime-type":"image\/jpeg","filesize":59935,"url":"https:\/\/dacasas.es\/wp-content\/uploads\/2025\/05\/dacasas-Beniarbeig-15-680x510.jpg"},"property-thumb-image":{"file":"dacasas-Beniarbeig-15-488x326.jpg","width":488,"height":326,"mime-type":"image\/jpeg","filesize":31133,"url":"https:\/\/dacasas.es\/wp-content\/uploads\/2025\/05\/dacasas-Beniarbeig-15-488x326.jpg"},"property-detail-video-image":{"file":"dacasas-Beniarbeig-15-818x417.jpg","width":818,"height":417,"mime-type":"image\/jpeg","filesize":60841,"url":"https:\/\/dacasas.es\/wp-content\/uploads\/2025\/05\/dacasas-Beniarbeig-15-818x417.jpg"},"agent-image":{"file":"dacasas-Beniarbeig-15-210x210.jpg","width":210,"height":210,"mime-type":"image\/jpeg","filesize":13292,"url":"https:\/\/dacasas.es\/wp-content\/uploads\/2025\/05\/dacasas-Beniarbeig-15-210x210.jpg"},"partners-logo":{"file":"dacasas-Beniarbeig-15-600x1500.jpg","width":600,"height":1500,"mime-type":"image\/jpeg","filesize":166424,"url":"https:\/\/dacasas.es\/wp-content\/uploads\/2025\/05\/dacasas-Beniarbeig-15-600x1500.jpg"},"post-featured-image":{"file":"dacasas-Beniarbeig-15-1240x720.jpg","width":1240,"height":720,"mime-type":"image\/jpeg","filesize":146617,"url":"https:\/\/dacasas.es\/wp-content\/uploads\/2025\/05\/dacasas-Beniarbeig-15-1240x720.jpg"}},"image_meta":{"aperture":"2.2","credit":"","camera":"SM-G975F","caption":"","created_timestamp":"0","copyright":"","focal_length":"1.8","iso":"50","shutter_speed":"0.00049407114624506","title":"","orientation":"1","keywords":[]},"ID":"73596","name":"dacasas-Beniarbeig-15.jpg","path":"\/var\/www\/vhosts\/dacasas.es\/httpdocs\/wp-content\/uploads\/2025\/05\/dacasas-Beniarbeig-15.jpg","url":"https:\/\/dacasas.es\/wp-content\/uploads\/2025\/05\/dacasas-Beniarbeig-15-150x150.jpg","full_url":"https:\/\/dacasas.es\/wp-content\/uploads\/2025\/05\/dacasas-Beniarbeig-15.jpg","title":"dacasas - Beniarbeig 15","caption":"","description":"","alt":"","srcset":"https:\/\/dacasas.es\/wp-content\/uploads\/2025\/05\/dacasas-Beniarbeig-15-150x150.jpg 150w, https:\/\/dacasas.es\/wp-content\/uploads\/2025\/05\/dacasas-Beniarbeig-15-210x210.jpg 210w"},{"width":150,"height":150,"file":"2025\/07\/dacasas-Villa-36.jpg","filesize":80978,"sizes":{"medium":{"file":"dacasas-Villa-36-300x169.jpg","width":300,"height":169,"mime-type":"image\/jpeg","filesize":13633,"url":"https:\/\/dacasas.es\/wp-content\/uploads\/2025\/07\/dacasas-Villa-36-300x169.jpg"},"thumbnail":{"file":"dacasas-Villa-36-150x150.jpg","width":150,"height":150,"mime-type":"image\/jpeg","filesize":8995,"url":"https:\/\/dacasas.es\/wp-content\/uploads\/2025\/07\/dacasas-Villa-36-150x150.jpg"},"trp-custom-language-flag":{"file":"dacasas-Villa-36-18x10.jpg","width":18,"height":10,"mime-type":"image\/jpeg","filesize":4090,"url":"https:\/\/dacasas.es\/wp-content\/uploads\/2025\/07\/dacasas-Villa-36-18x10.jpg"},"post-thumbnail":{"file":"dacasas-Villa-36-150x84.jpg","width":150,"height":84,"mime-type":"image\/jpeg","filesize":7128,"url":"https:\/\/dacasas.es\/wp-content\/uploads\/2025\/07\/dacasas-Villa-36-150x84.jpg"},"property-thumb-image":{"file":"dacasas-Villa-36-488x326.jpg","width":488,"height":326,"mime-type":"image\/jpeg","filesize":26936,"url":"https:\/\/dacasas.es\/wp-content\/uploads\/2025\/07\/dacasas-Villa-36-488x326.jpg"},"agent-image":{"file":"dacasas-Villa-36-210x210.jpg","width":210,"height":210,"mime-type":"image\/jpeg","filesize":12537,"url":"https:\/\/dacasas.es\/wp-content\/uploads\/2025\/07\/dacasas-Villa-36-210x210.jpg"},"partners-logo":{"file":"dacasas-Villa-36-600x360.jpg","width":600,"height":360,"mime-type":"image\/jpeg","filesize":34714,"url":"https:\/\/dacasas.es\/wp-content\/uploads\/2025\/07\/dacasas-Villa-36-600x360.jpg"}},"image_meta":{"aperture":"0","credit":"","camera":"","caption":"","created_timestamp":"0","copyright":"","focal_length":"0","iso":"0","shutter_speed":"0","title":"","orientation":"0","keywords":[]},"ID":"73858","name":"dacasas-Villa-36.jpg","path":"\/var\/www\/vhosts\/dacasas.es\/httpdocs\/wp-content\/uploads\/2025\/07\/dacasas-Villa-36.jpg","url":"https:\/\/dacasas.es\/wp-content\/uploads\/2025\/07\/dacasas-Villa-36-150x150.jpg","full_url":"https:\/\/dacasas.es\/wp-content\/uploads\/2025\/07\/dacasas-Villa-36.jpg","title":"dacasas - Villa 36","caption":"","description":"","alt":"","srcset":"https:\/\/dacasas.es\/wp-content\/uploads\/2025\/07\/dacasas-Villa-36-150x150.jpg 150w, https:\/\/dacasas.es\/wp-content\/uploads\/2025\/07\/dacasas-Villa-36-210x210.jpg 210w"}],"REAL_HOMES_change_gallery_slider_type":"0","REAL_HOMES_gallery_slider_type":"thumb-on-right","inspiry_floor_plans":[],"inspiry_video_group":[{"inspiry_video_group_title":"Dacasas","inspiry_video_group_url":"https:\/\/youtu.be\/vLYC5bwkXak"}],"REAL_HOMES_360_virtual_tour":"","REAL_HOMES_agent_display_option":"none","REAL_HOMES_agents":["57"],"REAL_HOMES_energy_class":"none","REAL_HOMES_energy_performance":"","REAL_HOMES_epc_current_rating":"","REAL_HOMES_epc_potential_rating":"","ere_property_schedule_tour":"global","ere_property_schedule_time_slots":"","ere_property_schedule_description":"","REAL_HOMES_sticky":"0","inspiry_property_label":"Gereserveerd!","inspiry_property_label_color":"#81d742","inspiry_property_tax":"0","inspiry_additional_fee":"0","REAL_HOMES_attachments":[],"inspiry_property_owner_name":"","inspiry_property_owner_contact":"","inspiry_property_owner_address":"","REAL_HOMES_property_private_note":"","inspiry_message_to_reviewer":"","REAL_HOMES_add_in_slider":"no","REAL_HOMES_slider_image":[],"REAL_HOMES_page_banner_image":[],"REAL_HOMES_hide_property_advance_search":"0","inspiry_maximale_prijs":"","REAL_HOMES_custom_header_display":"default","REAL_HOMES_custom_header_position":"relative","REAL_HOMES_custom_footer_display":"default","REAL_HOMES_hide_advance_search":"0","REAL_HOMES_custom_search_form":"default","REAL_HOMES_search_form_margin_top":"","REAL_HOMES_search_form_margin_bottom":""},"_links":{"self":[{"href":"https:\/\/dacasas.es\/fr\/wp-json\/wp\/v2\/woning\/73389","targetHints":{"allow":["GET"]}}],"collection":[{"href":"https:\/\/dacasas.es\/fr\/wp-json\/wp\/v2\/woning"}],"about":[{"href":"https:\/\/dacasas.es\/fr\/wp-json\/wp\/v2\/types\/property"}],"author":[{"embeddable":true,"href":"https:\/\/dacasas.es\/fr\/wp-json\/wp\/v2\/users\/5"}],"replies":[{"embeddable":true,"href":"https:\/\/dacasas.es\/fr\/wp-json\/wp\/v2\/comments?post=73389"}],"version-history":[{"count":1,"href":"https:\/\/dacasas.es\/fr\/wp-json\/wp\/v2\/woning\/73389\/revisions"}],"predecessor-version":[{"id":73426,"href":"https:\/\/dacasas.es\/fr\/wp-json\/wp\/v2\/woning\/73389\/revisions\/73426"}],"wp:featuredmedia":[{"embeddable":true,"href":"https:\/\/dacasas.es\/fr\/wp-json\/wp\/v2\/media\/73414"}],"wp:attachment":[{"href":"https:\/\/dacasas.es\/fr\/wp-json\/wp\/v2\/media?parent=73389"}],"wp:term":[{"taxonomy":"property-feature","embeddable":true,"href":"https:\/\/dacasas.es\/fr\/wp-json\/wp\/v2\/woning-eigenschap?post=73389"},{"taxonomy":"property-type","embeddable":true,"href":"https:\/\/dacasas.es\/fr\/wp-json\/wp\/v2\/woning-type?post=73389"},{"taxonomy":"property-city","embeddable":true,"href":"https:\/\/dacasas.es\/fr\/wp-json\/wp\/v2\/woning-locatie?post=73389"},{"taxonomy":"property-status","embeddable":true,"href":"https:\/\/dacasas.es\/fr\/wp-json\/wp\/v2\/woning-status?post=73389"}],"curies":[{"name":"wp","href":"https:\/\/api.w.org\/{rel}","templated":true}]}}