{"id":67035,"date":"2023-11-15T16:39:13","date_gmt":"2023-11-15T14:39:13","guid":{"rendered":"https:\/\/dacasas.es\/?post_type=property&#038;p=67035"},"modified":"2025-05-27T15:10:02","modified_gmt":"2025-05-27T13:10:02","slug":"finca-rustique-a-jalon","status":"publish","type":"property","link":"https:\/\/dacasas.es\/fr\/woning\/rustieke-finca-in-jalon\/","title":{"rendered":"Finca rustique \u00e0 Jalon"},"content":{"rendered":"<p>Dacasas pr\u00e9sente une propri\u00e9t\u00e9 unique et charmante au c\u0153ur de Xal\u00f3, Alicante. Construite en 1948, la propri\u00e9t\u00e9 a beaucoup de caract\u00e8re et de charme, avec de belles vues sur les montagnes et la ville. La Finca a \u00e9t\u00e9 r\u00e9nov\u00e9e tout en conservant des caract\u00e9ristiques authentiques, y compris un plancher en verre renforc\u00e9, \u00e0 travers lequel vous pouvez voir l'espace de vie en dessous, c'est une caract\u00e9ristique vraiment \u00e9tonnante. <\/p>\n\n\n\n<p>Vendu !<\/p>","protected":false},"excerpt":{"rendered":"<p>Dacasas pr\u00e9sente une propri\u00e9t\u00e9 unique et charmante au c\u0153ur de Xal\u00f3, Alicante. Construite en 1948, la propri\u00e9t\u00e9 a beaucoup de caract\u00e8re et de charme, avec de belles vues sur les montagnes et la ville. La Finca a \u00e9t\u00e9 r\u00e9nov\u00e9e tout en conservant des \u00e9l\u00e9ments authentiques, notamment un plancher en verre arm\u00e9, permettant...<\/p>","protected":false},"author":5,"featured_media":67036,"parent":0,"menu_order":0,"comment_status":"closed","ping_status":"closed","template":"","woning-eigenschap":[96,35],"woning-type":[312],"woning-locatie":[313],"woning-status":[102],"class_list":["post-67035","property","type-property","status-publish","has-post-thumbnail","hentry","property-feature-airco","property-feature-zwembad","property-type-finca","property-city-jalon-xalo","property-status-verkocht"],"property_meta":{"REAL_HOMES_property_price":"","REAL_HOMES_property_old_price":"","REAL_HOMES_property_price_prefix":"","REAL_HOMES_property_price_postfix":"","REAL_HOMES_property_size":"","REAL_HOMES_property_size_postfix":"","REAL_HOMES_property_lot_size":"","REAL_HOMES_property_lot_size_postfix":"","REAL_HOMES_property_bedrooms":"","REAL_HOMES_property_bathrooms":"","REAL_HOMES_property_garage":"","REAL_HOMES_property_id":"","REAL_HOMES_property_year_built":"","REAL_HOMES_featured":"0","REAL_HOMES_additional_details_list":[],"REAL_HOMES_property_location":{"latitude":"38.7408285","longitude":"-0.0116019","zoom":"0"},"REAL_HOMES_property_address":"Xal\u00f3, la Marina Alta, Alicante, Valencia, 03727, Spanje","REAL_HOMES_property_map":"0","REAL_HOMES_property_images":[{"width":150,"height":150,"file":"2023\/11\/candcproperties-propiedades_64218356b1edc-source.jpg","filesize":957720,"sizes":{"medium":{"file":"candcproperties-propiedades_64218356b1edc-source-300x225.jpg","width":300,"height":225,"mime-type":"image\/jpeg","filesize":22037,"url":"https:\/\/dacasas.es\/wp-content\/uploads\/2023\/11\/candcproperties-propiedades_64218356b1edc-source-300x225.jpg"},"large":{"file":"candcproperties-propiedades_64218356b1edc-source-1024x768.jpg","width":1024,"height":768,"mime-type":"image\/jpeg","filesize":185479,"url":"https:\/\/dacasas.es\/wp-content\/uploads\/2023\/11\/candcproperties-propiedades_64218356b1edc-source-1024x768.jpg"},"thumbnail":{"file":"candcproperties-propiedades_64218356b1edc-source-150x150.jpg","width":150,"height":150,"mime-type":"image\/jpeg","filesize":9041,"url":"https:\/\/dacasas.es\/wp-content\/uploads\/2023\/11\/candcproperties-propiedades_64218356b1edc-source-150x150.jpg"},"medium_large":{"file":"candcproperties-propiedades_64218356b1edc-source-768x576.jpg","width":768,"height":576,"mime-type":"image\/jpeg","filesize":115334,"url":"https:\/\/dacasas.es\/wp-content\/uploads\/2023\/11\/candcproperties-propiedades_64218356b1edc-source-768x576.jpg"},"1536x1536":{"file":"candcproperties-propiedades_64218356b1edc-source-1536x1152.jpg","width":1536,"height":1152,"mime-type":"image\/jpeg","filesize":343271,"url":"https:\/\/dacasas.es\/wp-content\/uploads\/2023\/11\/candcproperties-propiedades_64218356b1edc-source-1536x1152.jpg"},"post-thumbnail":{"file":"candcproperties-propiedades_64218356b1edc-source-150x113.jpg","width":150,"height":113,"mime-type":"image\/jpeg","filesize":6743,"url":"https:\/\/dacasas.es\/wp-content\/uploads\/2023\/11\/candcproperties-propiedades_64218356b1edc-source-150x113.jpg"},"modern-property-child-slider":{"file":"candcproperties-propiedades_64218356b1edc-source-680x510.jpg","width":680,"height":510,"mime-type":"image\/jpeg","filesize":94209,"url":"https:\/\/dacasas.es\/wp-content\/uploads\/2023\/11\/candcproperties-propiedades_64218356b1edc-source-680x510.jpg"},"property-thumb-image":{"file":"candcproperties-propiedades_64218356b1edc-source-488x326.jpg","width":488,"height":326,"mime-type":"image\/jpeg","filesize":47678,"url":"https:\/\/dacasas.es\/wp-content\/uploads\/2023\/11\/candcproperties-propiedades_64218356b1edc-source-488x326.jpg"},"property-detail-video-image":{"file":"candcproperties-propiedades_64218356b1edc-source-818x417.jpg","width":818,"height":417,"mime-type":"image\/jpeg","filesize":95414,"url":"https:\/\/dacasas.es\/wp-content\/uploads\/2023\/11\/candcproperties-propiedades_64218356b1edc-source-818x417.jpg"},"agent-image":{"file":"candcproperties-propiedades_64218356b1edc-source-210x210.jpg","width":210,"height":210,"mime-type":"image\/jpeg","filesize":16117,"url":"https:\/\/dacasas.es\/wp-content\/uploads\/2023\/11\/candcproperties-propiedades_64218356b1edc-source-210x210.jpg"},"partners-logo":{"file":"candcproperties-propiedades_64218356b1edc-source-600x1200.jpg","width":600,"height":1200,"mime-type":"image\/jpeg","filesize":186985,"url":"https:\/\/dacasas.es\/wp-content\/uploads\/2023\/11\/candcproperties-propiedades_64218356b1edc-source-600x1200.jpg"},"post-featured-image":{"file":"candcproperties-propiedades_64218356b1edc-source-1240x720.jpg","width":1240,"height":720,"mime-type":"image\/jpeg","filesize":202110,"url":"https:\/\/dacasas.es\/wp-content\/uploads\/2023\/11\/candcproperties-propiedades_64218356b1edc-source-1240x720.jpg"}},"image_meta":{"aperture":"0","credit":"","camera":"","caption":"","created_timestamp":"0","copyright":"","focal_length":"0","iso":"0","shutter_speed":"0","title":"","orientation":"0","keywords":[]},"ID":"67029","name":"candcproperties-propiedades_64218356b1edc-source.jpg","path":"\/var\/www\/vhosts\/dacasas.es\/httpdocs\/wp-content\/uploads\/2023\/11\/candcproperties-propiedades_64218356b1edc-source.jpg","url":"https:\/\/dacasas.es\/wp-content\/uploads\/2023\/11\/candcproperties-propiedades_64218356b1edc-source-150x150.jpg","full_url":"https:\/\/dacasas.es\/wp-content\/uploads\/2023\/11\/candcproperties-propiedades_64218356b1edc-source.jpg","title":"candcproperties-propiedades_64218356b1edc-source","caption":"","description":"","alt":"","srcset":"https:\/\/dacasas.es\/wp-content\/uploads\/2023\/11\/candcproperties-propiedades_64218356b1edc-source-150x150.jpg 150w, https:\/\/dacasas.es\/wp-content\/uploads\/2023\/11\/candcproperties-propiedades_64218356b1edc-source-210x210.jpg 210w"},{"width":150,"height":150,"file":"2023\/11\/Afbeelding-van-WhatsApp-op-2023-11-13-om-13.52.44_90b5d2f4.jpg","filesize":1026122,"sizes":{"medium":{"file":"Afbeelding-van-WhatsApp-op-2023-11-13-om-13.52.44_90b5d2f4-300x300.jpg","width":300,"height":300,"mime-type":"image\/jpeg","filesize":32548,"url":"https:\/\/dacasas.es\/wp-content\/uploads\/2023\/11\/Afbeelding-van-WhatsApp-op-2023-11-13-om-13.52.44_90b5d2f4-300x300.jpg"},"thumbnail":{"file":"Afbeelding-van-WhatsApp-op-2023-11-13-om-13.52.44_90b5d2f4-150x150.jpg","width":150,"height":150,"mime-type":"image\/jpeg","filesize":9462,"url":"https:\/\/dacasas.es\/wp-content\/uploads\/2023\/11\/Afbeelding-van-WhatsApp-op-2023-11-13-om-13.52.44_90b5d2f4-150x150.jpg"},"medium_large":{"file":"Afbeelding-van-WhatsApp-op-2023-11-13-om-13.52.44_90b5d2f4-768x768.jpg","width":768,"height":768,"mime-type":"image\/jpeg","filesize":190769,"url":"https:\/\/dacasas.es\/wp-content\/uploads\/2023\/11\/Afbeelding-van-WhatsApp-op-2023-11-13-om-13.52.44_90b5d2f4-768x768.jpg"},"post-thumbnail":{"file":"Afbeelding-van-WhatsApp-op-2023-11-13-om-13.52.44_90b5d2f4-150x150.jpg","width":150,"height":150,"mime-type":"image\/jpeg","filesize":9462,"url":"https:\/\/dacasas.es\/wp-content\/uploads\/2023\/11\/Afbeelding-van-WhatsApp-op-2023-11-13-om-13.52.44_90b5d2f4-150x150.jpg"},"modern-property-child-slider":{"file":"Afbeelding-van-WhatsApp-op-2023-11-13-om-13.52.44_90b5d2f4-680x510.jpg","width":680,"height":510,"mime-type":"image\/jpeg","filesize":124485,"url":"https:\/\/dacasas.es\/wp-content\/uploads\/2023\/11\/Afbeelding-van-WhatsApp-op-2023-11-13-om-13.52.44_90b5d2f4-680x510.jpg"},"property-thumb-image":{"file":"Afbeelding-van-WhatsApp-op-2023-11-13-om-13.52.44_90b5d2f4-488x326.jpg","width":488,"height":326,"mime-type":"image\/jpeg","filesize":60883,"url":"https:\/\/dacasas.es\/wp-content\/uploads\/2023\/11\/Afbeelding-van-WhatsApp-op-2023-11-13-om-13.52.44_90b5d2f4-488x326.jpg"},"property-detail-video-image":{"file":"Afbeelding-van-WhatsApp-op-2023-11-13-om-13.52.44_90b5d2f4-818x417.jpg","width":818,"height":417,"mime-type":"image\/jpeg","filesize":129042,"url":"https:\/\/dacasas.es\/wp-content\/uploads\/2023\/11\/Afbeelding-van-WhatsApp-op-2023-11-13-om-13.52.44_90b5d2f4-818x417.jpg"},"agent-image":{"file":"Afbeelding-van-WhatsApp-op-2023-11-13-om-13.52.44_90b5d2f4-210x210.jpg","width":210,"height":210,"mime-type":"image\/jpeg","filesize":17260,"url":"https:\/\/dacasas.es\/wp-content\/uploads\/2023\/11\/Afbeelding-van-WhatsApp-op-2023-11-13-om-13.52.44_90b5d2f4-210x210.jpg"},"partners-logo":{"file":"Afbeelding-van-WhatsApp-op-2023-11-13-om-13.52.44_90b5d2f4-600x1024.jpg","width":600,"height":1024,"mime-type":"image\/jpeg","filesize":213538,"url":"https:\/\/dacasas.es\/wp-content\/uploads\/2023\/11\/Afbeelding-van-WhatsApp-op-2023-11-13-om-13.52.44_90b5d2f4-600x1024.jpg"},"post-featured-image":{"file":"Afbeelding-van-WhatsApp-op-2023-11-13-om-13.52.44_90b5d2f4-1024x720.jpg","width":1024,"height":720,"mime-type":"image\/jpeg","filesize":270119,"url":"https:\/\/dacasas.es\/wp-content\/uploads\/2023\/11\/Afbeelding-van-WhatsApp-op-2023-11-13-om-13.52.44_90b5d2f4-1024x720.jpg"}},"image_meta":{"aperture":"0","credit":"","camera":"","caption":"","created_timestamp":"0","copyright":"","focal_length":"0","iso":"0","shutter_speed":"0","title":"","orientation":"0","keywords":[]},"ID":"67014","name":"Afbeelding-van-WhatsApp-op-2023-11-13-om-13.52.44_90b5d2f4.jpg","path":"\/var\/www\/vhosts\/dacasas.es\/httpdocs\/wp-content\/uploads\/2023\/11\/Afbeelding-van-WhatsApp-op-2023-11-13-om-13.52.44_90b5d2f4.jpg","url":"https:\/\/dacasas.es\/wp-content\/uploads\/2023\/11\/Afbeelding-van-WhatsApp-op-2023-11-13-om-13.52.44_90b5d2f4-150x150.jpg","full_url":"https:\/\/dacasas.es\/wp-content\/uploads\/2023\/11\/Afbeelding-van-WhatsApp-op-2023-11-13-om-13.52.44_90b5d2f4.jpg","title":"Image by WhatsApp on 2023-11-13 at 13.52.44_90b5d2f4","caption":"","description":"","alt":"","srcset":"https:\/\/dacasas.es\/wp-content\/uploads\/2023\/11\/Afbeelding-van-WhatsApp-op-2023-11-13-om-13.52.44_90b5d2f4-150x150.jpg 150w, https:\/\/dacasas.es\/wp-content\/uploads\/2023\/11\/Afbeelding-van-WhatsApp-op-2023-11-13-om-13.52.44_90b5d2f4-300x300.jpg 300w, https:\/\/dacasas.es\/wp-content\/uploads\/2023\/11\/Afbeelding-van-WhatsApp-op-2023-11-13-om-13.52.44_90b5d2f4-768x768.jpg 768w, https:\/\/dacasas.es\/wp-content\/uploads\/2023\/11\/Afbeelding-van-WhatsApp-op-2023-11-13-om-13.52.44_90b5d2f4-210x210.jpg 210w, https:\/\/dacasas.es\/wp-content\/uploads\/2023\/11\/Afbeelding-van-WhatsApp-op-2023-11-13-om-13.52.44_90b5d2f4.jpg 1024w"}],"REAL_HOMES_change_gallery_slider_type":"0","REAL_HOMES_gallery_slider_type":"thumb-on-right","inspiry_floor_plans":[],"inspiry_video_group":[],"REAL_HOMES_360_virtual_tour":"","REAL_HOMES_agent_display_option":"none","REAL_HOMES_agents":[],"REAL_HOMES_energy_class":"none","REAL_HOMES_energy_performance":"","REAL_HOMES_epc_current_rating":"","REAL_HOMES_epc_potential_rating":"","ere_property_schedule_tour":"global","ere_property_schedule_time_slots":"","ere_property_schedule_description":"","REAL_HOMES_sticky":"0","inspiry_property_label":"Prijsdaling!","inspiry_property_label_color":"#dd3333","inspiry_property_tax":"0","inspiry_additional_fee":"0","REAL_HOMES_attachments":[],"inspiry_property_owner_name":"","inspiry_property_owner_contact":"","inspiry_property_owner_address":"","REAL_HOMES_property_private_note":"","inspiry_message_to_reviewer":"","REAL_HOMES_add_in_slider":"no","REAL_HOMES_slider_image":[],"REAL_HOMES_page_banner_image":[],"REAL_HOMES_hide_property_advance_search":"0","inspiry_maximale_prijs":"","REAL_HOMES_custom_header_display":"default","REAL_HOMES_custom_header_position":"relative","REAL_HOMES_custom_footer_display":"default","REAL_HOMES_hide_advance_search":"0","REAL_HOMES_custom_search_form":"default","REAL_HOMES_search_form_margin_top":"","REAL_HOMES_search_form_margin_bottom":""},"_links":{"self":[{"href":"https:\/\/dacasas.es\/fr\/wp-json\/wp\/v2\/woning\/67035","targetHints":{"allow":["GET"]}}],"collection":[{"href":"https:\/\/dacasas.es\/fr\/wp-json\/wp\/v2\/woning"}],"about":[{"href":"https:\/\/dacasas.es\/fr\/wp-json\/wp\/v2\/types\/property"}],"author":[{"embeddable":true,"href":"https:\/\/dacasas.es\/fr\/wp-json\/wp\/v2\/users\/5"}],"replies":[{"embeddable":true,"href":"https:\/\/dacasas.es\/fr\/wp-json\/wp\/v2\/comments?post=67035"}],"version-history":[{"count":3,"href":"https:\/\/dacasas.es\/fr\/wp-json\/wp\/v2\/woning\/67035\/revisions"}],"predecessor-version":[{"id":73528,"href":"https:\/\/dacasas.es\/fr\/wp-json\/wp\/v2\/woning\/67035\/revisions\/73528"}],"wp:featuredmedia":[{"embeddable":true,"href":"https:\/\/dacasas.es\/fr\/wp-json\/wp\/v2\/media\/67036"}],"wp:attachment":[{"href":"https:\/\/dacasas.es\/fr\/wp-json\/wp\/v2\/media?parent=67035"}],"wp:term":[{"taxonomy":"property-feature","embeddable":true,"href":"https:\/\/dacasas.es\/fr\/wp-json\/wp\/v2\/woning-eigenschap?post=67035"},{"taxonomy":"property-type","embeddable":true,"href":"https:\/\/dacasas.es\/fr\/wp-json\/wp\/v2\/woning-type?post=67035"},{"taxonomy":"property-city","embeddable":true,"href":"https:\/\/dacasas.es\/fr\/wp-json\/wp\/v2\/woning-locatie?post=67035"},{"taxonomy":"property-status","embeddable":true,"href":"https:\/\/dacasas.es\/fr\/wp-json\/wp\/v2\/woning-status?post=67035"}],"curies":[{"name":"wp","href":"https:\/\/api.w.org\/{rel}","templated":true}]}}