{"id":6503,"date":"2025-12-23T15:17:13","date_gmt":"2025-12-23T13:17:13","guid":{"rendered":"https:\/\/dacasas.es\/?post_type=property&#038;p=6503"},"modified":"2025-12-23T15:17:14","modified_gmt":"2025-12-23T13:17:14","slug":"villas-panoramicas-en-alicante","status":"publish","type":"property","link":"https:\/\/dacasas.es\/es\/woning\/villas-panoramic-in-alicante\/","title":{"rendered":"Villas Panor\u00e1micas en Alicante"},"content":{"rendered":"<p>Villas modernas de alta calidad, con sistema dom\u00f3tico e innumerables detalles, dise\u00f1adas para el confort y el aprovechamiento del espacio y la luz. Pensadas para ofrecer aut\u00e9nticas experiencias vitales. Situadas en una urbanizaci\u00f3n tranquila, las parcelas disponen de piscina y jard\u00edn para disfrutar de la calidez del clima mediterr\u00e1neo.<\/p>","protected":false},"excerpt":{"rendered":"<p>Villas modernas de alta calidad, con sistema dom\u00f3tico e innumerables detalles, dise\u00f1adas para el confort y el aprovechamiento del espacio y la luz. Pensadas para ofrecer aut\u00e9nticas experiencias vitales. Situadas en una urbanizaci\u00f3n tranquila, las parcelas disponen de piscina y jard\u00edn para disfrutar de la calidez del clima mediterr\u00e1neo.<\/p>","protected":false},"author":5,"featured_media":6511,"parent":0,"menu_order":0,"comment_status":"closed","ping_status":"closed","template":"","woning-eigenschap":[96,35],"woning-type":[48],"woning-locatie":[113],"woning-status":[26],"class_list":["post-6503","property","type-property","status-publish","has-post-thumbnail","hentry","property-feature-airco","property-feature-zwembad","property-type-villa","property-city-alicante","property-status-te-koop"],"property_meta":{"REAL_HOMES_property_price":"450000","REAL_HOMES_property_old_price":"","REAL_HOMES_property_price_prefix":"vanaf","REAL_HOMES_property_price_postfix":"","REAL_HOMES_property_size":"","REAL_HOMES_property_size_postfix":"","REAL_HOMES_property_lot_size":"","REAL_HOMES_property_lot_size_postfix":"","REAL_HOMES_property_bedrooms":"3","REAL_HOMES_property_bathrooms":"2","REAL_HOMES_property_garage":"","REAL_HOMES_property_id":"3001","REAL_HOMES_property_year_built":"","REAL_HOMES_featured":"0","REAL_HOMES_additional_details_list":[],"REAL_HOMES_property_location":{"latitude":"38.36569095","longitude":"-0.74852534115388","zoom":"14"},"REAL_HOMES_property_address":"Alicante, Valencia, Spanje","REAL_HOMES_property_map":"0","REAL_HOMES_property_images":[{"width":150,"height":150,"file":"2022\/04\/1JPG-scaled.jpg","sizes":{"medium":{"file":"1JPG-300x212.jpg","width":300,"height":212,"mime-type":"image\/jpeg","url":"https:\/\/dacasas.es\/wp-content\/uploads\/2022\/04\/1JPG-300x212.jpg"},"large":{"file":"1JPG-1024x724.jpg","width":1024,"height":724,"mime-type":"image\/jpeg","url":"https:\/\/dacasas.es\/wp-content\/uploads\/2022\/04\/1JPG-1024x724.jpg"},"thumbnail":{"file":"1JPG-150x150.jpg","width":150,"height":150,"mime-type":"image\/jpeg","url":"https:\/\/dacasas.es\/wp-content\/uploads\/2022\/04\/1JPG-150x150.jpg"},"medium_large":{"file":"1JPG-768x543.jpg","width":768,"height":543,"mime-type":"image\/jpeg","url":"https:\/\/dacasas.es\/wp-content\/uploads\/2022\/04\/1JPG-768x543.jpg"},"1536x1536":{"file":"1JPG-1536x1086.jpg","width":1536,"height":1086,"mime-type":"image\/jpeg","url":"https:\/\/dacasas.es\/wp-content\/uploads\/2022\/04\/1JPG-1536x1086.jpg"},"2048x2048":{"file":"1JPG-2048x1448.jpg","width":2048,"height":1448,"mime-type":"image\/jpeg","url":"https:\/\/dacasas.es\/wp-content\/uploads\/2022\/04\/1JPG-2048x1448.jpg"},"post-thumbnail":{"file":"1JPG-150x106.jpg","width":150,"height":106,"mime-type":"image\/jpeg","url":"https:\/\/dacasas.es\/wp-content\/uploads\/2022\/04\/1JPG-150x106.jpg"},"modern-property-child-slider":{"file":"1JPG-680x510.jpg","width":680,"height":510,"mime-type":"image\/jpeg","url":"https:\/\/dacasas.es\/wp-content\/uploads\/2022\/04\/1JPG-680x510.jpg"},"property-thumb-image":{"file":"1JPG-488x326.jpg","width":488,"height":326,"mime-type":"image\/jpeg","url":"https:\/\/dacasas.es\/wp-content\/uploads\/2022\/04\/1JPG-488x326.jpg"},"property-detail-video-image":{"file":"1JPG-818x417.jpg","width":818,"height":417,"mime-type":"image\/jpeg","url":"https:\/\/dacasas.es\/wp-content\/uploads\/2022\/04\/1JPG-818x417.jpg"},"agent-image":{"file":"1JPG-210x210.jpg","width":210,"height":210,"mime-type":"image\/jpeg","url":"https:\/\/dacasas.es\/wp-content\/uploads\/2022\/04\/1JPG-210x210.jpg"},"partners-logo":{"file":"1JPG-600x2480.jpg","width":600,"height":2480,"mime-type":"image\/jpeg","url":"https:\/\/dacasas.es\/wp-content\/uploads\/2022\/04\/1JPG-600x2480.jpg"},"post-featured-image":{"file":"1JPG-1240x720.jpg","width":1240,"height":720,"mime-type":"image\/jpeg","url":"https:\/\/dacasas.es\/wp-content\/uploads\/2022\/04\/1JPG-1240x720.jpg"}},"image_meta":{"aperture":"0","credit":"","camera":"","caption":"","created_timestamp":"0","copyright":"","focal_length":"0","iso":"0","shutter_speed":"0","title":"","orientation":"1","keywords":[]},"original_image":"1JPG.jpg","ID":"6505","name":"1JPG-escala.jpg","path":"\/var\/www\/vhosts\/dacasas.es\/httpdocs\/wp-content\/uploads\/2022\/04\/1JPG-scaled.jpg","url":"https:\/\/dacasas.es\/wp-content\/uploads\/2022\/04\/1JPG-150x150.jpg","full_url":"https:\/\/dacasas.es\/wp-content\/uploads\/2022\/04\/1JPG-scaled.jpg","title":"1JPG","caption":"","description":"","alt":"","srcset":"https:\/\/dacasas.es\/wp-content\/uploads\/2022\/04\/1JPG-150x150.jpg 150w, https:\/\/dacasas.es\/wp-content\/uploads\/2022\/04\/1JPG-210x210.jpg 210w"},{"width":150,"height":150,"file":"2022\/04\/Exterior-02-scaled.jpg","sizes":{"medium":{"file":"Exterior-02-300x169.jpg","width":300,"height":169,"mime-type":"image\/jpeg","url":"https:\/\/dacasas.es\/wp-content\/uploads\/2022\/04\/Exterior-02-300x169.jpg"},"large":{"file":"Exterior-02-1024x576.jpg","width":1024,"height":576,"mime-type":"image\/jpeg","url":"https:\/\/dacasas.es\/wp-content\/uploads\/2022\/04\/Exterior-02-1024x576.jpg"},"thumbnail":{"file":"Exterior-02-150x150.jpg","width":150,"height":150,"mime-type":"image\/jpeg","url":"https:\/\/dacasas.es\/wp-content\/uploads\/2022\/04\/Exterior-02-150x150.jpg"},"medium_large":{"file":"Exterior-02-768x432.jpg","width":768,"height":432,"mime-type":"image\/jpeg","url":"https:\/\/dacasas.es\/wp-content\/uploads\/2022\/04\/Exterior-02-768x432.jpg"},"1536x1536":{"file":"Exterior-02-1536x864.jpg","width":1536,"height":864,"mime-type":"image\/jpeg","url":"https:\/\/dacasas.es\/wp-content\/uploads\/2022\/04\/Exterior-02-1536x864.jpg"},"2048x2048":{"file":"Exterior-02-2048x1152.jpg","width":2048,"height":1152,"mime-type":"image\/jpeg","url":"https:\/\/dacasas.es\/wp-content\/uploads\/2022\/04\/Exterior-02-2048x1152.jpg"},"post-thumbnail":{"file":"Exterior-02-150x84.jpg","width":150,"height":84,"mime-type":"image\/jpeg","url":"https:\/\/dacasas.es\/wp-content\/uploads\/2022\/04\/Exterior-02-150x84.jpg"},"modern-property-child-slider":{"file":"Exterior-02-680x510.jpg","width":680,"height":510,"mime-type":"image\/jpeg","url":"https:\/\/dacasas.es\/wp-content\/uploads\/2022\/04\/Exterior-02-680x510.jpg"},"property-thumb-image":{"file":"Exterior-02-488x326.jpg","width":488,"height":326,"mime-type":"image\/jpeg","url":"https:\/\/dacasas.es\/wp-content\/uploads\/2022\/04\/Exterior-02-488x326.jpg"},"property-detail-video-image":{"file":"Exterior-02-818x417.jpg","width":818,"height":417,"mime-type":"image\/jpeg","url":"https:\/\/dacasas.es\/wp-content\/uploads\/2022\/04\/Exterior-02-818x417.jpg"},"agent-image":{"file":"Exterior-02-210x210.jpg","width":210,"height":210,"mime-type":"image\/jpeg","url":"https:\/\/dacasas.es\/wp-content\/uploads\/2022\/04\/Exterior-02-210x210.jpg"},"partners-logo":{"file":"Exterior-02-600x3792.jpg","width":600,"height":3792,"mime-type":"image\/jpeg","url":"https:\/\/dacasas.es\/wp-content\/uploads\/2022\/04\/Exterior-02-600x3792.jpg"},"post-featured-image":{"file":"Exterior-02-1240x720.jpg","width":1240,"height":720,"mime-type":"image\/jpeg","url":"https:\/\/dacasas.es\/wp-content\/uploads\/2022\/04\/Exterior-02-1240x720.jpg"}},"image_meta":{"aperture":"0","credit":"","camera":"","caption":"","created_timestamp":"0","copyright":"","focal_length":"0","iso":"0","shutter_speed":"0","title":"","orientation":"0","keywords":[]},"original_image":"Exterior-02.jpg","ID":"6509","name":"Exterior-02-escala.jpg","path":"\/var\/www\/vhosts\/dacasas.es\/httpdocs\/wp-content\/uploads\/2022\/04\/Exterior-02-scaled.jpg","url":"https:\/\/dacasas.es\/wp-content\/uploads\/2022\/04\/Exterior-02-150x150.jpg","full_url":"https:\/\/dacasas.es\/wp-content\/uploads\/2022\/04\/Exterior-02-scaled.jpg","title":"Exterior 02","caption":"","description":"","alt":"","srcset":"https:\/\/dacasas.es\/wp-content\/uploads\/2022\/04\/Exterior-02-150x150.jpg 150w, https:\/\/dacasas.es\/wp-content\/uploads\/2022\/04\/Exterior-02-210x210.jpg 210w"},{"width":150,"height":150,"file":"2022\/04\/Exterior-03-scaled.jpg","sizes":{"medium":{"file":"Exterior-03-300x169.jpg","width":300,"height":169,"mime-type":"image\/jpeg","url":"https:\/\/dacasas.es\/wp-content\/uploads\/2022\/04\/Exterior-03-300x169.jpg"},"large":{"file":"Exterior-03-1024x576.jpg","width":1024,"height":576,"mime-type":"image\/jpeg","url":"https:\/\/dacasas.es\/wp-content\/uploads\/2022\/04\/Exterior-03-1024x576.jpg"},"thumbnail":{"file":"Exterior-03-150x150.jpg","width":150,"height":150,"mime-type":"image\/jpeg","url":"https:\/\/dacasas.es\/wp-content\/uploads\/2022\/04\/Exterior-03-150x150.jpg"},"medium_large":{"file":"Exterior-03-768x432.jpg","width":768,"height":432,"mime-type":"image\/jpeg","url":"https:\/\/dacasas.es\/wp-content\/uploads\/2022\/04\/Exterior-03-768x432.jpg"},"1536x1536":{"file":"Exterior-03-1536x864.jpg","width":1536,"height":864,"mime-type":"image\/jpeg","url":"https:\/\/dacasas.es\/wp-content\/uploads\/2022\/04\/Exterior-03-1536x864.jpg"},"2048x2048":{"file":"Exterior-03-2048x1152.jpg","width":2048,"height":1152,"mime-type":"image\/jpeg","url":"https:\/\/dacasas.es\/wp-content\/uploads\/2022\/04\/Exterior-03-2048x1152.jpg"},"post-thumbnail":{"file":"Exterior-03-150x84.jpg","width":150,"height":84,"mime-type":"image\/jpeg","url":"https:\/\/dacasas.es\/wp-content\/uploads\/2022\/04\/Exterior-03-150x84.jpg"},"modern-property-child-slider":{"file":"Exterior-03-680x510.jpg","width":680,"height":510,"mime-type":"image\/jpeg","url":"https:\/\/dacasas.es\/wp-content\/uploads\/2022\/04\/Exterior-03-680x510.jpg"},"property-thumb-image":{"file":"Exterior-03-488x326.jpg","width":488,"height":326,"mime-type":"image\/jpeg","url":"https:\/\/dacasas.es\/wp-content\/uploads\/2022\/04\/Exterior-03-488x326.jpg"},"property-detail-video-image":{"file":"Exterior-03-818x417.jpg","width":818,"height":417,"mime-type":"image\/jpeg","url":"https:\/\/dacasas.es\/wp-content\/uploads\/2022\/04\/Exterior-03-818x417.jpg"},"agent-image":{"file":"Exterior-03-210x210.jpg","width":210,"height":210,"mime-type":"image\/jpeg","url":"https:\/\/dacasas.es\/wp-content\/uploads\/2022\/04\/Exterior-03-210x210.jpg"},"partners-logo":{"file":"Exterior-03-600x3792.jpg","width":600,"height":3792,"mime-type":"image\/jpeg","url":"https:\/\/dacasas.es\/wp-content\/uploads\/2022\/04\/Exterior-03-600x3792.jpg"},"post-featured-image":{"file":"Exterior-03-1240x720.jpg","width":1240,"height":720,"mime-type":"image\/jpeg","url":"https:\/\/dacasas.es\/wp-content\/uploads\/2022\/04\/Exterior-03-1240x720.jpg"}},"image_meta":{"aperture":"0","credit":"","camera":"","caption":"","created_timestamp":"0","copyright":"","focal_length":"0","iso":"0","shutter_speed":"0","title":"","orientation":"0","keywords":[]},"original_image":"Exterior-03.jpg","ID":"6510","name":"Exterior-03-escala.jpg","path":"\/var\/www\/vhosts\/dacasas.es\/httpdocs\/wp-content\/uploads\/2022\/04\/Exterior-03-scaled.jpg","url":"https:\/\/dacasas.es\/wp-content\/uploads\/2022\/04\/Exterior-03-150x150.jpg","full_url":"https:\/\/dacasas.es\/wp-content\/uploads\/2022\/04\/Exterior-03-scaled.jpg","title":"Exterior 03","caption":"","description":"","alt":"","srcset":"https:\/\/dacasas.es\/wp-content\/uploads\/2022\/04\/Exterior-03-150x150.jpg 150w, https:\/\/dacasas.es\/wp-content\/uploads\/2022\/04\/Exterior-03-210x210.jpg 210w"},{"width":150,"height":150,"file":"2022\/04\/Exterior-01-scaled.jpg","sizes":{"medium":{"file":"Exterior-01-300x169.jpg","width":300,"height":169,"mime-type":"image\/jpeg","url":"https:\/\/dacasas.es\/wp-content\/uploads\/2022\/04\/Exterior-01-300x169.jpg"},"large":{"file":"Exterior-01-1024x576.jpg","width":1024,"height":576,"mime-type":"image\/jpeg","url":"https:\/\/dacasas.es\/wp-content\/uploads\/2022\/04\/Exterior-01-1024x576.jpg"},"thumbnail":{"file":"Exterior-01-150x150.jpg","width":150,"height":150,"mime-type":"image\/jpeg","url":"https:\/\/dacasas.es\/wp-content\/uploads\/2022\/04\/Exterior-01-150x150.jpg"},"medium_large":{"file":"Exterior-01-768x432.jpg","width":768,"height":432,"mime-type":"image\/jpeg","url":"https:\/\/dacasas.es\/wp-content\/uploads\/2022\/04\/Exterior-01-768x432.jpg"},"1536x1536":{"file":"Exterior-01-1536x864.jpg","width":1536,"height":864,"mime-type":"image\/jpeg","url":"https:\/\/dacasas.es\/wp-content\/uploads\/2022\/04\/Exterior-01-1536x864.jpg"},"2048x2048":{"file":"Exterior-01-2048x1152.jpg","width":2048,"height":1152,"mime-type":"image\/jpeg","url":"https:\/\/dacasas.es\/wp-content\/uploads\/2022\/04\/Exterior-01-2048x1152.jpg"},"post-thumbnail":{"file":"Exterior-01-150x84.jpg","width":150,"height":84,"mime-type":"image\/jpeg","url":"https:\/\/dacasas.es\/wp-content\/uploads\/2022\/04\/Exterior-01-150x84.jpg"},"modern-property-child-slider":{"file":"Exterior-01-680x510.jpg","width":680,"height":510,"mime-type":"image\/jpeg","url":"https:\/\/dacasas.es\/wp-content\/uploads\/2022\/04\/Exterior-01-680x510.jpg"},"property-thumb-image":{"file":"Exterior-01-488x326.jpg","width":488,"height":326,"mime-type":"image\/jpeg","url":"https:\/\/dacasas.es\/wp-content\/uploads\/2022\/04\/Exterior-01-488x326.jpg"},"property-detail-video-image":{"file":"Exterior-01-818x417.jpg","width":818,"height":417,"mime-type":"image\/jpeg","url":"https:\/\/dacasas.es\/wp-content\/uploads\/2022\/04\/Exterior-01-818x417.jpg"},"agent-image":{"file":"Exterior-01-210x210.jpg","width":210,"height":210,"mime-type":"image\/jpeg","url":"https:\/\/dacasas.es\/wp-content\/uploads\/2022\/04\/Exterior-01-210x210.jpg"},"partners-logo":{"file":"Exterior-01-600x3792.jpg","width":600,"height":3792,"mime-type":"image\/jpeg","url":"https:\/\/dacasas.es\/wp-content\/uploads\/2022\/04\/Exterior-01-600x3792.jpg"},"post-featured-image":{"file":"Exterior-01-1240x720.jpg","width":1240,"height":720,"mime-type":"image\/jpeg","url":"https:\/\/dacasas.es\/wp-content\/uploads\/2022\/04\/Exterior-01-1240x720.jpg"}},"image_meta":{"aperture":"0","credit":"","camera":"","caption":"","created_timestamp":"0","copyright":"","focal_length":"0","iso":"0","shutter_speed":"0","title":"","orientation":"0","keywords":[]},"original_image":"Exterior-01.jpg","ID":"6508","name":"Exterior-01-escala.jpg","path":"\/var\/www\/vhosts\/dacasas.es\/httpdocs\/wp-content\/uploads\/2022\/04\/Exterior-01-scaled.jpg","url":"https:\/\/dacasas.es\/wp-content\/uploads\/2022\/04\/Exterior-01-150x150.jpg","full_url":"https:\/\/dacasas.es\/wp-content\/uploads\/2022\/04\/Exterior-01-scaled.jpg","title":"Exterior 01","caption":"","description":"","alt":"","srcset":"https:\/\/dacasas.es\/wp-content\/uploads\/2022\/04\/Exterior-01-150x150.jpg 150w, https:\/\/dacasas.es\/wp-content\/uploads\/2022\/04\/Exterior-01-210x210.jpg 210w"},{"width":150,"height":150,"file":"2022\/04\/Exterior-04-scaled.jpg","sizes":{"medium":{"file":"Exterior-04-300x169.jpg","width":300,"height":169,"mime-type":"image\/jpeg","url":"https:\/\/dacasas.es\/wp-content\/uploads\/2022\/04\/Exterior-04-300x169.jpg"},"large":{"file":"Exterior-04-1024x576.jpg","width":1024,"height":576,"mime-type":"image\/jpeg","url":"https:\/\/dacasas.es\/wp-content\/uploads\/2022\/04\/Exterior-04-1024x576.jpg"},"thumbnail":{"file":"Exterior-04-150x150.jpg","width":150,"height":150,"mime-type":"image\/jpeg","url":"https:\/\/dacasas.es\/wp-content\/uploads\/2022\/04\/Exterior-04-150x150.jpg"},"medium_large":{"file":"Exterior-04-768x432.jpg","width":768,"height":432,"mime-type":"image\/jpeg","url":"https:\/\/dacasas.es\/wp-content\/uploads\/2022\/04\/Exterior-04-768x432.jpg"},"1536x1536":{"file":"Exterior-04-1536x864.jpg","width":1536,"height":864,"mime-type":"image\/jpeg","url":"https:\/\/dacasas.es\/wp-content\/uploads\/2022\/04\/Exterior-04-1536x864.jpg"},"2048x2048":{"file":"Exterior-04-2048x1152.jpg","width":2048,"height":1152,"mime-type":"image\/jpeg","url":"https:\/\/dacasas.es\/wp-content\/uploads\/2022\/04\/Exterior-04-2048x1152.jpg"},"post-thumbnail":{"file":"Exterior-04-150x84.jpg","width":150,"height":84,"mime-type":"image\/jpeg","url":"https:\/\/dacasas.es\/wp-content\/uploads\/2022\/04\/Exterior-04-150x84.jpg"},"modern-property-child-slider":{"file":"Exterior-04-680x510.jpg","width":680,"height":510,"mime-type":"image\/jpeg","url":"https:\/\/dacasas.es\/wp-content\/uploads\/2022\/04\/Exterior-04-680x510.jpg"},"property-thumb-image":{"file":"Exterior-04-488x326.jpg","width":488,"height":326,"mime-type":"image\/jpeg","url":"https:\/\/dacasas.es\/wp-content\/uploads\/2022\/04\/Exterior-04-488x326.jpg"},"property-detail-video-image":{"file":"Exterior-04-818x417.jpg","width":818,"height":417,"mime-type":"image\/jpeg","url":"https:\/\/dacasas.es\/wp-content\/uploads\/2022\/04\/Exterior-04-818x417.jpg"},"agent-image":{"file":"Exterior-04-210x210.jpg","width":210,"height":210,"mime-type":"image\/jpeg","url":"https:\/\/dacasas.es\/wp-content\/uploads\/2022\/04\/Exterior-04-210x210.jpg"},"partners-logo":{"file":"Exterior-04-600x3792.jpg","width":600,"height":3792,"mime-type":"image\/jpeg","url":"https:\/\/dacasas.es\/wp-content\/uploads\/2022\/04\/Exterior-04-600x3792.jpg"},"post-featured-image":{"file":"Exterior-04-1240x720.jpg","width":1240,"height":720,"mime-type":"image\/jpeg","url":"https:\/\/dacasas.es\/wp-content\/uploads\/2022\/04\/Exterior-04-1240x720.jpg"}},"image_meta":{"aperture":"0","credit":"","camera":"","caption":"","created_timestamp":"0","copyright":"","focal_length":"0","iso":"0","shutter_speed":"0","title":"","orientation":"0","keywords":[]},"original_image":"Exterior-04.jpg","ID":"6511","name":"Exterior-04-escala.jpg","path":"\/var\/www\/vhosts\/dacasas.es\/httpdocs\/wp-content\/uploads\/2022\/04\/Exterior-04-scaled.jpg","url":"https:\/\/dacasas.es\/wp-content\/uploads\/2022\/04\/Exterior-04-150x150.jpg","full_url":"https:\/\/dacasas.es\/wp-content\/uploads\/2022\/04\/Exterior-04-scaled.jpg","title":"Exterior 04","caption":"","description":"","alt":"","srcset":"https:\/\/dacasas.es\/wp-content\/uploads\/2022\/04\/Exterior-04-150x150.jpg 150w, https:\/\/dacasas.es\/wp-content\/uploads\/2022\/04\/Exterior-04-210x210.jpg 210w"},{"width":150,"height":150,"file":"2022\/04\/Panoramic-Alicante-Bano-01-scaled.jpg","sizes":{"medium":{"file":"Panoramic-Alicante-Bano-01-300x169.jpg","width":300,"height":169,"mime-type":"image\/jpeg","url":"https:\/\/dacasas.es\/wp-content\/uploads\/2022\/04\/Panoramic-Alicante-Bano-01-300x169.jpg"},"large":{"file":"Panoramic-Alicante-Bano-01-1024x576.jpg","width":1024,"height":576,"mime-type":"image\/jpeg","url":"https:\/\/dacasas.es\/wp-content\/uploads\/2022\/04\/Panoramic-Alicante-Bano-01-1024x576.jpg"},"thumbnail":{"file":"Panoramic-Alicante-Bano-01-150x150.jpg","width":150,"height":150,"mime-type":"image\/jpeg","url":"https:\/\/dacasas.es\/wp-content\/uploads\/2022\/04\/Panoramic-Alicante-Bano-01-150x150.jpg"},"medium_large":{"file":"Panoramic-Alicante-Bano-01-768x432.jpg","width":768,"height":432,"mime-type":"image\/jpeg","url":"https:\/\/dacasas.es\/wp-content\/uploads\/2022\/04\/Panoramic-Alicante-Bano-01-768x432.jpg"},"1536x1536":{"file":"Panoramic-Alicante-Bano-01-1536x864.jpg","width":1536,"height":864,"mime-type":"image\/jpeg","url":"https:\/\/dacasas.es\/wp-content\/uploads\/2022\/04\/Panoramic-Alicante-Bano-01-1536x864.jpg"},"2048x2048":{"file":"Panoramic-Alicante-Bano-01-2048x1152.jpg","width":2048,"height":1152,"mime-type":"image\/jpeg","url":"https:\/\/dacasas.es\/wp-content\/uploads\/2022\/04\/Panoramic-Alicante-Bano-01-2048x1152.jpg"},"post-thumbnail":{"file":"Panoramic-Alicante-Bano-01-150x84.jpg","width":150,"height":84,"mime-type":"image\/jpeg","url":"https:\/\/dacasas.es\/wp-content\/uploads\/2022\/04\/Panoramic-Alicante-Bano-01-150x84.jpg"},"modern-property-child-slider":{"file":"Panoramic-Alicante-Bano-01-680x510.jpg","width":680,"height":510,"mime-type":"image\/jpeg","url":"https:\/\/dacasas.es\/wp-content\/uploads\/2022\/04\/Panoramic-Alicante-Bano-01-680x510.jpg"},"property-thumb-image":{"file":"Panoramic-Alicante-Bano-01-488x326.jpg","width":488,"height":326,"mime-type":"image\/jpeg","url":"https:\/\/dacasas.es\/wp-content\/uploads\/2022\/04\/Panoramic-Alicante-Bano-01-488x326.jpg"},"property-detail-video-image":{"file":"Panoramic-Alicante-Bano-01-818x417.jpg","width":818,"height":417,"mime-type":"image\/jpeg","url":"https:\/\/dacasas.es\/wp-content\/uploads\/2022\/04\/Panoramic-Alicante-Bano-01-818x417.jpg"},"agent-image":{"file":"Panoramic-Alicante-Bano-01-210x210.jpg","width":210,"height":210,"mime-type":"image\/jpeg","url":"https:\/\/dacasas.es\/wp-content\/uploads\/2022\/04\/Panoramic-Alicante-Bano-01-210x210.jpg"},"partners-logo":{"file":"Panoramic-Alicante-Bano-01-600x3792.jpg","width":600,"height":3792,"mime-type":"image\/jpeg","url":"https:\/\/dacasas.es\/wp-content\/uploads\/2022\/04\/Panoramic-Alicante-Bano-01-600x3792.jpg"},"post-featured-image":{"file":"Panoramic-Alicante-Bano-01-1240x720.jpg","width":1240,"height":720,"mime-type":"image\/jpeg","url":"https:\/\/dacasas.es\/wp-content\/uploads\/2022\/04\/Panoramic-Alicante-Bano-01-1240x720.jpg"}},"image_meta":{"aperture":"0","credit":"","camera":"","caption":"","created_timestamp":"0","copyright":"","focal_length":"0","iso":"0","shutter_speed":"0","title":"","orientation":"0","keywords":[]},"original_image":"Panoramic-Alicante-Bano-01.jpg","ID":"6512","name":"Panor\u00e1mica-Alicante-Bano-01-escala.jpg","path":"\/var\/www\/vhosts\/dacasas.es\/httpdocs\/wp-content\/uploads\/2022\/04\/Panoramic-Alicante-Bano-01-scaled.jpg","url":"https:\/\/dacasas.es\/wp-content\/uploads\/2022\/04\/Panoramic-Alicante-Bano-01-150x150.jpg","full_url":"https:\/\/dacasas.es\/wp-content\/uploads\/2022\/04\/Panoramic-Alicante-Bano-01-scaled.jpg","title":"Ba\u00f1o Panor\u00e1mico Alicante 01","caption":"","description":"","alt":"","srcset":"https:\/\/dacasas.es\/wp-content\/uploads\/2022\/04\/Panoramic-Alicante-Bano-01-150x150.jpg 150w, https:\/\/dacasas.es\/wp-content\/uploads\/2022\/04\/Panoramic-Alicante-Bano-01-210x210.jpg 210w"},{"width":150,"height":150,"file":"2022\/04\/Panoramic-Alicante-Bano-02-01-scaled.jpg","sizes":{"medium":{"file":"Panoramic-Alicante-Bano-02-01-300x169.jpg","width":300,"height":169,"mime-type":"image\/jpeg","url":"https:\/\/dacasas.es\/wp-content\/uploads\/2022\/04\/Panoramic-Alicante-Bano-02-01-300x169.jpg"},"large":{"file":"Panoramic-Alicante-Bano-02-01-1024x576.jpg","width":1024,"height":576,"mime-type":"image\/jpeg","url":"https:\/\/dacasas.es\/wp-content\/uploads\/2022\/04\/Panoramic-Alicante-Bano-02-01-1024x576.jpg"},"thumbnail":{"file":"Panoramic-Alicante-Bano-02-01-150x150.jpg","width":150,"height":150,"mime-type":"image\/jpeg","url":"https:\/\/dacasas.es\/wp-content\/uploads\/2022\/04\/Panoramic-Alicante-Bano-02-01-150x150.jpg"},"medium_large":{"file":"Panoramic-Alicante-Bano-02-01-768x432.jpg","width":768,"height":432,"mime-type":"image\/jpeg","url":"https:\/\/dacasas.es\/wp-content\/uploads\/2022\/04\/Panoramic-Alicante-Bano-02-01-768x432.jpg"},"1536x1536":{"file":"Panoramic-Alicante-Bano-02-01-1536x864.jpg","width":1536,"height":864,"mime-type":"image\/jpeg","url":"https:\/\/dacasas.es\/wp-content\/uploads\/2022\/04\/Panoramic-Alicante-Bano-02-01-1536x864.jpg"},"2048x2048":{"file":"Panoramic-Alicante-Bano-02-01-2048x1152.jpg","width":2048,"height":1152,"mime-type":"image\/jpeg","url":"https:\/\/dacasas.es\/wp-content\/uploads\/2022\/04\/Panoramic-Alicante-Bano-02-01-2048x1152.jpg"},"post-thumbnail":{"file":"Panoramic-Alicante-Bano-02-01-150x84.jpg","width":150,"height":84,"mime-type":"image\/jpeg","url":"https:\/\/dacasas.es\/wp-content\/uploads\/2022\/04\/Panoramic-Alicante-Bano-02-01-150x84.jpg"},"modern-property-child-slider":{"file":"Panoramic-Alicante-Bano-02-01-680x510.jpg","width":680,"height":510,"mime-type":"image\/jpeg","url":"https:\/\/dacasas.es\/wp-content\/uploads\/2022\/04\/Panoramic-Alicante-Bano-02-01-680x510.jpg"},"property-thumb-image":{"file":"Panoramic-Alicante-Bano-02-01-488x326.jpg","width":488,"height":326,"mime-type":"image\/jpeg","url":"https:\/\/dacasas.es\/wp-content\/uploads\/2022\/04\/Panoramic-Alicante-Bano-02-01-488x326.jpg"},"property-detail-video-image":{"file":"Panoramic-Alicante-Bano-02-01-818x417.jpg","width":818,"height":417,"mime-type":"image\/jpeg","url":"https:\/\/dacasas.es\/wp-content\/uploads\/2022\/04\/Panoramic-Alicante-Bano-02-01-818x417.jpg"},"agent-image":{"file":"Panoramic-Alicante-Bano-02-01-210x210.jpg","width":210,"height":210,"mime-type":"image\/jpeg","url":"https:\/\/dacasas.es\/wp-content\/uploads\/2022\/04\/Panoramic-Alicante-Bano-02-01-210x210.jpg"},"partners-logo":{"file":"Panoramic-Alicante-Bano-02-01-600x3792.jpg","width":600,"height":3792,"mime-type":"image\/jpeg","url":"https:\/\/dacasas.es\/wp-content\/uploads\/2022\/04\/Panoramic-Alicante-Bano-02-01-600x3792.jpg"},"post-featured-image":{"file":"Panoramic-Alicante-Bano-02-01-1240x720.jpg","width":1240,"height":720,"mime-type":"image\/jpeg","url":"https:\/\/dacasas.es\/wp-content\/uploads\/2022\/04\/Panoramic-Alicante-Bano-02-01-1240x720.jpg"}},"image_meta":{"aperture":"0","credit":"","camera":"","caption":"","created_timestamp":"0","copyright":"","focal_length":"0","iso":"0","shutter_speed":"0","title":"","orientation":"0","keywords":[]},"original_image":"Panoramic-Alicante-Bano-02-01.jpg","ID":"6513","name":"Panor\u00e1mica-Alicante-Bano-02-01-escala.jpg","path":"\/var\/www\/vhosts\/dacasas.es\/httpdocs\/wp-content\/uploads\/2022\/04\/Panoramic-Alicante-Bano-02-01-scaled.jpg","url":"https:\/\/dacasas.es\/wp-content\/uploads\/2022\/04\/Panoramic-Alicante-Bano-02-01-150x150.jpg","full_url":"https:\/\/dacasas.es\/wp-content\/uploads\/2022\/04\/Panoramic-Alicante-Bano-02-01-scaled.jpg","title":"Ba\u00f1o Panor\u00e1mico Alicante 02 01","caption":"","description":"","alt":"","srcset":"https:\/\/dacasas.es\/wp-content\/uploads\/2022\/04\/Panoramic-Alicante-Bano-02-01-150x150.jpg 150w, https:\/\/dacasas.es\/wp-content\/uploads\/2022\/04\/Panoramic-Alicante-Bano-02-01-210x210.jpg 210w"},{"width":150,"height":150,"file":"2022\/04\/Panoramic-Alicante-Bano-02-02-scaled.jpg","sizes":{"medium":{"file":"Panoramic-Alicante-Bano-02-02-300x169.jpg","width":300,"height":169,"mime-type":"image\/jpeg","url":"https:\/\/dacasas.es\/wp-content\/uploads\/2022\/04\/Panoramic-Alicante-Bano-02-02-300x169.jpg"},"large":{"file":"Panoramic-Alicante-Bano-02-02-1024x576.jpg","width":1024,"height":576,"mime-type":"image\/jpeg","url":"https:\/\/dacasas.es\/wp-content\/uploads\/2022\/04\/Panoramic-Alicante-Bano-02-02-1024x576.jpg"},"thumbnail":{"file":"Panoramic-Alicante-Bano-02-02-150x150.jpg","width":150,"height":150,"mime-type":"image\/jpeg","url":"https:\/\/dacasas.es\/wp-content\/uploads\/2022\/04\/Panoramic-Alicante-Bano-02-02-150x150.jpg"},"medium_large":{"file":"Panoramic-Alicante-Bano-02-02-768x432.jpg","width":768,"height":432,"mime-type":"image\/jpeg","url":"https:\/\/dacasas.es\/wp-content\/uploads\/2022\/04\/Panoramic-Alicante-Bano-02-02-768x432.jpg"},"1536x1536":{"file":"Panoramic-Alicante-Bano-02-02-1536x864.jpg","width":1536,"height":864,"mime-type":"image\/jpeg","url":"https:\/\/dacasas.es\/wp-content\/uploads\/2022\/04\/Panoramic-Alicante-Bano-02-02-1536x864.jpg"},"2048x2048":{"file":"Panoramic-Alicante-Bano-02-02-2048x1152.jpg","width":2048,"height":1152,"mime-type":"image\/jpeg","url":"https:\/\/dacasas.es\/wp-content\/uploads\/2022\/04\/Panoramic-Alicante-Bano-02-02-2048x1152.jpg"},"post-thumbnail":{"file":"Panoramic-Alicante-Bano-02-02-150x84.jpg","width":150,"height":84,"mime-type":"image\/jpeg","url":"https:\/\/dacasas.es\/wp-content\/uploads\/2022\/04\/Panoramic-Alicante-Bano-02-02-150x84.jpg"},"modern-property-child-slider":{"file":"Panoramic-Alicante-Bano-02-02-680x510.jpg","width":680,"height":510,"mime-type":"image\/jpeg","url":"https:\/\/dacasas.es\/wp-content\/uploads\/2022\/04\/Panoramic-Alicante-Bano-02-02-680x510.jpg"},"property-thumb-image":{"file":"Panoramic-Alicante-Bano-02-02-488x326.jpg","width":488,"height":326,"mime-type":"image\/jpeg","url":"https:\/\/dacasas.es\/wp-content\/uploads\/2022\/04\/Panoramic-Alicante-Bano-02-02-488x326.jpg"},"property-detail-video-image":{"file":"Panoramic-Alicante-Bano-02-02-818x417.jpg","width":818,"height":417,"mime-type":"image\/jpeg","url":"https:\/\/dacasas.es\/wp-content\/uploads\/2022\/04\/Panoramic-Alicante-Bano-02-02-818x417.jpg"},"agent-image":{"file":"Panoramic-Alicante-Bano-02-02-210x210.jpg","width":210,"height":210,"mime-type":"image\/jpeg","url":"https:\/\/dacasas.es\/wp-content\/uploads\/2022\/04\/Panoramic-Alicante-Bano-02-02-210x210.jpg"},"partners-logo":{"file":"Panoramic-Alicante-Bano-02-02-600x3413.jpg","width":600,"height":3413,"mime-type":"image\/jpeg","url":"https:\/\/dacasas.es\/wp-content\/uploads\/2022\/04\/Panoramic-Alicante-Bano-02-02-600x3413.jpg"},"post-featured-image":{"file":"Panoramic-Alicante-Bano-02-02-1240x720.jpg","width":1240,"height":720,"mime-type":"image\/jpeg","url":"https:\/\/dacasas.es\/wp-content\/uploads\/2022\/04\/Panoramic-Alicante-Bano-02-02-1240x720.jpg"}},"image_meta":{"aperture":"0","credit":"","camera":"","caption":"","created_timestamp":"0","copyright":"","focal_length":"0","iso":"0","shutter_speed":"0","title":"","orientation":"0","keywords":[]},"original_image":"Panoramic-Alicante-Bano-02-02.jpg","ID":"6514","name":"Panor\u00e1mica-Alicante-Bano-02-02-escala.jpg","path":"\/var\/www\/vhosts\/dacasas.es\/httpdocs\/wp-content\/uploads\/2022\/04\/Panoramic-Alicante-Bano-02-02-scaled.jpg","url":"https:\/\/dacasas.es\/wp-content\/uploads\/2022\/04\/Panoramic-Alicante-Bano-02-02-150x150.jpg","full_url":"https:\/\/dacasas.es\/wp-content\/uploads\/2022\/04\/Panoramic-Alicante-Bano-02-02-scaled.jpg","title":"Ba\u00f1o Panor\u00e1mico Alicante 02 02","caption":"","description":"","alt":"","srcset":"https:\/\/dacasas.es\/wp-content\/uploads\/2022\/04\/Panoramic-Alicante-Bano-02-02-150x150.jpg 150w, https:\/\/dacasas.es\/wp-content\/uploads\/2022\/04\/Panoramic-Alicante-Bano-02-02-210x210.jpg 210w"},{"width":150,"height":150,"file":"2022\/04\/Panoramic-Alicante-Bano-03-01-scaled.jpg","sizes":{"medium":{"file":"Panoramic-Alicante-Bano-03-01-300x169.jpg","width":300,"height":169,"mime-type":"image\/jpeg","url":"https:\/\/dacasas.es\/wp-content\/uploads\/2022\/04\/Panoramic-Alicante-Bano-03-01-300x169.jpg"},"large":{"file":"Panoramic-Alicante-Bano-03-01-1024x576.jpg","width":1024,"height":576,"mime-type":"image\/jpeg","url":"https:\/\/dacasas.es\/wp-content\/uploads\/2022\/04\/Panoramic-Alicante-Bano-03-01-1024x576.jpg"},"thumbnail":{"file":"Panoramic-Alicante-Bano-03-01-150x150.jpg","width":150,"height":150,"mime-type":"image\/jpeg","url":"https:\/\/dacasas.es\/wp-content\/uploads\/2022\/04\/Panoramic-Alicante-Bano-03-01-150x150.jpg"},"medium_large":{"file":"Panoramic-Alicante-Bano-03-01-768x432.jpg","width":768,"height":432,"mime-type":"image\/jpeg","url":"https:\/\/dacasas.es\/wp-content\/uploads\/2022\/04\/Panoramic-Alicante-Bano-03-01-768x432.jpg"},"1536x1536":{"file":"Panoramic-Alicante-Bano-03-01-1536x864.jpg","width":1536,"height":864,"mime-type":"image\/jpeg","url":"https:\/\/dacasas.es\/wp-content\/uploads\/2022\/04\/Panoramic-Alicante-Bano-03-01-1536x864.jpg"},"2048x2048":{"file":"Panoramic-Alicante-Bano-03-01-2048x1152.jpg","width":2048,"height":1152,"mime-type":"image\/jpeg","url":"https:\/\/dacasas.es\/wp-content\/uploads\/2022\/04\/Panoramic-Alicante-Bano-03-01-2048x1152.jpg"},"post-thumbnail":{"file":"Panoramic-Alicante-Bano-03-01-150x84.jpg","width":150,"height":84,"mime-type":"image\/jpeg","url":"https:\/\/dacasas.es\/wp-content\/uploads\/2022\/04\/Panoramic-Alicante-Bano-03-01-150x84.jpg"},"modern-property-child-slider":{"file":"Panoramic-Alicante-Bano-03-01-680x510.jpg","width":680,"height":510,"mime-type":"image\/jpeg","url":"https:\/\/dacasas.es\/wp-content\/uploads\/2022\/04\/Panoramic-Alicante-Bano-03-01-680x510.jpg"},"property-thumb-image":{"file":"Panoramic-Alicante-Bano-03-01-488x326.jpg","width":488,"height":326,"mime-type":"image\/jpeg","url":"https:\/\/dacasas.es\/wp-content\/uploads\/2022\/04\/Panoramic-Alicante-Bano-03-01-488x326.jpg"},"property-detail-video-image":{"file":"Panoramic-Alicante-Bano-03-01-818x417.jpg","width":818,"height":417,"mime-type":"image\/jpeg","url":"https:\/\/dacasas.es\/wp-content\/uploads\/2022\/04\/Panoramic-Alicante-Bano-03-01-818x417.jpg"},"agent-image":{"file":"Panoramic-Alicante-Bano-03-01-210x210.jpg","width":210,"height":210,"mime-type":"image\/jpeg","url":"https:\/\/dacasas.es\/wp-content\/uploads\/2022\/04\/Panoramic-Alicante-Bano-03-01-210x210.jpg"},"partners-logo":{"file":"Panoramic-Alicante-Bano-03-01-600x3792.jpg","width":600,"height":3792,"mime-type":"image\/jpeg","url":"https:\/\/dacasas.es\/wp-content\/uploads\/2022\/04\/Panoramic-Alicante-Bano-03-01-600x3792.jpg"},"post-featured-image":{"file":"Panoramic-Alicante-Bano-03-01-1240x720.jpg","width":1240,"height":720,"mime-type":"image\/jpeg","url":"https:\/\/dacasas.es\/wp-content\/uploads\/2022\/04\/Panoramic-Alicante-Bano-03-01-1240x720.jpg"}},"image_meta":{"aperture":"0","credit":"","camera":"","caption":"","created_timestamp":"0","copyright":"","focal_length":"0","iso":"0","shutter_speed":"0","title":"","orientation":"0","keywords":[]},"original_image":"Panoramic-Alicante-Bano-03-01.jpg","ID":"6515","name":"Panor\u00e1mica-Alicante-Bano-03-01-escala.jpg","path":"\/var\/www\/vhosts\/dacasas.es\/httpdocs\/wp-content\/uploads\/2022\/04\/Panoramic-Alicante-Bano-03-01-scaled.jpg","url":"https:\/\/dacasas.es\/wp-content\/uploads\/2022\/04\/Panoramic-Alicante-Bano-03-01-150x150.jpg","full_url":"https:\/\/dacasas.es\/wp-content\/uploads\/2022\/04\/Panoramic-Alicante-Bano-03-01-scaled.jpg","title":"Ba\u00f1o Panor\u00e1mico Alicante 03 01","caption":"","description":"","alt":"","srcset":"https:\/\/dacasas.es\/wp-content\/uploads\/2022\/04\/Panoramic-Alicante-Bano-03-01-150x150.jpg 150w, https:\/\/dacasas.es\/wp-content\/uploads\/2022\/04\/Panoramic-Alicante-Bano-03-01-210x210.jpg 210w"},{"width":150,"height":150,"file":"2022\/04\/Panoramic-Alicante-Cocina-01-scaled.jpg","sizes":{"medium":{"file":"Panoramic-Alicante-Cocina-01-300x169.jpg","width":300,"height":169,"mime-type":"image\/jpeg","url":"https:\/\/dacasas.es\/wp-content\/uploads\/2022\/04\/Panoramic-Alicante-Cocina-01-300x169.jpg"},"large":{"file":"Panoramic-Alicante-Cocina-01-1024x576.jpg","width":1024,"height":576,"mime-type":"image\/jpeg","url":"https:\/\/dacasas.es\/wp-content\/uploads\/2022\/04\/Panoramic-Alicante-Cocina-01-1024x576.jpg"},"thumbnail":{"file":"Panoramic-Alicante-Cocina-01-150x150.jpg","width":150,"height":150,"mime-type":"image\/jpeg","url":"https:\/\/dacasas.es\/wp-content\/uploads\/2022\/04\/Panoramic-Alicante-Cocina-01-150x150.jpg"},"medium_large":{"file":"Panoramic-Alicante-Cocina-01-768x432.jpg","width":768,"height":432,"mime-type":"image\/jpeg","url":"https:\/\/dacasas.es\/wp-content\/uploads\/2022\/04\/Panoramic-Alicante-Cocina-01-768x432.jpg"},"1536x1536":{"file":"Panoramic-Alicante-Cocina-01-1536x864.jpg","width":1536,"height":864,"mime-type":"image\/jpeg","url":"https:\/\/dacasas.es\/wp-content\/uploads\/2022\/04\/Panoramic-Alicante-Cocina-01-1536x864.jpg"},"2048x2048":{"file":"Panoramic-Alicante-Cocina-01-2048x1152.jpg","width":2048,"height":1152,"mime-type":"image\/jpeg","url":"https:\/\/dacasas.es\/wp-content\/uploads\/2022\/04\/Panoramic-Alicante-Cocina-01-2048x1152.jpg"},"post-thumbnail":{"file":"Panoramic-Alicante-Cocina-01-150x84.jpg","width":150,"height":84,"mime-type":"image\/jpeg","url":"https:\/\/dacasas.es\/wp-content\/uploads\/2022\/04\/Panoramic-Alicante-Cocina-01-150x84.jpg"},"modern-property-child-slider":{"file":"Panoramic-Alicante-Cocina-01-680x510.jpg","width":680,"height":510,"mime-type":"image\/jpeg","url":"https:\/\/dacasas.es\/wp-content\/uploads\/2022\/04\/Panoramic-Alicante-Cocina-01-680x510.jpg"},"property-thumb-image":{"file":"Panoramic-Alicante-Cocina-01-488x326.jpg","width":488,"height":326,"mime-type":"image\/jpeg","url":"https:\/\/dacasas.es\/wp-content\/uploads\/2022\/04\/Panoramic-Alicante-Cocina-01-488x326.jpg"},"property-detail-video-image":{"file":"Panoramic-Alicante-Cocina-01-818x417.jpg","width":818,"height":417,"mime-type":"image\/jpeg","url":"https:\/\/dacasas.es\/wp-content\/uploads\/2022\/04\/Panoramic-Alicante-Cocina-01-818x417.jpg"},"agent-image":{"file":"Panoramic-Alicante-Cocina-01-210x210.jpg","width":210,"height":210,"mime-type":"image\/jpeg","url":"https:\/\/dacasas.es\/wp-content\/uploads\/2022\/04\/Panoramic-Alicante-Cocina-01-210x210.jpg"},"partners-logo":{"file":"Panoramic-Alicante-Cocina-01-600x3413.jpg","width":600,"height":3413,"mime-type":"image\/jpeg","url":"https:\/\/dacasas.es\/wp-content\/uploads\/2022\/04\/Panoramic-Alicante-Cocina-01-600x3413.jpg"},"post-featured-image":{"file":"Panoramic-Alicante-Cocina-01-1240x720.jpg","width":1240,"height":720,"mime-type":"image\/jpeg","url":"https:\/\/dacasas.es\/wp-content\/uploads\/2022\/04\/Panoramic-Alicante-Cocina-01-1240x720.jpg"}},"image_meta":{"aperture":"0","credit":"","camera":"","caption":"","created_timestamp":"0","copyright":"","focal_length":"0","iso":"0","shutter_speed":"0","title":"","orientation":"0","keywords":[]},"original_image":"Panoramic-Alicante-Cocina-01.jpg","ID":"6516","name":"Panor\u00e1mica-Alicante-Cocina-01-escala.jpg","path":"\/var\/www\/vhosts\/dacasas.es\/httpdocs\/wp-content\/uploads\/2022\/04\/Panoramic-Alicante-Cocina-01-scaled.jpg","url":"https:\/\/dacasas.es\/wp-content\/uploads\/2022\/04\/Panoramic-Alicante-Cocina-01-150x150.jpg","full_url":"https:\/\/dacasas.es\/wp-content\/uploads\/2022\/04\/Panoramic-Alicante-Cocina-01-scaled.jpg","title":"Panor\u00e1mica Alicante Cocina 01","caption":"","description":"","alt":"","srcset":"https:\/\/dacasas.es\/wp-content\/uploads\/2022\/04\/Panoramic-Alicante-Cocina-01-150x150.jpg 150w, https:\/\/dacasas.es\/wp-content\/uploads\/2022\/04\/Panoramic-Alicante-Cocina-01-210x210.jpg 210w"},{"width":150,"height":150,"file":"2022\/04\/Panoramic-Alicante-Cocina-02-scaled.jpg","sizes":{"medium":{"file":"Panoramic-Alicante-Cocina-02-300x169.jpg","width":300,"height":169,"mime-type":"image\/jpeg","url":"https:\/\/dacasas.es\/wp-content\/uploads\/2022\/04\/Panoramic-Alicante-Cocina-02-300x169.jpg"},"large":{"file":"Panoramic-Alicante-Cocina-02-1024x576.jpg","width":1024,"height":576,"mime-type":"image\/jpeg","url":"https:\/\/dacasas.es\/wp-content\/uploads\/2022\/04\/Panoramic-Alicante-Cocina-02-1024x576.jpg"},"thumbnail":{"file":"Panoramic-Alicante-Cocina-02-150x150.jpg","width":150,"height":150,"mime-type":"image\/jpeg","url":"https:\/\/dacasas.es\/wp-content\/uploads\/2022\/04\/Panoramic-Alicante-Cocina-02-150x150.jpg"},"medium_large":{"file":"Panoramic-Alicante-Cocina-02-768x432.jpg","width":768,"height":432,"mime-type":"image\/jpeg","url":"https:\/\/dacasas.es\/wp-content\/uploads\/2022\/04\/Panoramic-Alicante-Cocina-02-768x432.jpg"},"1536x1536":{"file":"Panoramic-Alicante-Cocina-02-1536x864.jpg","width":1536,"height":864,"mime-type":"image\/jpeg","url":"https:\/\/dacasas.es\/wp-content\/uploads\/2022\/04\/Panoramic-Alicante-Cocina-02-1536x864.jpg"},"2048x2048":{"file":"Panoramic-Alicante-Cocina-02-2048x1152.jpg","width":2048,"height":1152,"mime-type":"image\/jpeg","url":"https:\/\/dacasas.es\/wp-content\/uploads\/2022\/04\/Panoramic-Alicante-Cocina-02-2048x1152.jpg"},"post-thumbnail":{"file":"Panoramic-Alicante-Cocina-02-150x84.jpg","width":150,"height":84,"mime-type":"image\/jpeg","url":"https:\/\/dacasas.es\/wp-content\/uploads\/2022\/04\/Panoramic-Alicante-Cocina-02-150x84.jpg"},"modern-property-child-slider":{"file":"Panoramic-Alicante-Cocina-02-680x510.jpg","width":680,"height":510,"mime-type":"image\/jpeg","url":"https:\/\/dacasas.es\/wp-content\/uploads\/2022\/04\/Panoramic-Alicante-Cocina-02-680x510.jpg"},"property-thumb-image":{"file":"Panoramic-Alicante-Cocina-02-488x326.jpg","width":488,"height":326,"mime-type":"image\/jpeg","url":"https:\/\/dacasas.es\/wp-content\/uploads\/2022\/04\/Panoramic-Alicante-Cocina-02-488x326.jpg"},"property-detail-video-image":{"file":"Panoramic-Alicante-Cocina-02-818x417.jpg","width":818,"height":417,"mime-type":"image\/jpeg","url":"https:\/\/dacasas.es\/wp-content\/uploads\/2022\/04\/Panoramic-Alicante-Cocina-02-818x417.jpg"},"agent-image":{"file":"Panoramic-Alicante-Cocina-02-210x210.jpg","width":210,"height":210,"mime-type":"image\/jpeg","url":"https:\/\/dacasas.es\/wp-content\/uploads\/2022\/04\/Panoramic-Alicante-Cocina-02-210x210.jpg"},"partners-logo":{"file":"Panoramic-Alicante-Cocina-02-600x3413.jpg","width":600,"height":3413,"mime-type":"image\/jpeg","url":"https:\/\/dacasas.es\/wp-content\/uploads\/2022\/04\/Panoramic-Alicante-Cocina-02-600x3413.jpg"},"post-featured-image":{"file":"Panoramic-Alicante-Cocina-02-1240x720.jpg","width":1240,"height":720,"mime-type":"image\/jpeg","url":"https:\/\/dacasas.es\/wp-content\/uploads\/2022\/04\/Panoramic-Alicante-Cocina-02-1240x720.jpg"}},"image_meta":{"aperture":"0","credit":"","camera":"","caption":"","created_timestamp":"0","copyright":"","focal_length":"0","iso":"0","shutter_speed":"0","title":"","orientation":"0","keywords":[]},"original_image":"Panoramic-Alicante-Cocina-02.jpg","ID":"6517","name":"Panor\u00e1mica-Alicante-Cocina-02-escala.jpg","path":"\/var\/www\/vhosts\/dacasas.es\/httpdocs\/wp-content\/uploads\/2022\/04\/Panoramic-Alicante-Cocina-02-scaled.jpg","url":"https:\/\/dacasas.es\/wp-content\/uploads\/2022\/04\/Panoramic-Alicante-Cocina-02-150x150.jpg","full_url":"https:\/\/dacasas.es\/wp-content\/uploads\/2022\/04\/Panoramic-Alicante-Cocina-02-scaled.jpg","title":"Panor\u00e1mica Alicante Cocina 02","caption":"","description":"","alt":"","srcset":"https:\/\/dacasas.es\/wp-content\/uploads\/2022\/04\/Panoramic-Alicante-Cocina-02-150x150.jpg 150w, https:\/\/dacasas.es\/wp-content\/uploads\/2022\/04\/Panoramic-Alicante-Cocina-02-210x210.jpg 210w"},{"width":150,"height":150,"file":"2022\/04\/Panoramic-Alicante-Cocina-03-scaled.jpg","sizes":{"medium":{"file":"Panoramic-Alicante-Cocina-03-300x169.jpg","width":300,"height":169,"mime-type":"image\/jpeg","url":"https:\/\/dacasas.es\/wp-content\/uploads\/2022\/04\/Panoramic-Alicante-Cocina-03-300x169.jpg"},"large":{"file":"Panoramic-Alicante-Cocina-03-1024x576.jpg","width":1024,"height":576,"mime-type":"image\/jpeg","url":"https:\/\/dacasas.es\/wp-content\/uploads\/2022\/04\/Panoramic-Alicante-Cocina-03-1024x576.jpg"},"thumbnail":{"file":"Panoramic-Alicante-Cocina-03-150x150.jpg","width":150,"height":150,"mime-type":"image\/jpeg","url":"https:\/\/dacasas.es\/wp-content\/uploads\/2022\/04\/Panoramic-Alicante-Cocina-03-150x150.jpg"},"medium_large":{"file":"Panoramic-Alicante-Cocina-03-768x432.jpg","width":768,"height":432,"mime-type":"image\/jpeg","url":"https:\/\/dacasas.es\/wp-content\/uploads\/2022\/04\/Panoramic-Alicante-Cocina-03-768x432.jpg"},"1536x1536":{"file":"Panoramic-Alicante-Cocina-03-1536x864.jpg","width":1536,"height":864,"mime-type":"image\/jpeg","url":"https:\/\/dacasas.es\/wp-content\/uploads\/2022\/04\/Panoramic-Alicante-Cocina-03-1536x864.jpg"},"2048x2048":{"file":"Panoramic-Alicante-Cocina-03-2048x1152.jpg","width":2048,"height":1152,"mime-type":"image\/jpeg","url":"https:\/\/dacasas.es\/wp-content\/uploads\/2022\/04\/Panoramic-Alicante-Cocina-03-2048x1152.jpg"},"post-thumbnail":{"file":"Panoramic-Alicante-Cocina-03-150x84.jpg","width":150,"height":84,"mime-type":"image\/jpeg","url":"https:\/\/dacasas.es\/wp-content\/uploads\/2022\/04\/Panoramic-Alicante-Cocina-03-150x84.jpg"},"modern-property-child-slider":{"file":"Panoramic-Alicante-Cocina-03-680x510.jpg","width":680,"height":510,"mime-type":"image\/jpeg","url":"https:\/\/dacasas.es\/wp-content\/uploads\/2022\/04\/Panoramic-Alicante-Cocina-03-680x510.jpg"},"property-thumb-image":{"file":"Panoramic-Alicante-Cocina-03-488x326.jpg","width":488,"height":326,"mime-type":"image\/jpeg","url":"https:\/\/dacasas.es\/wp-content\/uploads\/2022\/04\/Panoramic-Alicante-Cocina-03-488x326.jpg"},"property-detail-video-image":{"file":"Panoramic-Alicante-Cocina-03-818x417.jpg","width":818,"height":417,"mime-type":"image\/jpeg","url":"https:\/\/dacasas.es\/wp-content\/uploads\/2022\/04\/Panoramic-Alicante-Cocina-03-818x417.jpg"},"agent-image":{"file":"Panoramic-Alicante-Cocina-03-210x210.jpg","width":210,"height":210,"mime-type":"image\/jpeg","url":"https:\/\/dacasas.es\/wp-content\/uploads\/2022\/04\/Panoramic-Alicante-Cocina-03-210x210.jpg"},"partners-logo":{"file":"Panoramic-Alicante-Cocina-03-600x3792.jpg","width":600,"height":3792,"mime-type":"image\/jpeg","url":"https:\/\/dacasas.es\/wp-content\/uploads\/2022\/04\/Panoramic-Alicante-Cocina-03-600x3792.jpg"},"post-featured-image":{"file":"Panoramic-Alicante-Cocina-03-1240x720.jpg","width":1240,"height":720,"mime-type":"image\/jpeg","url":"https:\/\/dacasas.es\/wp-content\/uploads\/2022\/04\/Panoramic-Alicante-Cocina-03-1240x720.jpg"}},"image_meta":{"aperture":"0","credit":"","camera":"","caption":"","created_timestamp":"0","copyright":"","focal_length":"0","iso":"0","shutter_speed":"0","title":"","orientation":"0","keywords":[]},"original_image":"Panoramic-Alicante-Cocina-03.jpg","ID":"6518","name":"Panor\u00e1mica-Alicante-Cocina-03-escala.jpg","path":"\/var\/www\/vhosts\/dacasas.es\/httpdocs\/wp-content\/uploads\/2022\/04\/Panoramic-Alicante-Cocina-03-scaled.jpg","url":"https:\/\/dacasas.es\/wp-content\/uploads\/2022\/04\/Panoramic-Alicante-Cocina-03-150x150.jpg","full_url":"https:\/\/dacasas.es\/wp-content\/uploads\/2022\/04\/Panoramic-Alicante-Cocina-03-scaled.jpg","title":"Panor\u00e1mica Alicante Cocina 03","caption":"","description":"","alt":"","srcset":"https:\/\/dacasas.es\/wp-content\/uploads\/2022\/04\/Panoramic-Alicante-Cocina-03-150x150.jpg 150w, https:\/\/dacasas.es\/wp-content\/uploads\/2022\/04\/Panoramic-Alicante-Cocina-03-210x210.jpg 210w"},{"width":150,"height":150,"file":"2022\/04\/Panoramic-Alicante-Dormitorio-01-01-scaled.jpg","sizes":{"medium":{"file":"Panoramic-Alicante-Dormitorio-01-01-300x169.jpg","width":300,"height":169,"mime-type":"image\/jpeg","url":"https:\/\/dacasas.es\/wp-content\/uploads\/2022\/04\/Panoramic-Alicante-Dormitorio-01-01-300x169.jpg"},"large":{"file":"Panoramic-Alicante-Dormitorio-01-01-1024x576.jpg","width":1024,"height":576,"mime-type":"image\/jpeg","url":"https:\/\/dacasas.es\/wp-content\/uploads\/2022\/04\/Panoramic-Alicante-Dormitorio-01-01-1024x576.jpg"},"thumbnail":{"file":"Panoramic-Alicante-Dormitorio-01-01-150x150.jpg","width":150,"height":150,"mime-type":"image\/jpeg","url":"https:\/\/dacasas.es\/wp-content\/uploads\/2022\/04\/Panoramic-Alicante-Dormitorio-01-01-150x150.jpg"},"medium_large":{"file":"Panoramic-Alicante-Dormitorio-01-01-768x432.jpg","width":768,"height":432,"mime-type":"image\/jpeg","url":"https:\/\/dacasas.es\/wp-content\/uploads\/2022\/04\/Panoramic-Alicante-Dormitorio-01-01-768x432.jpg"},"1536x1536":{"file":"Panoramic-Alicante-Dormitorio-01-01-1536x864.jpg","width":1536,"height":864,"mime-type":"image\/jpeg","url":"https:\/\/dacasas.es\/wp-content\/uploads\/2022\/04\/Panoramic-Alicante-Dormitorio-01-01-1536x864.jpg"},"2048x2048":{"file":"Panoramic-Alicante-Dormitorio-01-01-2048x1152.jpg","width":2048,"height":1152,"mime-type":"image\/jpeg","url":"https:\/\/dacasas.es\/wp-content\/uploads\/2022\/04\/Panoramic-Alicante-Dormitorio-01-01-2048x1152.jpg"},"post-thumbnail":{"file":"Panoramic-Alicante-Dormitorio-01-01-150x84.jpg","width":150,"height":84,"mime-type":"image\/jpeg","url":"https:\/\/dacasas.es\/wp-content\/uploads\/2022\/04\/Panoramic-Alicante-Dormitorio-01-01-150x84.jpg"},"modern-property-child-slider":{"file":"Panoramic-Alicante-Dormitorio-01-01-680x510.jpg","width":680,"height":510,"mime-type":"image\/jpeg","url":"https:\/\/dacasas.es\/wp-content\/uploads\/2022\/04\/Panoramic-Alicante-Dormitorio-01-01-680x510.jpg"},"property-thumb-image":{"file":"Panoramic-Alicante-Dormitorio-01-01-488x326.jpg","width":488,"height":326,"mime-type":"image\/jpeg","url":"https:\/\/dacasas.es\/wp-content\/uploads\/2022\/04\/Panoramic-Alicante-Dormitorio-01-01-488x326.jpg"},"property-detail-video-image":{"file":"Panoramic-Alicante-Dormitorio-01-01-818x417.jpg","width":818,"height":417,"mime-type":"image\/jpeg","url":"https:\/\/dacasas.es\/wp-content\/uploads\/2022\/04\/Panoramic-Alicante-Dormitorio-01-01-818x417.jpg"},"agent-image":{"file":"Panoramic-Alicante-Dormitorio-01-01-210x210.jpg","width":210,"height":210,"mime-type":"image\/jpeg","url":"https:\/\/dacasas.es\/wp-content\/uploads\/2022\/04\/Panoramic-Alicante-Dormitorio-01-01-210x210.jpg"},"partners-logo":{"file":"Panoramic-Alicante-Dormitorio-01-01-600x3792.jpg","width":600,"height":3792,"mime-type":"image\/jpeg","url":"https:\/\/dacasas.es\/wp-content\/uploads\/2022\/04\/Panoramic-Alicante-Dormitorio-01-01-600x3792.jpg"},"post-featured-image":{"file":"Panoramic-Alicante-Dormitorio-01-01-1240x720.jpg","width":1240,"height":720,"mime-type":"image\/jpeg","url":"https:\/\/dacasas.es\/wp-content\/uploads\/2022\/04\/Panoramic-Alicante-Dormitorio-01-01-1240x720.jpg"}},"image_meta":{"aperture":"0","credit":"","camera":"","caption":"","created_timestamp":"0","copyright":"","focal_length":"0","iso":"0","shutter_speed":"0","title":"","orientation":"0","keywords":[]},"original_image":"Panoramic-Alicante-Dormitorio-01-01.jpg","ID":"6519","name":"Panor\u00e1mica-Alicante-Dormitorio-01-01-escala.jpg","path":"\/var\/www\/vhosts\/dacasas.es\/httpdocs\/wp-content\/uploads\/2022\/04\/Panoramic-Alicante-Dormitorio-01-01-scaled.jpg","url":"https:\/\/dacasas.es\/wp-content\/uploads\/2022\/04\/Panoramic-Alicante-Dormitorio-01-01-150x150.jpg","full_url":"https:\/\/dacasas.es\/wp-content\/uploads\/2022\/04\/Panoramic-Alicante-Dormitorio-01-01-scaled.jpg","title":"Panor\u00e1mica Alicante Dormitorio 01 01","caption":"","description":"","alt":"","srcset":"https:\/\/dacasas.es\/wp-content\/uploads\/2022\/04\/Panoramic-Alicante-Dormitorio-01-01-150x150.jpg 150w, https:\/\/dacasas.es\/wp-content\/uploads\/2022\/04\/Panoramic-Alicante-Dormitorio-01-01-210x210.jpg 210w"},{"width":150,"height":150,"file":"2022\/04\/Panoramic-Alicante-Dormitorio-02-01-scaled.jpg","sizes":{"medium":{"file":"Panoramic-Alicante-Dormitorio-02-01-300x169.jpg","width":300,"height":169,"mime-type":"image\/jpeg","url":"https:\/\/dacasas.es\/wp-content\/uploads\/2022\/04\/Panoramic-Alicante-Dormitorio-02-01-300x169.jpg"},"large":{"file":"Panoramic-Alicante-Dormitorio-02-01-1024x576.jpg","width":1024,"height":576,"mime-type":"image\/jpeg","url":"https:\/\/dacasas.es\/wp-content\/uploads\/2022\/04\/Panoramic-Alicante-Dormitorio-02-01-1024x576.jpg"},"thumbnail":{"file":"Panoramic-Alicante-Dormitorio-02-01-150x150.jpg","width":150,"height":150,"mime-type":"image\/jpeg","url":"https:\/\/dacasas.es\/wp-content\/uploads\/2022\/04\/Panoramic-Alicante-Dormitorio-02-01-150x150.jpg"},"medium_large":{"file":"Panoramic-Alicante-Dormitorio-02-01-768x432.jpg","width":768,"height":432,"mime-type":"image\/jpeg","url":"https:\/\/dacasas.es\/wp-content\/uploads\/2022\/04\/Panoramic-Alicante-Dormitorio-02-01-768x432.jpg"},"1536x1536":{"file":"Panoramic-Alicante-Dormitorio-02-01-1536x864.jpg","width":1536,"height":864,"mime-type":"image\/jpeg","url":"https:\/\/dacasas.es\/wp-content\/uploads\/2022\/04\/Panoramic-Alicante-Dormitorio-02-01-1536x864.jpg"},"2048x2048":{"file":"Panoramic-Alicante-Dormitorio-02-01-2048x1152.jpg","width":2048,"height":1152,"mime-type":"image\/jpeg","url":"https:\/\/dacasas.es\/wp-content\/uploads\/2022\/04\/Panoramic-Alicante-Dormitorio-02-01-2048x1152.jpg"},"post-thumbnail":{"file":"Panoramic-Alicante-Dormitorio-02-01-150x84.jpg","width":150,"height":84,"mime-type":"image\/jpeg","url":"https:\/\/dacasas.es\/wp-content\/uploads\/2022\/04\/Panoramic-Alicante-Dormitorio-02-01-150x84.jpg"},"modern-property-child-slider":{"file":"Panoramic-Alicante-Dormitorio-02-01-680x510.jpg","width":680,"height":510,"mime-type":"image\/jpeg","url":"https:\/\/dacasas.es\/wp-content\/uploads\/2022\/04\/Panoramic-Alicante-Dormitorio-02-01-680x510.jpg"},"property-thumb-image":{"file":"Panoramic-Alicante-Dormitorio-02-01-488x326.jpg","width":488,"height":326,"mime-type":"image\/jpeg","url":"https:\/\/dacasas.es\/wp-content\/uploads\/2022\/04\/Panoramic-Alicante-Dormitorio-02-01-488x326.jpg"},"property-detail-video-image":{"file":"Panoramic-Alicante-Dormitorio-02-01-818x417.jpg","width":818,"height":417,"mime-type":"image\/jpeg","url":"https:\/\/dacasas.es\/wp-content\/uploads\/2022\/04\/Panoramic-Alicante-Dormitorio-02-01-818x417.jpg"},"agent-image":{"file":"Panoramic-Alicante-Dormitorio-02-01-210x210.jpg","width":210,"height":210,"mime-type":"image\/jpeg","url":"https:\/\/dacasas.es\/wp-content\/uploads\/2022\/04\/Panoramic-Alicante-Dormitorio-02-01-210x210.jpg"},"partners-logo":{"file":"Panoramic-Alicante-Dormitorio-02-01-600x3792.jpg","width":600,"height":3792,"mime-type":"image\/jpeg","url":"https:\/\/dacasas.es\/wp-content\/uploads\/2022\/04\/Panoramic-Alicante-Dormitorio-02-01-600x3792.jpg"},"post-featured-image":{"file":"Panoramic-Alicante-Dormitorio-02-01-1240x720.jpg","width":1240,"height":720,"mime-type":"image\/jpeg","url":"https:\/\/dacasas.es\/wp-content\/uploads\/2022\/04\/Panoramic-Alicante-Dormitorio-02-01-1240x720.jpg"}},"image_meta":{"aperture":"0","credit":"","camera":"","caption":"","created_timestamp":"0","copyright":"","focal_length":"0","iso":"0","shutter_speed":"0","title":"","orientation":"0","keywords":[]},"original_image":"Panoramic-Alicante-Dormitorio-02-01.jpg","ID":"6520","name":"Panor\u00e1mica-Alicante-Dormitorio-02-01-escala.jpg","path":"\/var\/www\/vhosts\/dacasas.es\/httpdocs\/wp-content\/uploads\/2022\/04\/Panoramic-Alicante-Dormitorio-02-01-scaled.jpg","url":"https:\/\/dacasas.es\/wp-content\/uploads\/2022\/04\/Panoramic-Alicante-Dormitorio-02-01-150x150.jpg","full_url":"https:\/\/dacasas.es\/wp-content\/uploads\/2022\/04\/Panoramic-Alicante-Dormitorio-02-01-scaled.jpg","title":"Panor\u00e1mica Alicante Dormitorio 02 01","caption":"","description":"","alt":"","srcset":"https:\/\/dacasas.es\/wp-content\/uploads\/2022\/04\/Panoramic-Alicante-Dormitorio-02-01-150x150.jpg 150w, https:\/\/dacasas.es\/wp-content\/uploads\/2022\/04\/Panoramic-Alicante-Dormitorio-02-01-210x210.jpg 210w"},{"width":150,"height":150,"file":"2022\/04\/Panoramic-Alicante-Dormitorio-02-02-scaled.jpg","sizes":{"medium":{"file":"Panoramic-Alicante-Dormitorio-02-02-300x169.jpg","width":300,"height":169,"mime-type":"image\/jpeg","url":"https:\/\/dacasas.es\/wp-content\/uploads\/2022\/04\/Panoramic-Alicante-Dormitorio-02-02-300x169.jpg"},"large":{"file":"Panoramic-Alicante-Dormitorio-02-02-1024x576.jpg","width":1024,"height":576,"mime-type":"image\/jpeg","url":"https:\/\/dacasas.es\/wp-content\/uploads\/2022\/04\/Panoramic-Alicante-Dormitorio-02-02-1024x576.jpg"},"thumbnail":{"file":"Panoramic-Alicante-Dormitorio-02-02-150x150.jpg","width":150,"height":150,"mime-type":"image\/jpeg","url":"https:\/\/dacasas.es\/wp-content\/uploads\/2022\/04\/Panoramic-Alicante-Dormitorio-02-02-150x150.jpg"},"medium_large":{"file":"Panoramic-Alicante-Dormitorio-02-02-768x432.jpg","width":768,"height":432,"mime-type":"image\/jpeg","url":"https:\/\/dacasas.es\/wp-content\/uploads\/2022\/04\/Panoramic-Alicante-Dormitorio-02-02-768x432.jpg"},"1536x1536":{"file":"Panoramic-Alicante-Dormitorio-02-02-1536x864.jpg","width":1536,"height":864,"mime-type":"image\/jpeg","url":"https:\/\/dacasas.es\/wp-content\/uploads\/2022\/04\/Panoramic-Alicante-Dormitorio-02-02-1536x864.jpg"},"2048x2048":{"file":"Panoramic-Alicante-Dormitorio-02-02-2048x1152.jpg","width":2048,"height":1152,"mime-type":"image\/jpeg","url":"https:\/\/dacasas.es\/wp-content\/uploads\/2022\/04\/Panoramic-Alicante-Dormitorio-02-02-2048x1152.jpg"},"post-thumbnail":{"file":"Panoramic-Alicante-Dormitorio-02-02-150x84.jpg","width":150,"height":84,"mime-type":"image\/jpeg","url":"https:\/\/dacasas.es\/wp-content\/uploads\/2022\/04\/Panoramic-Alicante-Dormitorio-02-02-150x84.jpg"},"modern-property-child-slider":{"file":"Panoramic-Alicante-Dormitorio-02-02-680x510.jpg","width":680,"height":510,"mime-type":"image\/jpeg","url":"https:\/\/dacasas.es\/wp-content\/uploads\/2022\/04\/Panoramic-Alicante-Dormitorio-02-02-680x510.jpg"},"property-thumb-image":{"file":"Panoramic-Alicante-Dormitorio-02-02-488x326.jpg","width":488,"height":326,"mime-type":"image\/jpeg","url":"https:\/\/dacasas.es\/wp-content\/uploads\/2022\/04\/Panoramic-Alicante-Dormitorio-02-02-488x326.jpg"},"property-detail-video-image":{"file":"Panoramic-Alicante-Dormitorio-02-02-818x417.jpg","width":818,"height":417,"mime-type":"image\/jpeg","url":"https:\/\/dacasas.es\/wp-content\/uploads\/2022\/04\/Panoramic-Alicante-Dormitorio-02-02-818x417.jpg"},"agent-image":{"file":"Panoramic-Alicante-Dormitorio-02-02-210x210.jpg","width":210,"height":210,"mime-type":"image\/jpeg","url":"https:\/\/dacasas.es\/wp-content\/uploads\/2022\/04\/Panoramic-Alicante-Dormitorio-02-02-210x210.jpg"},"partners-logo":{"file":"Panoramic-Alicante-Dormitorio-02-02-600x3792.jpg","width":600,"height":3792,"mime-type":"image\/jpeg","url":"https:\/\/dacasas.es\/wp-content\/uploads\/2022\/04\/Panoramic-Alicante-Dormitorio-02-02-600x3792.jpg"},"post-featured-image":{"file":"Panoramic-Alicante-Dormitorio-02-02-1240x720.jpg","width":1240,"height":720,"mime-type":"image\/jpeg","url":"https:\/\/dacasas.es\/wp-content\/uploads\/2022\/04\/Panoramic-Alicante-Dormitorio-02-02-1240x720.jpg"}},"image_meta":{"aperture":"0","credit":"","camera":"","caption":"","created_timestamp":"0","copyright":"","focal_length":"0","iso":"0","shutter_speed":"0","title":"","orientation":"0","keywords":[]},"original_image":"Panoramic-Alicante-Dormitorio-02-02.jpg","ID":"6521","name":"Panor\u00e1mica-Alicante-Dormitorio-02-02-escala.jpg","path":"\/var\/www\/vhosts\/dacasas.es\/httpdocs\/wp-content\/uploads\/2022\/04\/Panoramic-Alicante-Dormitorio-02-02-scaled.jpg","url":"https:\/\/dacasas.es\/wp-content\/uploads\/2022\/04\/Panoramic-Alicante-Dormitorio-02-02-150x150.jpg","full_url":"https:\/\/dacasas.es\/wp-content\/uploads\/2022\/04\/Panoramic-Alicante-Dormitorio-02-02-scaled.jpg","title":"Panor\u00e1mica Alicante Dormitorio 02 02","caption":"","description":"","alt":"","srcset":"https:\/\/dacasas.es\/wp-content\/uploads\/2022\/04\/Panoramic-Alicante-Dormitorio-02-02-150x150.jpg 150w, https:\/\/dacasas.es\/wp-content\/uploads\/2022\/04\/Panoramic-Alicante-Dormitorio-02-02-210x210.jpg 210w"},{"width":150,"height":150,"file":"2022\/04\/Panoramic-Alicante-Dormitorio-03-01-scaled.jpg","sizes":{"medium":{"file":"Panoramic-Alicante-Dormitorio-03-01-300x169.jpg","width":300,"height":169,"mime-type":"image\/jpeg","url":"https:\/\/dacasas.es\/wp-content\/uploads\/2022\/04\/Panoramic-Alicante-Dormitorio-03-01-300x169.jpg"},"large":{"file":"Panoramic-Alicante-Dormitorio-03-01-1024x576.jpg","width":1024,"height":576,"mime-type":"image\/jpeg","url":"https:\/\/dacasas.es\/wp-content\/uploads\/2022\/04\/Panoramic-Alicante-Dormitorio-03-01-1024x576.jpg"},"thumbnail":{"file":"Panoramic-Alicante-Dormitorio-03-01-150x150.jpg","width":150,"height":150,"mime-type":"image\/jpeg","url":"https:\/\/dacasas.es\/wp-content\/uploads\/2022\/04\/Panoramic-Alicante-Dormitorio-03-01-150x150.jpg"},"medium_large":{"file":"Panoramic-Alicante-Dormitorio-03-01-768x432.jpg","width":768,"height":432,"mime-type":"image\/jpeg","url":"https:\/\/dacasas.es\/wp-content\/uploads\/2022\/04\/Panoramic-Alicante-Dormitorio-03-01-768x432.jpg"},"1536x1536":{"file":"Panoramic-Alicante-Dormitorio-03-01-1536x864.jpg","width":1536,"height":864,"mime-type":"image\/jpeg","url":"https:\/\/dacasas.es\/wp-content\/uploads\/2022\/04\/Panoramic-Alicante-Dormitorio-03-01-1536x864.jpg"},"2048x2048":{"file":"Panoramic-Alicante-Dormitorio-03-01-2048x1152.jpg","width":2048,"height":1152,"mime-type":"image\/jpeg","url":"https:\/\/dacasas.es\/wp-content\/uploads\/2022\/04\/Panoramic-Alicante-Dormitorio-03-01-2048x1152.jpg"},"post-thumbnail":{"file":"Panoramic-Alicante-Dormitorio-03-01-150x84.jpg","width":150,"height":84,"mime-type":"image\/jpeg","url":"https:\/\/dacasas.es\/wp-content\/uploads\/2022\/04\/Panoramic-Alicante-Dormitorio-03-01-150x84.jpg"},"modern-property-child-slider":{"file":"Panoramic-Alicante-Dormitorio-03-01-680x510.jpg","width":680,"height":510,"mime-type":"image\/jpeg","url":"https:\/\/dacasas.es\/wp-content\/uploads\/2022\/04\/Panoramic-Alicante-Dormitorio-03-01-680x510.jpg"},"property-thumb-image":{"file":"Panoramic-Alicante-Dormitorio-03-01-488x326.jpg","width":488,"height":326,"mime-type":"image\/jpeg","url":"https:\/\/dacasas.es\/wp-content\/uploads\/2022\/04\/Panoramic-Alicante-Dormitorio-03-01-488x326.jpg"},"property-detail-video-image":{"file":"Panoramic-Alicante-Dormitorio-03-01-818x417.jpg","width":818,"height":417,"mime-type":"image\/jpeg","url":"https:\/\/dacasas.es\/wp-content\/uploads\/2022\/04\/Panoramic-Alicante-Dormitorio-03-01-818x417.jpg"},"agent-image":{"file":"Panoramic-Alicante-Dormitorio-03-01-210x210.jpg","width":210,"height":210,"mime-type":"image\/jpeg","url":"https:\/\/dacasas.es\/wp-content\/uploads\/2022\/04\/Panoramic-Alicante-Dormitorio-03-01-210x210.jpg"},"partners-logo":{"file":"Panoramic-Alicante-Dormitorio-03-01-600x3792.jpg","width":600,"height":3792,"mime-type":"image\/jpeg","url":"https:\/\/dacasas.es\/wp-content\/uploads\/2022\/04\/Panoramic-Alicante-Dormitorio-03-01-600x3792.jpg"},"post-featured-image":{"file":"Panoramic-Alicante-Dormitorio-03-01-1240x720.jpg","width":1240,"height":720,"mime-type":"image\/jpeg","url":"https:\/\/dacasas.es\/wp-content\/uploads\/2022\/04\/Panoramic-Alicante-Dormitorio-03-01-1240x720.jpg"}},"image_meta":{"aperture":"0","credit":"","camera":"","caption":"","created_timestamp":"0","copyright":"","focal_length":"0","iso":"0","shutter_speed":"0","title":"","orientation":"0","keywords":[]},"original_image":"Panoramic-Alicante-Dormitorio-03-01.jpg","ID":"6522","name":"Panor\u00e1mica-Alicante-Dormitorio-03-01-escala.jpg","path":"\/var\/www\/vhosts\/dacasas.es\/httpdocs\/wp-content\/uploads\/2022\/04\/Panoramic-Alicante-Dormitorio-03-01-scaled.jpg","url":"https:\/\/dacasas.es\/wp-content\/uploads\/2022\/04\/Panoramic-Alicante-Dormitorio-03-01-150x150.jpg","full_url":"https:\/\/dacasas.es\/wp-content\/uploads\/2022\/04\/Panoramic-Alicante-Dormitorio-03-01-scaled.jpg","title":"Panor\u00e1mica Alicante Dormitorio 03 01","caption":"","description":"","alt":"","srcset":"https:\/\/dacasas.es\/wp-content\/uploads\/2022\/04\/Panoramic-Alicante-Dormitorio-03-01-150x150.jpg 150w, https:\/\/dacasas.es\/wp-content\/uploads\/2022\/04\/Panoramic-Alicante-Dormitorio-03-01-210x210.jpg 210w"},{"width":150,"height":150,"file":"2022\/04\/Panoramic-Alicante-Salon-01-scaled.jpg","sizes":{"medium":{"file":"Panoramic-Alicante-Salon-01-300x169.jpg","width":300,"height":169,"mime-type":"image\/jpeg","url":"https:\/\/dacasas.es\/wp-content\/uploads\/2022\/04\/Panoramic-Alicante-Salon-01-300x169.jpg"},"large":{"file":"Panoramic-Alicante-Salon-01-1024x576.jpg","width":1024,"height":576,"mime-type":"image\/jpeg","url":"https:\/\/dacasas.es\/wp-content\/uploads\/2022\/04\/Panoramic-Alicante-Salon-01-1024x576.jpg"},"thumbnail":{"file":"Panoramic-Alicante-Salon-01-150x150.jpg","width":150,"height":150,"mime-type":"image\/jpeg","url":"https:\/\/dacasas.es\/wp-content\/uploads\/2022\/04\/Panoramic-Alicante-Salon-01-150x150.jpg"},"medium_large":{"file":"Panoramic-Alicante-Salon-01-768x432.jpg","width":768,"height":432,"mime-type":"image\/jpeg","url":"https:\/\/dacasas.es\/wp-content\/uploads\/2022\/04\/Panoramic-Alicante-Salon-01-768x432.jpg"},"1536x1536":{"file":"Panoramic-Alicante-Salon-01-1536x864.jpg","width":1536,"height":864,"mime-type":"image\/jpeg","url":"https:\/\/dacasas.es\/wp-content\/uploads\/2022\/04\/Panoramic-Alicante-Salon-01-1536x864.jpg"},"2048x2048":{"file":"Panoramic-Alicante-Salon-01-2048x1152.jpg","width":2048,"height":1152,"mime-type":"image\/jpeg","url":"https:\/\/dacasas.es\/wp-content\/uploads\/2022\/04\/Panoramic-Alicante-Salon-01-2048x1152.jpg"},"post-thumbnail":{"file":"Panoramic-Alicante-Salon-01-150x84.jpg","width":150,"height":84,"mime-type":"image\/jpeg","url":"https:\/\/dacasas.es\/wp-content\/uploads\/2022\/04\/Panoramic-Alicante-Salon-01-150x84.jpg"},"modern-property-child-slider":{"file":"Panoramic-Alicante-Salon-01-680x510.jpg","width":680,"height":510,"mime-type":"image\/jpeg","url":"https:\/\/dacasas.es\/wp-content\/uploads\/2022\/04\/Panoramic-Alicante-Salon-01-680x510.jpg"},"property-thumb-image":{"file":"Panoramic-Alicante-Salon-01-488x326.jpg","width":488,"height":326,"mime-type":"image\/jpeg","url":"https:\/\/dacasas.es\/wp-content\/uploads\/2022\/04\/Panoramic-Alicante-Salon-01-488x326.jpg"},"property-detail-video-image":{"file":"Panoramic-Alicante-Salon-01-818x417.jpg","width":818,"height":417,"mime-type":"image\/jpeg","url":"https:\/\/dacasas.es\/wp-content\/uploads\/2022\/04\/Panoramic-Alicante-Salon-01-818x417.jpg"},"agent-image":{"file":"Panoramic-Alicante-Salon-01-210x210.jpg","width":210,"height":210,"mime-type":"image\/jpeg","url":"https:\/\/dacasas.es\/wp-content\/uploads\/2022\/04\/Panoramic-Alicante-Salon-01-210x210.jpg"},"partners-logo":{"file":"Panoramic-Alicante-Salon-01-600x3413.jpg","width":600,"height":3413,"mime-type":"image\/jpeg","url":"https:\/\/dacasas.es\/wp-content\/uploads\/2022\/04\/Panoramic-Alicante-Salon-01-600x3413.jpg"},"post-featured-image":{"file":"Panoramic-Alicante-Salon-01-1240x720.jpg","width":1240,"height":720,"mime-type":"image\/jpeg","url":"https:\/\/dacasas.es\/wp-content\/uploads\/2022\/04\/Panoramic-Alicante-Salon-01-1240x720.jpg"}},"image_meta":{"aperture":"0","credit":"","camera":"","caption":"","created_timestamp":"0","copyright":"","focal_length":"0","iso":"0","shutter_speed":"0","title":"","orientation":"0","keywords":[]},"original_image":"Panoramic-Alicante-Salon-01.jpg","ID":"6523","name":"Panor\u00e1mica-Alicante-Sal\u00f3n-01-escala.jpg","path":"\/var\/www\/vhosts\/dacasas.es\/httpdocs\/wp-content\/uploads\/2022\/04\/Panoramic-Alicante-Salon-01-scaled.jpg","url":"https:\/\/dacasas.es\/wp-content\/uploads\/2022\/04\/Panoramic-Alicante-Salon-01-150x150.jpg","full_url":"https:\/\/dacasas.es\/wp-content\/uploads\/2022\/04\/Panoramic-Alicante-Salon-01-scaled.jpg","title":"Panor\u00e1mica Alicante Sal\u00f3n 01","caption":"","description":"","alt":"","srcset":"https:\/\/dacasas.es\/wp-content\/uploads\/2022\/04\/Panoramic-Alicante-Salon-01-150x150.jpg 150w, https:\/\/dacasas.es\/wp-content\/uploads\/2022\/04\/Panoramic-Alicante-Salon-01-210x210.jpg 210w"},{"width":150,"height":150,"file":"2022\/04\/Panoramic-Alicante-Salon-02-scaled.jpg","sizes":{"medium":{"file":"Panoramic-Alicante-Salon-02-300x169.jpg","width":300,"height":169,"mime-type":"image\/jpeg","url":"https:\/\/dacasas.es\/wp-content\/uploads\/2022\/04\/Panoramic-Alicante-Salon-02-300x169.jpg"},"large":{"file":"Panoramic-Alicante-Salon-02-1024x576.jpg","width":1024,"height":576,"mime-type":"image\/jpeg","url":"https:\/\/dacasas.es\/wp-content\/uploads\/2022\/04\/Panoramic-Alicante-Salon-02-1024x576.jpg"},"thumbnail":{"file":"Panoramic-Alicante-Salon-02-150x150.jpg","width":150,"height":150,"mime-type":"image\/jpeg","url":"https:\/\/dacasas.es\/wp-content\/uploads\/2022\/04\/Panoramic-Alicante-Salon-02-150x150.jpg"},"medium_large":{"file":"Panoramic-Alicante-Salon-02-768x432.jpg","width":768,"height":432,"mime-type":"image\/jpeg","url":"https:\/\/dacasas.es\/wp-content\/uploads\/2022\/04\/Panoramic-Alicante-Salon-02-768x432.jpg"},"1536x1536":{"file":"Panoramic-Alicante-Salon-02-1536x864.jpg","width":1536,"height":864,"mime-type":"image\/jpeg","url":"https:\/\/dacasas.es\/wp-content\/uploads\/2022\/04\/Panoramic-Alicante-Salon-02-1536x864.jpg"},"2048x2048":{"file":"Panoramic-Alicante-Salon-02-2048x1152.jpg","width":2048,"height":1152,"mime-type":"image\/jpeg","url":"https:\/\/dacasas.es\/wp-content\/uploads\/2022\/04\/Panoramic-Alicante-Salon-02-2048x1152.jpg"},"post-thumbnail":{"file":"Panoramic-Alicante-Salon-02-150x84.jpg","width":150,"height":84,"mime-type":"image\/jpeg","url":"https:\/\/dacasas.es\/wp-content\/uploads\/2022\/04\/Panoramic-Alicante-Salon-02-150x84.jpg"},"modern-property-child-slider":{"file":"Panoramic-Alicante-Salon-02-680x510.jpg","width":680,"height":510,"mime-type":"image\/jpeg","url":"https:\/\/dacasas.es\/wp-content\/uploads\/2022\/04\/Panoramic-Alicante-Salon-02-680x510.jpg"},"property-thumb-image":{"file":"Panoramic-Alicante-Salon-02-488x326.jpg","width":488,"height":326,"mime-type":"image\/jpeg","url":"https:\/\/dacasas.es\/wp-content\/uploads\/2022\/04\/Panoramic-Alicante-Salon-02-488x326.jpg"},"property-detail-video-image":{"file":"Panoramic-Alicante-Salon-02-818x417.jpg","width":818,"height":417,"mime-type":"image\/jpeg","url":"https:\/\/dacasas.es\/wp-content\/uploads\/2022\/04\/Panoramic-Alicante-Salon-02-818x417.jpg"},"agent-image":{"file":"Panoramic-Alicante-Salon-02-210x210.jpg","width":210,"height":210,"mime-type":"image\/jpeg","url":"https:\/\/dacasas.es\/wp-content\/uploads\/2022\/04\/Panoramic-Alicante-Salon-02-210x210.jpg"},"partners-logo":{"file":"Panoramic-Alicante-Salon-02-600x3413.jpg","width":600,"height":3413,"mime-type":"image\/jpeg","url":"https:\/\/dacasas.es\/wp-content\/uploads\/2022\/04\/Panoramic-Alicante-Salon-02-600x3413.jpg"},"post-featured-image":{"file":"Panoramic-Alicante-Salon-02-1240x720.jpg","width":1240,"height":720,"mime-type":"image\/jpeg","url":"https:\/\/dacasas.es\/wp-content\/uploads\/2022\/04\/Panoramic-Alicante-Salon-02-1240x720.jpg"}},"image_meta":{"aperture":"0","credit":"","camera":"","caption":"","created_timestamp":"0","copyright":"","focal_length":"0","iso":"0","shutter_speed":"0","title":"","orientation":"0","keywords":[]},"original_image":"Panoramic-Alicante-Salon-02.jpg","ID":"6524","name":"Panor\u00e1mica-Alicante-Sal\u00f3n-02-escala.jpg","path":"\/var\/www\/vhosts\/dacasas.es\/httpdocs\/wp-content\/uploads\/2022\/04\/Panoramic-Alicante-Salon-02-scaled.jpg","url":"https:\/\/dacasas.es\/wp-content\/uploads\/2022\/04\/Panoramic-Alicante-Salon-02-150x150.jpg","full_url":"https:\/\/dacasas.es\/wp-content\/uploads\/2022\/04\/Panoramic-Alicante-Salon-02-scaled.jpg","title":"Panor\u00e1mica Alicante Sal\u00f3n 02","caption":"","description":"","alt":"","srcset":"https:\/\/dacasas.es\/wp-content\/uploads\/2022\/04\/Panoramic-Alicante-Salon-02-150x150.jpg 150w, https:\/\/dacasas.es\/wp-content\/uploads\/2022\/04\/Panoramic-Alicante-Salon-02-210x210.jpg 210w"},{"width":150,"height":150,"file":"2022\/04\/Panoramic-Alicante-Salon-03-scaled.jpg","sizes":{"medium":{"file":"Panoramic-Alicante-Salon-03-300x169.jpg","width":300,"height":169,"mime-type":"image\/jpeg","url":"https:\/\/dacasas.es\/wp-content\/uploads\/2022\/04\/Panoramic-Alicante-Salon-03-300x169.jpg"},"large":{"file":"Panoramic-Alicante-Salon-03-1024x576.jpg","width":1024,"height":576,"mime-type":"image\/jpeg","url":"https:\/\/dacasas.es\/wp-content\/uploads\/2022\/04\/Panoramic-Alicante-Salon-03-1024x576.jpg"},"thumbnail":{"file":"Panoramic-Alicante-Salon-03-150x150.jpg","width":150,"height":150,"mime-type":"image\/jpeg","url":"https:\/\/dacasas.es\/wp-content\/uploads\/2022\/04\/Panoramic-Alicante-Salon-03-150x150.jpg"},"medium_large":{"file":"Panoramic-Alicante-Salon-03-768x432.jpg","width":768,"height":432,"mime-type":"image\/jpeg","url":"https:\/\/dacasas.es\/wp-content\/uploads\/2022\/04\/Panoramic-Alicante-Salon-03-768x432.jpg"},"1536x1536":{"file":"Panoramic-Alicante-Salon-03-1536x864.jpg","width":1536,"height":864,"mime-type":"image\/jpeg","url":"https:\/\/dacasas.es\/wp-content\/uploads\/2022\/04\/Panoramic-Alicante-Salon-03-1536x864.jpg"},"2048x2048":{"file":"Panoramic-Alicante-Salon-03-2048x1152.jpg","width":2048,"height":1152,"mime-type":"image\/jpeg","url":"https:\/\/dacasas.es\/wp-content\/uploads\/2022\/04\/Panoramic-Alicante-Salon-03-2048x1152.jpg"},"post-thumbnail":{"file":"Panoramic-Alicante-Salon-03-150x84.jpg","width":150,"height":84,"mime-type":"image\/jpeg","url":"https:\/\/dacasas.es\/wp-content\/uploads\/2022\/04\/Panoramic-Alicante-Salon-03-150x84.jpg"},"modern-property-child-slider":{"file":"Panoramic-Alicante-Salon-03-680x510.jpg","width":680,"height":510,"mime-type":"image\/jpeg","url":"https:\/\/dacasas.es\/wp-content\/uploads\/2022\/04\/Panoramic-Alicante-Salon-03-680x510.jpg"},"property-thumb-image":{"file":"Panoramic-Alicante-Salon-03-488x326.jpg","width":488,"height":326,"mime-type":"image\/jpeg","url":"https:\/\/dacasas.es\/wp-content\/uploads\/2022\/04\/Panoramic-Alicante-Salon-03-488x326.jpg"},"property-detail-video-image":{"file":"Panoramic-Alicante-Salon-03-818x417.jpg","width":818,"height":417,"mime-type":"image\/jpeg","url":"https:\/\/dacasas.es\/wp-content\/uploads\/2022\/04\/Panoramic-Alicante-Salon-03-818x417.jpg"},"agent-image":{"file":"Panoramic-Alicante-Salon-03-210x210.jpg","width":210,"height":210,"mime-type":"image\/jpeg","url":"https:\/\/dacasas.es\/wp-content\/uploads\/2022\/04\/Panoramic-Alicante-Salon-03-210x210.jpg"},"partners-logo":{"file":"Panoramic-Alicante-Salon-03-600x3413.jpg","width":600,"height":3413,"mime-type":"image\/jpeg","url":"https:\/\/dacasas.es\/wp-content\/uploads\/2022\/04\/Panoramic-Alicante-Salon-03-600x3413.jpg"},"post-featured-image":{"file":"Panoramic-Alicante-Salon-03-1240x720.jpg","width":1240,"height":720,"mime-type":"image\/jpeg","url":"https:\/\/dacasas.es\/wp-content\/uploads\/2022\/04\/Panoramic-Alicante-Salon-03-1240x720.jpg"}},"image_meta":{"aperture":"0","credit":"","camera":"","caption":"","created_timestamp":"0","copyright":"","focal_length":"0","iso":"0","shutter_speed":"0","title":"","orientation":"0","keywords":[]},"original_image":"Panoramic-Alicante-Salon-03.jpg","ID":"6525","name":"Panor\u00e1mica-Alicante-Sal\u00f3n-03-escala.jpg","path":"\/var\/www\/vhosts\/dacasas.es\/httpdocs\/wp-content\/uploads\/2022\/04\/Panoramic-Alicante-Salon-03-scaled.jpg","url":"https:\/\/dacasas.es\/wp-content\/uploads\/2022\/04\/Panoramic-Alicante-Salon-03-150x150.jpg","full_url":"https:\/\/dacasas.es\/wp-content\/uploads\/2022\/04\/Panoramic-Alicante-Salon-03-scaled.jpg","title":"Panor\u00e1mica Alicante Sal\u00f3n 03","caption":"","description":"","alt":"","srcset":"https:\/\/dacasas.es\/wp-content\/uploads\/2022\/04\/Panoramic-Alicante-Salon-03-150x150.jpg 150w, https:\/\/dacasas.es\/wp-content\/uploads\/2022\/04\/Panoramic-Alicante-Salon-03-210x210.jpg 210w"},{"width":150,"height":150,"file":"2022\/04\/Salon-03-scaled.jpg","sizes":{"medium":{"file":"Salon-03-300x169.jpg","width":300,"height":169,"mime-type":"image\/jpeg","url":"https:\/\/dacasas.es\/wp-content\/uploads\/2022\/04\/Salon-03-300x169.jpg"},"large":{"file":"Salon-03-1024x576.jpg","width":1024,"height":576,"mime-type":"image\/jpeg","url":"https:\/\/dacasas.es\/wp-content\/uploads\/2022\/04\/Salon-03-1024x576.jpg"},"thumbnail":{"file":"Salon-03-150x150.jpg","width":150,"height":150,"mime-type":"image\/jpeg","url":"https:\/\/dacasas.es\/wp-content\/uploads\/2022\/04\/Salon-03-150x150.jpg"},"medium_large":{"file":"Salon-03-768x432.jpg","width":768,"height":432,"mime-type":"image\/jpeg","url":"https:\/\/dacasas.es\/wp-content\/uploads\/2022\/04\/Salon-03-768x432.jpg"},"1536x1536":{"file":"Salon-03-1536x864.jpg","width":1536,"height":864,"mime-type":"image\/jpeg","url":"https:\/\/dacasas.es\/wp-content\/uploads\/2022\/04\/Salon-03-1536x864.jpg"},"2048x2048":{"file":"Salon-03-2048x1152.jpg","width":2048,"height":1152,"mime-type":"image\/jpeg","url":"https:\/\/dacasas.es\/wp-content\/uploads\/2022\/04\/Salon-03-2048x1152.jpg"},"post-thumbnail":{"file":"Salon-03-150x84.jpg","width":150,"height":84,"mime-type":"image\/jpeg","url":"https:\/\/dacasas.es\/wp-content\/uploads\/2022\/04\/Salon-03-150x84.jpg"},"modern-property-child-slider":{"file":"Salon-03-680x510.jpg","width":680,"height":510,"mime-type":"image\/jpeg","url":"https:\/\/dacasas.es\/wp-content\/uploads\/2022\/04\/Salon-03-680x510.jpg"},"property-thumb-image":{"file":"Salon-03-488x326.jpg","width":488,"height":326,"mime-type":"image\/jpeg","url":"https:\/\/dacasas.es\/wp-content\/uploads\/2022\/04\/Salon-03-488x326.jpg"},"property-detail-video-image":{"file":"Salon-03-818x417.jpg","width":818,"height":417,"mime-type":"image\/jpeg","url":"https:\/\/dacasas.es\/wp-content\/uploads\/2022\/04\/Salon-03-818x417.jpg"},"agent-image":{"file":"Salon-03-210x210.jpg","width":210,"height":210,"mime-type":"image\/jpeg","url":"https:\/\/dacasas.es\/wp-content\/uploads\/2022\/04\/Salon-03-210x210.jpg"},"partners-logo":{"file":"Salon-03-600x3413.jpg","width":600,"height":3413,"mime-type":"image\/jpeg","url":"https:\/\/dacasas.es\/wp-content\/uploads\/2022\/04\/Salon-03-600x3413.jpg"},"post-featured-image":{"file":"Salon-03-1240x720.jpg","width":1240,"height":720,"mime-type":"image\/jpeg","url":"https:\/\/dacasas.es\/wp-content\/uploads\/2022\/04\/Salon-03-1240x720.jpg"}},"image_meta":{"aperture":"0","credit":"","camera":"","caption":"","created_timestamp":"0","copyright":"","focal_length":"0","iso":"0","shutter_speed":"0","title":"","orientation":"0","keywords":[]},"original_image":"Salon-03.jpg","ID":"6526","name":"Salon-03-escala.jpg","path":"\/var\/www\/vhosts\/dacasas.es\/httpdocs\/wp-content\/uploads\/2022\/04\/Salon-03-scaled.jpg","url":"https:\/\/dacasas.es\/wp-content\/uploads\/2022\/04\/Salon-03-150x150.jpg","full_url":"https:\/\/dacasas.es\/wp-content\/uploads\/2022\/04\/Salon-03-scaled.jpg","title":"Sal\u00f3n 03","caption":"","description":"","alt":"","srcset":"https:\/\/dacasas.es\/wp-content\/uploads\/2022\/04\/Salon-03-150x150.jpg 150w, https:\/\/dacasas.es\/wp-content\/uploads\/2022\/04\/Salon-03-210x210.jpg 210w"},{"width":150,"height":150,"file":"2022\/04\/2-scaled.jpg","sizes":{"medium":{"file":"2-300x215.jpg","width":300,"height":215,"mime-type":"image\/jpeg","url":"https:\/\/dacasas.es\/wp-content\/uploads\/2022\/04\/2-300x215.jpg"},"large":{"file":"2-1024x732.jpg","width":1024,"height":732,"mime-type":"image\/jpeg","url":"https:\/\/dacasas.es\/wp-content\/uploads\/2022\/04\/2-1024x732.jpg"},"thumbnail":{"file":"2-150x150.jpg","width":150,"height":150,"mime-type":"image\/jpeg","url":"https:\/\/dacasas.es\/wp-content\/uploads\/2022\/04\/2-150x150.jpg"},"medium_large":{"file":"2-768x549.jpg","width":768,"height":549,"mime-type":"image\/jpeg","url":"https:\/\/dacasas.es\/wp-content\/uploads\/2022\/04\/2-768x549.jpg"},"1536x1536":{"file":"2-1536x1099.jpg","width":1536,"height":1099,"mime-type":"image\/jpeg","url":"https:\/\/dacasas.es\/wp-content\/uploads\/2022\/04\/2-1536x1099.jpg"},"2048x2048":{"file":"2-2048x1465.jpg","width":2048,"height":1465,"mime-type":"image\/jpeg","url":"https:\/\/dacasas.es\/wp-content\/uploads\/2022\/04\/2-2048x1465.jpg"},"post-thumbnail":{"file":"2-150x107.jpg","width":150,"height":107,"mime-type":"image\/jpeg","url":"https:\/\/dacasas.es\/wp-content\/uploads\/2022\/04\/2-150x107.jpg"},"modern-property-child-slider":{"file":"2-680x510.jpg","width":680,"height":510,"mime-type":"image\/jpeg","url":"https:\/\/dacasas.es\/wp-content\/uploads\/2022\/04\/2-680x510.jpg"},"property-thumb-image":{"file":"2-488x326.jpg","width":488,"height":326,"mime-type":"image\/jpeg","url":"https:\/\/dacasas.es\/wp-content\/uploads\/2022\/04\/2-488x326.jpg"},"property-detail-video-image":{"file":"2-818x417.jpg","width":818,"height":417,"mime-type":"image\/jpeg","url":"https:\/\/dacasas.es\/wp-content\/uploads\/2022\/04\/2-818x417.jpg"},"agent-image":{"file":"2-210x210.jpg","width":210,"height":210,"mime-type":"image\/jpeg","url":"https:\/\/dacasas.es\/wp-content\/uploads\/2022\/04\/2-210x210.jpg"},"partners-logo":{"file":"2-600x2572.jpg","width":600,"height":2572,"mime-type":"image\/jpeg","url":"https:\/\/dacasas.es\/wp-content\/uploads\/2022\/04\/2-600x2572.jpg"},"post-featured-image":{"file":"2-1240x720.jpg","width":1240,"height":720,"mime-type":"image\/jpeg","url":"https:\/\/dacasas.es\/wp-content\/uploads\/2022\/04\/2-1240x720.jpg"}},"image_meta":{"aperture":"2.8","credit":"","camera":"FC6310","caption":"","created_timestamp":"1607018732","copyright":"","focal_length":"8.8","iso":"100","shutter_speed":"0.2","title":"","orientation":"1","keywords":[]},"original_image":"2.jpg","ID":"6506","name":"2-escala.jpg","path":"\/var\/www\/vhosts\/dacasas.es\/httpdocs\/wp-content\/uploads\/2022\/04\/2-scaled.jpg","url":"https:\/\/dacasas.es\/wp-content\/uploads\/2022\/04\/2-150x150.jpg","full_url":"https:\/\/dacasas.es\/wp-content\/uploads\/2022\/04\/2-scaled.jpg","title":"2","caption":"","description":"","alt":"","srcset":"https:\/\/dacasas.es\/wp-content\/uploads\/2022\/04\/2-150x150.jpg 150w, https:\/\/dacasas.es\/wp-content\/uploads\/2022\/04\/2-210x210.jpg 210w"},{"width":150,"height":150,"file":"2022\/04\/4-1-scaled.jpg","sizes":{"medium":{"file":"4-1-300x169.jpg","width":300,"height":169,"mime-type":"image\/jpeg","url":"https:\/\/dacasas.es\/wp-content\/uploads\/2022\/04\/4-1-300x169.jpg"},"large":{"file":"4-1-1024x575.jpg","width":1024,"height":575,"mime-type":"image\/jpeg","url":"https:\/\/dacasas.es\/wp-content\/uploads\/2022\/04\/4-1-1024x575.jpg"},"thumbnail":{"file":"4-1-150x150.jpg","width":150,"height":150,"mime-type":"image\/jpeg","url":"https:\/\/dacasas.es\/wp-content\/uploads\/2022\/04\/4-1-150x150.jpg"},"medium_large":{"file":"4-1-768x432.jpg","width":768,"height":432,"mime-type":"image\/jpeg","url":"https:\/\/dacasas.es\/wp-content\/uploads\/2022\/04\/4-1-768x432.jpg"},"1536x1536":{"file":"4-1-1536x863.jpg","width":1536,"height":863,"mime-type":"image\/jpeg","url":"https:\/\/dacasas.es\/wp-content\/uploads\/2022\/04\/4-1-1536x863.jpg"},"2048x2048":{"file":"4-1-2048x1151.jpg","width":2048,"height":1151,"mime-type":"image\/jpeg","url":"https:\/\/dacasas.es\/wp-content\/uploads\/2022\/04\/4-1-2048x1151.jpg"},"post-thumbnail":{"file":"4-1-150x84.jpg","width":150,"height":84,"mime-type":"image\/jpeg","url":"https:\/\/dacasas.es\/wp-content\/uploads\/2022\/04\/4-1-150x84.jpg"},"modern-property-child-slider":{"file":"4-1-680x510.jpg","width":680,"height":510,"mime-type":"image\/jpeg","url":"https:\/\/dacasas.es\/wp-content\/uploads\/2022\/04\/4-1-680x510.jpg"},"property-thumb-image":{"file":"4-1-488x326.jpg","width":488,"height":326,"mime-type":"image\/jpeg","url":"https:\/\/dacasas.es\/wp-content\/uploads\/2022\/04\/4-1-488x326.jpg"},"property-detail-video-image":{"file":"4-1-818x417.jpg","width":818,"height":417,"mime-type":"image\/jpeg","url":"https:\/\/dacasas.es\/wp-content\/uploads\/2022\/04\/4-1-818x417.jpg"},"agent-image":{"file":"4-1-210x210.jpg","width":210,"height":210,"mime-type":"image\/jpeg","url":"https:\/\/dacasas.es\/wp-content\/uploads\/2022\/04\/4-1-210x210.jpg"},"partners-logo":{"file":"4-1-600x2843.jpg","width":600,"height":2843,"mime-type":"image\/jpeg","url":"https:\/\/dacasas.es\/wp-content\/uploads\/2022\/04\/4-1-600x2843.jpg"},"post-featured-image":{"file":"4-1-1240x720.jpg","width":1240,"height":720,"mime-type":"image\/jpeg","url":"https:\/\/dacasas.es\/wp-content\/uploads\/2022\/04\/4-1-1240x720.jpg"}},"image_meta":{"aperture":"2.8","credit":"","camera":"FC6310","caption":"","created_timestamp":"1607018794","copyright":"","focal_length":"8.8","iso":"100","shutter_speed":"0.2","title":"","orientation":"0","keywords":[]},"original_image":"4-1.jpg","ID":"6507","name":"4-1-escala.jpg","path":"\/var\/www\/vhosts\/dacasas.es\/httpdocs\/wp-content\/uploads\/2022\/04\/4-1-scaled.jpg","url":"https:\/\/dacasas.es\/wp-content\/uploads\/2022\/04\/4-1-150x150.jpg","full_url":"https:\/\/dacasas.es\/wp-content\/uploads\/2022\/04\/4-1-scaled.jpg","title":"4","caption":"","description":"","alt":"","srcset":"https:\/\/dacasas.es\/wp-content\/uploads\/2022\/04\/4-1-150x150.jpg 150w, https:\/\/dacasas.es\/wp-content\/uploads\/2022\/04\/4-1-210x210.jpg 210w"}],"REAL_HOMES_change_gallery_slider_type":"0","REAL_HOMES_gallery_slider_type":"thumb-on-right","inspiry_floor_plans":[],"inspiry_video_group":[],"REAL_HOMES_360_virtual_tour":"","REAL_HOMES_agent_display_option":"none","REAL_HOMES_agents":[],"REAL_HOMES_energy_class":"none","REAL_HOMES_energy_performance":"","REAL_HOMES_epc_current_rating":"","REAL_HOMES_epc_potential_rating":"","ere_property_schedule_tour":"global","ere_property_schedule_time_slots":"","ere_property_schedule_description":"","REAL_HOMES_sticky":"0","inspiry_property_label":"","inspiry_property_label_color":"","inspiry_property_tax":"0","inspiry_additional_fee":"0","REAL_HOMES_attachments":[],"inspiry_property_owner_name":"","inspiry_property_owner_contact":"","inspiry_property_owner_address":"","REAL_HOMES_property_private_note":"","inspiry_message_to_reviewer":"","REAL_HOMES_add_in_slider":"no","REAL_HOMES_slider_image":[],"REAL_HOMES_page_banner_image":[],"REAL_HOMES_hide_property_advance_search":"0","inspiry_maximale_prijs":"","REAL_HOMES_custom_header_display":"default","REAL_HOMES_custom_header_position":"relative","REAL_HOMES_custom_footer_display":"default","REAL_HOMES_hide_advance_search":"0","REAL_HOMES_custom_search_form":"default","REAL_HOMES_search_form_margin_top":"","REAL_HOMES_search_form_margin_bottom":""},"_links":{"self":[{"href":"https:\/\/dacasas.es\/es\/wp-json\/wp\/v2\/woning\/6503","targetHints":{"allow":["GET"]}}],"collection":[{"href":"https:\/\/dacasas.es\/es\/wp-json\/wp\/v2\/woning"}],"about":[{"href":"https:\/\/dacasas.es\/es\/wp-json\/wp\/v2\/types\/property"}],"author":[{"embeddable":true,"href":"https:\/\/dacasas.es\/es\/wp-json\/wp\/v2\/users\/5"}],"replies":[{"embeddable":true,"href":"https:\/\/dacasas.es\/es\/wp-json\/wp\/v2\/comments?post=6503"}],"version-history":[{"count":1,"href":"https:\/\/dacasas.es\/es\/wp-json\/wp\/v2\/woning\/6503\/revisions"}],"predecessor-version":[{"id":6527,"href":"https:\/\/dacasas.es\/es\/wp-json\/wp\/v2\/woning\/6503\/revisions\/6527"}],"wp:featuredmedia":[{"embeddable":true,"href":"https:\/\/dacasas.es\/es\/wp-json\/wp\/v2\/media\/6511"}],"wp:attachment":[{"href":"https:\/\/dacasas.es\/es\/wp-json\/wp\/v2\/media?parent=6503"}],"wp:term":[{"taxonomy":"property-feature","embeddable":true,"href":"https:\/\/dacasas.es\/es\/wp-json\/wp\/v2\/woning-eigenschap?post=6503"},{"taxonomy":"property-type","embeddable":true,"href":"https:\/\/dacasas.es\/es\/wp-json\/wp\/v2\/woning-type?post=6503"},{"taxonomy":"property-city","embeddable":true,"href":"https:\/\/dacasas.es\/es\/wp-json\/wp\/v2\/woning-locatie?post=6503"},{"taxonomy":"property-status","embeddable":true,"href":"https:\/\/dacasas.es\/es\/wp-json\/wp\/v2\/woning-status?post=6503"}],"curies":[{"name":"wp","href":"https:\/\/api.w.org\/{rel}","templated":true}]}}