{"id":67341,"date":"2023-12-04T14:25:02","date_gmt":"2023-12-04T12:25:02","guid":{"rendered":"https:\/\/dacasas.es\/?post_type=property&#038;p=67341"},"modified":"2024-02-19T19:23:34","modified_gmt":"2024-02-19T17:23:34","slug":"luxus-duplex-in-denia","status":"publish","type":"property","link":"https:\/\/dacasas.es\/de\/woning\/luxe-duplex-in-denia\/","title":{"rendered":"Luxus-Immobilie in D\u00e9nia"},"content":{"rendered":"<p>Luxus-Duplex in Denia mit privatem Garten, Parkplatz, Solarium, Klimaanlage, M\u00f6bel und Elektroger\u00e4te, in einer Wohnanlage, bestehend aus gro\u00dfen Gemeinschaftsfl\u00e4chen mit Schwimmb\u00e4dern, G\u00e4rten und Spielpl\u00e4tzen.<\/p>\n\n\n\n<p>In den Doppelhaush\u00e4lften mit 3 Schlafzimmern, 2 B\u00e4dern und 1 Toilette finden Sie die Ruhe, die Sie suchen, nicht nur im Sommer, sondern das ganze Jahr \u00fcber.<\/p>\n\n\n\n<p>Im Erdgeschoss befindet sich der Tagesbereich: eine gro\u00dfe offene K\u00fcche, komplett ausgestattet, mit einer praktischen und komfortablen Kochinsel, wo Sie bequem fr\u00fchst\u00fccken oder zu Mittag essen k\u00f6nnen, w\u00e4hrend Sie sich mit Ihrer Familie treffen, das Wohnzimmer und das Esszimmer, die mit der K\u00fcche verbunden sind, bilden einen offenen Raum, sehr hell und ger\u00e4umig, perfekt, um verschiedene Umgebungen zu schaffen und Ihren eigenen Stil zu verwirklichen: ein formelles Esszimmer, um Ihre Freunde zu empfangen, eine Sitzecke f\u00fcr die Kinder, um ihr Lieblingsprogramm zu genie\u00dfen, eine kleine Spielecke f\u00fcr die Kleinsten...<br>Die gesamte Etage ist offen und geht auf die Terrasse hinaus, wo Sie Platz haben, um einige Liegest\u00fchle aufzustellen, auf denen Sie sich am Nachmittag entspannen k\u00f6nnen, oder ein charmantes Sommer-Esszimmer, sehr praktisch an Sommerabenden.<br>Dank der Breite des Grundst\u00fccks haben Sie die M\u00f6glichkeit, vor Ort zu parken.<\/p>\n\n\n\n<p>Der Ruhebereich im ersten Stock ist ein Traum: zwei ger\u00e4umige und helle Suiten, mit einem kompletten eigenen Bad und Einbauschr\u00e4nken im Ankleidezimmer, damit Sie all Ihre Kleidung ordnen und den Platz optimal nutzen k\u00f6nnen. Beide haben so viele M\u00f6glichkeiten, dass Sie sich nur schwer entscheiden k\u00f6nnen, welche Ihre Suite sein wird.<\/p>\n\n\n\n<p>Und im obersten Stockwerk befindet sich die Sonnenterrasse, die Ihre Kinder lieben werden und die Ihr Lieblingsplatz im Haus sein wird, ein echter Luxus mit viel Platz f\u00fcr bequeme H\u00e4ngematten, einen Pavillon, einen Whirlpool.... - Ihre private Oase.<\/p>\n\n\n\n<p>In den Gemeinschaftsbereichen gibt es gepflegte G\u00e4rten und Gr\u00fcnfl\u00e4chen, in denen man spazieren gehen und mit den Kleinen spielen kann, einen gro\u00dfen Gemeinschaftspool, um sich nach einem langen Tag am Strand abzuk\u00fchlen und zu entspannen...<\/p>\n\n\n\n<p><\/p>","protected":false},"excerpt":{"rendered":"<p>Luxus-Duplex in Denia mit einem privaten Garten, Parkplatz, Solarium, Klimaanlage, M\u00f6bel und Elektroger\u00e4te, in einer Wohnanlage, bestehend aus gro\u00dfen Gemeinschaftsfl\u00e4chen mit Schwimmb\u00e4dern, G\u00e4rten und Spielpl\u00e4tze. In den Duplexen mit 3 Schlafzimmern, 2 B\u00e4dern und 1 WC finden Sie die Ruhe, die Sie suchen, nicht nur zum Ausruhen und...<\/p>","protected":false},"author":5,"featured_media":67343,"parent":0,"menu_order":0,"comment_status":"closed","ping_status":"closed","template":"","woning-eigenschap":[35],"woning-type":[48],"woning-locatie":[79],"woning-status":[26],"class_list":["post-67341","property","type-property","status-publish","has-post-thumbnail","hentry","property-feature-zwembad","property-type-villa","property-city-denia","property-status-te-koop"],"property_meta":{"REAL_HOMES_property_price":"438000","REAL_HOMES_property_old_price":"","REAL_HOMES_property_price_prefix":"vanaf","REAL_HOMES_property_price_postfix":"","REAL_HOMES_property_size":"","REAL_HOMES_property_size_postfix":"","REAL_HOMES_property_lot_size":"","REAL_HOMES_property_lot_size_postfix":"","REAL_HOMES_property_bedrooms":"3","REAL_HOMES_property_bathrooms":"3","REAL_HOMES_property_garage":"2","REAL_HOMES_property_id":"7001","REAL_HOMES_property_year_built":"2023","REAL_HOMES_featured":"0","REAL_HOMES_additional_details_list":[],"REAL_HOMES_property_location":{"latitude":"38.8408382","longitude":"0.1061105","zoom":"16"},"REAL_HOMES_property_address":"D\u00e9nia, la Marina Alta, Alicante, Valencia, Spanje","REAL_HOMES_property_map":"0","REAL_HOMES_property_images":[{"width":150,"height":150,"file":"2023\/12\/EXTERIOR-TossalGross_Fase3.2-scaled.jpg","filesize":331362,"sizes":{"medium":{"file":"EXTERIOR-TossalGross_Fase3.2-300x150.jpg","width":300,"height":150,"mime-type":"image\/jpeg","filesize":11312,"url":"https:\/\/dacasas.es\/wp-content\/uploads\/2023\/12\/EXTERIOR-TossalGross_Fase3.2-300x150.jpg"},"large":{"file":"EXTERIOR-TossalGross_Fase3.2-1024x512.jpg","width":1024,"height":512,"mime-type":"image\/jpeg","filesize":72936,"url":"https:\/\/dacasas.es\/wp-content\/uploads\/2023\/12\/EXTERIOR-TossalGross_Fase3.2-1024x512.jpg"},"thumbnail":{"file":"EXTERIOR-TossalGross_Fase3.2-150x150.jpg","width":150,"height":150,"mime-type":"image\/jpeg","filesize":6057,"url":"https:\/\/dacasas.es\/wp-content\/uploads\/2023\/12\/EXTERIOR-TossalGross_Fase3.2-150x150.jpg"},"medium_large":{"file":"EXTERIOR-TossalGross_Fase3.2-768x384.jpg","width":768,"height":384,"mime-type":"image\/jpeg","filesize":45972,"url":"https:\/\/dacasas.es\/wp-content\/uploads\/2023\/12\/EXTERIOR-TossalGross_Fase3.2-768x384.jpg"},"1536x1536":{"file":"EXTERIOR-TossalGross_Fase3.2-1536x768.jpg","width":1536,"height":768,"mime-type":"image\/jpeg","filesize":141819,"url":"https:\/\/dacasas.es\/wp-content\/uploads\/2023\/12\/EXTERIOR-TossalGross_Fase3.2-1536x768.jpg"},"2048x2048":{"file":"EXTERIOR-TossalGross_Fase3.2-2048x1024.jpg","width":2048,"height":1024,"mime-type":"image\/jpeg","filesize":230379,"url":"https:\/\/dacasas.es\/wp-content\/uploads\/2023\/12\/EXTERIOR-TossalGross_Fase3.2-2048x1024.jpg"},"post-thumbnail":{"file":"EXTERIOR-TossalGross_Fase3.2-150x75.jpg","width":150,"height":75,"mime-type":"image\/jpeg","filesize":4322,"url":"https:\/\/dacasas.es\/wp-content\/uploads\/2023\/12\/EXTERIOR-TossalGross_Fase3.2-150x75.jpg"},"modern-property-child-slider":{"file":"EXTERIOR-TossalGross_Fase3.2-680x510.jpg","width":680,"height":510,"mime-type":"image\/jpeg","filesize":47188,"url":"https:\/\/dacasas.es\/wp-content\/uploads\/2023\/12\/EXTERIOR-TossalGross_Fase3.2-680x510.jpg"},"property-thumb-image":{"file":"EXTERIOR-TossalGross_Fase3.2-488x326.jpg","width":488,"height":326,"mime-type":"image\/jpeg","filesize":25830,"url":"https:\/\/dacasas.es\/wp-content\/uploads\/2023\/12\/EXTERIOR-TossalGross_Fase3.2-488x326.jpg"},"property-detail-video-image":{"file":"EXTERIOR-TossalGross_Fase3.2-818x417.jpg","width":818,"height":417,"mime-type":"image\/jpeg","filesize":51423,"url":"https:\/\/dacasas.es\/wp-content\/uploads\/2023\/12\/EXTERIOR-TossalGross_Fase3.2-818x417.jpg"},"agent-image":{"file":"EXTERIOR-TossalGross_Fase3.2-210x210.jpg","width":210,"height":210,"mime-type":"image\/jpeg","filesize":9509,"url":"https:\/\/dacasas.es\/wp-content\/uploads\/2023\/12\/EXTERIOR-TossalGross_Fase3.2-210x210.jpg"},"partners-logo":{"file":"EXTERIOR-TossalGross_Fase3.2-600x1500.jpg","width":600,"height":1500,"mime-type":"image\/jpeg","filesize":84604,"url":"https:\/\/dacasas.es\/wp-content\/uploads\/2023\/12\/EXTERIOR-TossalGross_Fase3.2-600x1500.jpg"},"post-featured-image":{"file":"EXTERIOR-TossalGross_Fase3.2-1240x720.jpg","width":1240,"height":720,"mime-type":"image\/jpeg","filesize":107268,"url":"https:\/\/dacasas.es\/wp-content\/uploads\/2023\/12\/EXTERIOR-TossalGross_Fase3.2-1240x720.jpg"}},"image_meta":{"aperture":"0","credit":"","camera":"","caption":"","created_timestamp":"0","copyright":"","focal_length":"0","iso":"0","shutter_speed":"0","title":"","orientation":"1","keywords":[]},"original_image":"EXTERIOR-TossalGross_Fase3.2.jpg","ID":"67343","name":"EXTERIOR-TossalGross_Fase3.2-scaled.jpg","path":"\/var\/www\/vhosts\/dacasas.es\/httpdocs\/wp-content\/uploads\/2023\/12\/EXTERIOR-TossalGross_Fase3.2-scaled.jpg","url":"https:\/\/dacasas.es\/wp-content\/uploads\/2023\/12\/EXTERIOR-TossalGross_Fase3.2-150x150.jpg","full_url":"https:\/\/dacasas.es\/wp-content\/uploads\/2023\/12\/EXTERIOR-TossalGross_Fase3.2-scaled.jpg","title":"EXTERIOR TossalGross_Fase3.2","caption":"","description":"","alt":"","srcset":"https:\/\/dacasas.es\/wp-content\/uploads\/2023\/12\/EXTERIOR-TossalGross_Fase3.2-150x150.jpg 150w, https:\/\/dacasas.es\/wp-content\/uploads\/2023\/12\/EXTERIOR-TossalGross_Fase3.2-210x210.jpg 210w"},{"width":150,"height":150,"file":"2023\/12\/SALON-NUEVO-tiradores-negros.jpg","filesize":3093394,"sizes":{"medium":{"file":"SALON-NUEVO-tiradores-negros-300x225.jpg","width":300,"height":225,"mime-type":"image\/jpeg","filesize":16508,"url":"https:\/\/dacasas.es\/wp-content\/uploads\/2023\/12\/SALON-NUEVO-tiradores-negros-300x225.jpg"},"large":{"file":"SALON-NUEVO-tiradores-negros-1024x768.jpg","width":1024,"height":768,"mime-type":"image\/jpeg","filesize":129514,"url":"https:\/\/dacasas.es\/wp-content\/uploads\/2023\/12\/SALON-NUEVO-tiradores-negros-1024x768.jpg"},"thumbnail":{"file":"SALON-NUEVO-tiradores-negros-150x150.jpg","width":150,"height":150,"mime-type":"image\/jpeg","filesize":6536,"url":"https:\/\/dacasas.es\/wp-content\/uploads\/2023\/12\/SALON-NUEVO-tiradores-negros-150x150.jpg"},"medium_large":{"file":"SALON-NUEVO-tiradores-negros-768x576.jpg","width":768,"height":576,"mime-type":"image\/jpeg","filesize":77879,"url":"https:\/\/dacasas.es\/wp-content\/uploads\/2023\/12\/SALON-NUEVO-tiradores-negros-768x576.jpg"},"1536x1536":{"file":"SALON-NUEVO-tiradores-negros-1536x1152.jpg","width":1536,"height":1152,"mime-type":"image\/jpeg","filesize":268712,"url":"https:\/\/dacasas.es\/wp-content\/uploads\/2023\/12\/SALON-NUEVO-tiradores-negros-1536x1152.jpg"},"2048x2048":{"file":"SALON-NUEVO-tiradores-negros-2048x1536.jpg","width":2048,"height":1536,"mime-type":"image\/jpeg","filesize":451267,"url":"https:\/\/dacasas.es\/wp-content\/uploads\/2023\/12\/SALON-NUEVO-tiradores-negros-2048x1536.jpg"},"post-thumbnail":{"file":"SALON-NUEVO-tiradores-negros-150x113.jpg","width":150,"height":113,"mime-type":"image\/jpeg","filesize":5654,"url":"https:\/\/dacasas.es\/wp-content\/uploads\/2023\/12\/SALON-NUEVO-tiradores-negros-150x113.jpg"},"modern-property-child-slider":{"file":"SALON-NUEVO-tiradores-negros-680x510.jpg","width":680,"height":510,"mime-type":"image\/jpeg","filesize":63230,"url":"https:\/\/dacasas.es\/wp-content\/uploads\/2023\/12\/SALON-NUEVO-tiradores-negros-680x510.jpg"},"property-thumb-image":{"file":"SALON-NUEVO-tiradores-negros-488x326.jpg","width":488,"height":326,"mime-type":"image\/jpeg","filesize":33991,"url":"https:\/\/dacasas.es\/wp-content\/uploads\/2023\/12\/SALON-NUEVO-tiradores-negros-488x326.jpg"},"property-detail-video-image":{"file":"SALON-NUEVO-tiradores-negros-818x417.jpg","width":818,"height":417,"mime-type":"image\/jpeg","filesize":67310,"url":"https:\/\/dacasas.es\/wp-content\/uploads\/2023\/12\/SALON-NUEVO-tiradores-negros-818x417.jpg"},"agent-image":{"file":"SALON-NUEVO-tiradores-negros-210x210.jpg","width":210,"height":210,"mime-type":"image\/jpeg","filesize":10946,"url":"https:\/\/dacasas.es\/wp-content\/uploads\/2023\/12\/SALON-NUEVO-tiradores-negros-210x210.jpg"},"partners-logo":{"file":"SALON-NUEVO-tiradores-negros-600x1800.jpg","width":600,"height":1800,"mime-type":"image\/jpeg","filesize":156779,"url":"https:\/\/dacasas.es\/wp-content\/uploads\/2023\/12\/SALON-NUEVO-tiradores-negros-600x1800.jpg"},"post-featured-image":{"file":"SALON-NUEVO-tiradores-negros-1240x720.jpg","width":1240,"height":720,"mime-type":"image\/jpeg","filesize":151979,"url":"https:\/\/dacasas.es\/wp-content\/uploads\/2023\/12\/SALON-NUEVO-tiradores-negros-1240x720.jpg"}},"image_meta":{"aperture":"0","credit":"","camera":"","caption":"","created_timestamp":"0","copyright":"","focal_length":"0","iso":"0","shutter_speed":"0","title":"","orientation":"1","keywords":[]},"ID":"67345","name":"SALON-NUEVO-tiradores-negros.jpg","path":"\/var\/www\/vhosts\/dacasas.es\/httpdocs\/wp-content\/uploads\/2023\/12\/SALON-NUEVO-tiradores-negros.jpg","url":"https:\/\/dacasas.es\/wp-content\/uploads\/2023\/12\/SALON-NUEVO-tiradores-negros-150x150.jpg","full_url":"https:\/\/dacasas.es\/wp-content\/uploads\/2023\/12\/SALON-NUEVO-tiradores-negros.jpg","title":"SALON NUEVO tiradores negros","caption":"","description":"","alt":"","srcset":"https:\/\/dacasas.es\/wp-content\/uploads\/2023\/12\/SALON-NUEVO-tiradores-negros-150x150.jpg 150w, https:\/\/dacasas.es\/wp-content\/uploads\/2023\/12\/SALON-NUEVO-tiradores-negros-210x210.jpg 210w"},{"width":150,"height":150,"file":"2023\/12\/DORMITORIO-2_.jpg","filesize":2242498,"sizes":{"medium":{"file":"DORMITORIO-2_-300x188.jpg","width":300,"height":188,"mime-type":"image\/jpeg","filesize":11922,"url":"https:\/\/dacasas.es\/wp-content\/uploads\/2023\/12\/DORMITORIO-2_-300x188.jpg"},"large":{"file":"DORMITORIO-2_-1024x640.jpg","width":1024,"height":640,"mime-type":"image\/jpeg","filesize":93932,"url":"https:\/\/dacasas.es\/wp-content\/uploads\/2023\/12\/DORMITORIO-2_-1024x640.jpg"},"thumbnail":{"file":"DORMITORIO-2_-150x150.jpg","width":150,"height":150,"mime-type":"image\/jpeg","filesize":5798,"url":"https:\/\/dacasas.es\/wp-content\/uploads\/2023\/12\/DORMITORIO-2_-150x150.jpg"},"medium_large":{"file":"DORMITORIO-2_-768x480.jpg","width":768,"height":480,"mime-type":"image\/jpeg","filesize":55809,"url":"https:\/\/dacasas.es\/wp-content\/uploads\/2023\/12\/DORMITORIO-2_-768x480.jpg"},"1536x1536":{"file":"DORMITORIO-2_-1536x960.jpg","width":1536,"height":960,"mime-type":"image\/jpeg","filesize":195746,"url":"https:\/\/dacasas.es\/wp-content\/uploads\/2023\/12\/DORMITORIO-2_-1536x960.jpg"},"2048x2048":{"file":"DORMITORIO-2_-2048x1280.jpg","width":2048,"height":1280,"mime-type":"image\/jpeg","filesize":328061,"url":"https:\/\/dacasas.es\/wp-content\/uploads\/2023\/12\/DORMITORIO-2_-2048x1280.jpg"},"post-thumbnail":{"file":"DORMITORIO-2_-150x94.jpg","width":150,"height":94,"mime-type":"image\/jpeg","filesize":4496,"url":"https:\/\/dacasas.es\/wp-content\/uploads\/2023\/12\/DORMITORIO-2_-150x94.jpg"},"modern-property-child-slider":{"file":"DORMITORIO-2_-680x510.jpg","width":680,"height":510,"mime-type":"image\/jpeg","filesize":55586,"url":"https:\/\/dacasas.es\/wp-content\/uploads\/2023\/12\/DORMITORIO-2_-680x510.jpg"},"property-thumb-image":{"file":"DORMITORIO-2_-488x326.jpg","width":488,"height":326,"mime-type":"image\/jpeg","filesize":27627,"url":"https:\/\/dacasas.es\/wp-content\/uploads\/2023\/12\/DORMITORIO-2_-488x326.jpg"},"property-detail-video-image":{"file":"DORMITORIO-2_-818x417.jpg","width":818,"height":417,"mime-type":"image\/jpeg","filesize":52998,"url":"https:\/\/dacasas.es\/wp-content\/uploads\/2023\/12\/DORMITORIO-2_-818x417.jpg"},"agent-image":{"file":"DORMITORIO-2_-210x210.jpg","width":210,"height":210,"mime-type":"image\/jpeg","filesize":9655,"url":"https:\/\/dacasas.es\/wp-content\/uploads\/2023\/12\/DORMITORIO-2_-210x210.jpg"},"partners-logo":{"file":"DORMITORIO-2_-600x1563.jpg","width":600,"height":1563,"mime-type":"image\/jpeg","filesize":139324,"url":"https:\/\/dacasas.es\/wp-content\/uploads\/2023\/12\/DORMITORIO-2_-600x1563.jpg"},"post-featured-image":{"file":"DORMITORIO-2_-1240x720.jpg","width":1240,"height":720,"mime-type":"image\/jpeg","filesize":123288,"url":"https:\/\/dacasas.es\/wp-content\/uploads\/2023\/12\/DORMITORIO-2_-1240x720.jpg"}},"image_meta":{"aperture":"0","credit":"","camera":"","caption":"","created_timestamp":"0","copyright":"","focal_length":"0","iso":"0","shutter_speed":"0","title":"","orientation":"1","keywords":[]},"ID":"67342","name":"DORMITORIO-2_.jpg","path":"\/var\/www\/vhosts\/dacasas.es\/httpdocs\/wp-content\/uploads\/2023\/12\/DORMITORIO-2_.jpg","url":"https:\/\/dacasas.es\/wp-content\/uploads\/2023\/12\/DORMITORIO-2_-150x150.jpg","full_url":"https:\/\/dacasas.es\/wp-content\/uploads\/2023\/12\/DORMITORIO-2_.jpg","title":"DORMITORIO 2_","caption":"","description":"","alt":"","srcset":"https:\/\/dacasas.es\/wp-content\/uploads\/2023\/12\/DORMITORIO-2_-150x150.jpg 150w, https:\/\/dacasas.es\/wp-content\/uploads\/2023\/12\/DORMITORIO-2_-210x210.jpg 210w"},{"width":150,"height":150,"file":"2023\/12\/TERRAZA-FINAL-NOCTURNA.jpg","filesize":2581934,"sizes":{"medium":{"file":"TERRAZA-FINAL-NOCTURNA-300x225.jpg","width":300,"height":225,"mime-type":"image\/jpeg","filesize":13360,"url":"https:\/\/dacasas.es\/wp-content\/uploads\/2023\/12\/TERRAZA-FINAL-NOCTURNA-300x225.jpg"},"large":{"file":"TERRAZA-FINAL-NOCTURNA-1024x768.jpg","width":1024,"height":768,"mime-type":"image\/jpeg","filesize":96409,"url":"https:\/\/dacasas.es\/wp-content\/uploads\/2023\/12\/TERRAZA-FINAL-NOCTURNA-1024x768.jpg"},"thumbnail":{"file":"TERRAZA-FINAL-NOCTURNA-150x150.jpg","width":150,"height":150,"mime-type":"image\/jpeg","filesize":5654,"url":"https:\/\/dacasas.es\/wp-content\/uploads\/2023\/12\/TERRAZA-FINAL-NOCTURNA-150x150.jpg"},"medium_large":{"file":"TERRAZA-FINAL-NOCTURNA-768x576.jpg","width":768,"height":576,"mime-type":"image\/jpeg","filesize":58952,"url":"https:\/\/dacasas.es\/wp-content\/uploads\/2023\/12\/TERRAZA-FINAL-NOCTURNA-768x576.jpg"},"1536x1536":{"file":"TERRAZA-FINAL-NOCTURNA-1536x1152.jpg","width":1536,"height":1152,"mime-type":"image\/jpeg","filesize":197142,"url":"https:\/\/dacasas.es\/wp-content\/uploads\/2023\/12\/TERRAZA-FINAL-NOCTURNA-1536x1152.jpg"},"2048x2048":{"file":"TERRAZA-FINAL-NOCTURNA-2048x1536.jpg","width":2048,"height":1536,"mime-type":"image\/jpeg","filesize":336464,"url":"https:\/\/dacasas.es\/wp-content\/uploads\/2023\/12\/TERRAZA-FINAL-NOCTURNA-2048x1536.jpg"},"post-thumbnail":{"file":"TERRAZA-FINAL-NOCTURNA-150x113.jpg","width":150,"height":113,"mime-type":"image\/jpeg","filesize":4867,"url":"https:\/\/dacasas.es\/wp-content\/uploads\/2023\/12\/TERRAZA-FINAL-NOCTURNA-150x113.jpg"},"modern-property-child-slider":{"file":"TERRAZA-FINAL-NOCTURNA-680x510.jpg","width":680,"height":510,"mime-type":"image\/jpeg","filesize":48452,"url":"https:\/\/dacasas.es\/wp-content\/uploads\/2023\/12\/TERRAZA-FINAL-NOCTURNA-680x510.jpg"},"property-thumb-image":{"file":"TERRAZA-FINAL-NOCTURNA-488x326.jpg","width":488,"height":326,"mime-type":"image\/jpeg","filesize":25152,"url":"https:\/\/dacasas.es\/wp-content\/uploads\/2023\/12\/TERRAZA-FINAL-NOCTURNA-488x326.jpg"},"property-detail-video-image":{"file":"TERRAZA-FINAL-NOCTURNA-818x417.jpg","width":818,"height":417,"mime-type":"image\/jpeg","filesize":45353,"url":"https:\/\/dacasas.es\/wp-content\/uploads\/2023\/12\/TERRAZA-FINAL-NOCTURNA-818x417.jpg"},"agent-image":{"file":"TERRAZA-FINAL-NOCTURNA-210x210.jpg","width":210,"height":210,"mime-type":"image\/jpeg","filesize":9233,"url":"https:\/\/dacasas.es\/wp-content\/uploads\/2023\/12\/TERRAZA-FINAL-NOCTURNA-210x210.jpg"},"partners-logo":{"file":"TERRAZA-FINAL-NOCTURNA-600x1800.jpg","width":600,"height":1800,"mime-type":"image\/jpeg","filesize":112914,"url":"https:\/\/dacasas.es\/wp-content\/uploads\/2023\/12\/TERRAZA-FINAL-NOCTURNA-600x1800.jpg"},"post-featured-image":{"file":"TERRAZA-FINAL-NOCTURNA-1240x720.jpg","width":1240,"height":720,"mime-type":"image\/jpeg","filesize":99953,"url":"https:\/\/dacasas.es\/wp-content\/uploads\/2023\/12\/TERRAZA-FINAL-NOCTURNA-1240x720.jpg"}},"image_meta":{"aperture":"0","credit":"","camera":"","caption":"","created_timestamp":"0","copyright":"","focal_length":"0","iso":"0","shutter_speed":"0","title":"","orientation":"1","keywords":[]},"ID":"67346","name":"TERRAZA-FINAL-NOCTURNA.jpg","path":"\/var\/www\/vhosts\/dacasas.es\/httpdocs\/wp-content\/uploads\/2023\/12\/TERRAZA-FINAL-NOCTURNA.jpg","url":"https:\/\/dacasas.es\/wp-content\/uploads\/2023\/12\/TERRAZA-FINAL-NOCTURNA-150x150.jpg","full_url":"https:\/\/dacasas.es\/wp-content\/uploads\/2023\/12\/TERRAZA-FINAL-NOCTURNA.jpg","title":"TERRAZA FINAL NOCTURNA","caption":"","description":"","alt":"","srcset":"https:\/\/dacasas.es\/wp-content\/uploads\/2023\/12\/TERRAZA-FINAL-NOCTURNA-150x150.jpg 150w, https:\/\/dacasas.es\/wp-content\/uploads\/2023\/12\/TERRAZA-FINAL-NOCTURNA-210x210.jpg 210w"},{"width":150,"height":150,"file":"2023\/12\/Piscina-TOSSAL-GROSS.jpg","filesize":362526,"sizes":{"medium":{"file":"Piscina-TOSSAL-GROSS-300x178.jpg","width":300,"height":178,"mime-type":"image\/jpeg","filesize":15441,"url":"https:\/\/dacasas.es\/wp-content\/uploads\/2023\/12\/Piscina-TOSSAL-GROSS-300x178.jpg"},"large":{"file":"Piscina-TOSSAL-GROSS-1024x609.jpg","width":1024,"height":609,"mime-type":"image\/jpeg","filesize":134971,"url":"https:\/\/dacasas.es\/wp-content\/uploads\/2023\/12\/Piscina-TOSSAL-GROSS-1024x609.jpg"},"thumbnail":{"file":"Piscina-TOSSAL-GROSS-150x150.jpg","width":150,"height":150,"mime-type":"image\/jpeg","filesize":7378,"url":"https:\/\/dacasas.es\/wp-content\/uploads\/2023\/12\/Piscina-TOSSAL-GROSS-150x150.jpg"},"medium_large":{"file":"Piscina-TOSSAL-GROSS-768x457.jpg","width":768,"height":457,"mime-type":"image\/jpeg","filesize":80116,"url":"https:\/\/dacasas.es\/wp-content\/uploads\/2023\/12\/Piscina-TOSSAL-GROSS-768x457.jpg"},"post-thumbnail":{"file":"Piscina-TOSSAL-GROSS-150x89.jpg","width":150,"height":89,"mime-type":"image\/jpeg","filesize":5175,"url":"https:\/\/dacasas.es\/wp-content\/uploads\/2023\/12\/Piscina-TOSSAL-GROSS-150x89.jpg"},"modern-property-child-slider":{"file":"Piscina-TOSSAL-GROSS-680x510.jpg","width":680,"height":510,"mime-type":"image\/jpeg","filesize":76617,"url":"https:\/\/dacasas.es\/wp-content\/uploads\/2023\/12\/Piscina-TOSSAL-GROSS-680x510.jpg"},"property-thumb-image":{"file":"Piscina-TOSSAL-GROSS-488x326.jpg","width":488,"height":326,"mime-type":"image\/jpeg","filesize":38523,"url":"https:\/\/dacasas.es\/wp-content\/uploads\/2023\/12\/Piscina-TOSSAL-GROSS-488x326.jpg"},"property-detail-video-image":{"file":"Piscina-TOSSAL-GROSS-818x417.jpg","width":818,"height":417,"mime-type":"image\/jpeg","filesize":81260,"url":"https:\/\/dacasas.es\/wp-content\/uploads\/2023\/12\/Piscina-TOSSAL-GROSS-818x417.jpg"},"agent-image":{"file":"Piscina-TOSSAL-GROSS-210x210.jpg","width":210,"height":210,"mime-type":"image\/jpeg","filesize":12589,"url":"https:\/\/dacasas.es\/wp-content\/uploads\/2023\/12\/Piscina-TOSSAL-GROSS-210x210.jpg"},"partners-logo":{"file":"Piscina-TOSSAL-GROSS-600x892.jpg","width":600,"height":892,"mime-type":"image\/jpeg","filesize":117851,"url":"https:\/\/dacasas.es\/wp-content\/uploads\/2023\/12\/Piscina-TOSSAL-GROSS-600x892.jpg"},"post-featured-image":{"file":"Piscina-TOSSAL-GROSS-1240x720.jpg","width":1240,"height":720,"mime-type":"image\/jpeg","filesize":183816,"url":"https:\/\/dacasas.es\/wp-content\/uploads\/2023\/12\/Piscina-TOSSAL-GROSS-1240x720.jpg"}},"image_meta":{"aperture":"0","credit":"","camera":"","caption":"","created_timestamp":"0","copyright":"","focal_length":"0","iso":"0","shutter_speed":"0","title":"","orientation":"0","keywords":[]},"ID":"67344","name":"Fischteich-TOSSAL-GROSS.jpg","path":"\/var\/www\/vhosts\/dacasas.es\/httpdocs\/wp-content\/uploads\/2023\/12\/Piscina-TOSSAL-GROSS.jpg","url":"https:\/\/dacasas.es\/wp-content\/uploads\/2023\/12\/Piscina-TOSSAL-GROSS-150x150.jpg","full_url":"https:\/\/dacasas.es\/wp-content\/uploads\/2023\/12\/Piscina-TOSSAL-GROSS.jpg","title":"Schwimmbad TOSSAL GROSS","caption":"","description":"","alt":"","srcset":"https:\/\/dacasas.es\/wp-content\/uploads\/2023\/12\/Piscina-TOSSAL-GROSS-150x150.jpg 150w, https:\/\/dacasas.es\/wp-content\/uploads\/2023\/12\/Piscina-TOSSAL-GROSS-210x210.jpg 210w"}],"REAL_HOMES_change_gallery_slider_type":"0","REAL_HOMES_gallery_slider_type":"thumb-on-right","inspiry_floor_plans":[],"inspiry_video_group":[],"REAL_HOMES_360_virtual_tour":"","REAL_HOMES_agent_display_option":"none","REAL_HOMES_agents":[],"REAL_HOMES_energy_class":"none","REAL_HOMES_energy_performance":"","REAL_HOMES_epc_current_rating":"","REAL_HOMES_epc_potential_rating":"","ere_property_schedule_tour":"global","ere_property_schedule_time_slots":"","ere_property_schedule_description":"","REAL_HOMES_sticky":"0","inspiry_property_label":"","inspiry_property_label_color":"","inspiry_property_tax":"0","inspiry_additional_fee":"0","REAL_HOMES_attachments":[],"inspiry_property_owner_name":"","inspiry_property_owner_contact":"","inspiry_property_owner_address":"","REAL_HOMES_property_private_note":"","inspiry_message_to_reviewer":"","REAL_HOMES_add_in_slider":"no","REAL_HOMES_slider_image":[],"REAL_HOMES_page_banner_image":[],"REAL_HOMES_hide_property_advance_search":"0","inspiry_maximale_prijs":"","REAL_HOMES_custom_header_display":"default","REAL_HOMES_custom_header_position":"relative","REAL_HOMES_custom_footer_display":"default","REAL_HOMES_hide_advance_search":"0","REAL_HOMES_custom_search_form":"default","REAL_HOMES_search_form_margin_top":"","REAL_HOMES_search_form_margin_bottom":""},"_links":{"self":[{"href":"https:\/\/dacasas.es\/de\/wp-json\/wp\/v2\/woning\/67341","targetHints":{"allow":["GET"]}}],"collection":[{"href":"https:\/\/dacasas.es\/de\/wp-json\/wp\/v2\/woning"}],"about":[{"href":"https:\/\/dacasas.es\/de\/wp-json\/wp\/v2\/types\/property"}],"author":[{"embeddable":true,"href":"https:\/\/dacasas.es\/de\/wp-json\/wp\/v2\/users\/5"}],"replies":[{"embeddable":true,"href":"https:\/\/dacasas.es\/de\/wp-json\/wp\/v2\/comments?post=67341"}],"version-history":[{"count":2,"href":"https:\/\/dacasas.es\/de\/wp-json\/wp\/v2\/woning\/67341\/revisions"}],"predecessor-version":[{"id":67348,"href":"https:\/\/dacasas.es\/de\/wp-json\/wp\/v2\/woning\/67341\/revisions\/67348"}],"wp:featuredmedia":[{"embeddable":true,"href":"https:\/\/dacasas.es\/de\/wp-json\/wp\/v2\/media\/67343"}],"wp:attachment":[{"href":"https:\/\/dacasas.es\/de\/wp-json\/wp\/v2\/media?parent=67341"}],"wp:term":[{"taxonomy":"property-feature","embeddable":true,"href":"https:\/\/dacasas.es\/de\/wp-json\/wp\/v2\/woning-eigenschap?post=67341"},{"taxonomy":"property-type","embeddable":true,"href":"https:\/\/dacasas.es\/de\/wp-json\/wp\/v2\/woning-type?post=67341"},{"taxonomy":"property-city","embeddable":true,"href":"https:\/\/dacasas.es\/de\/wp-json\/wp\/v2\/woning-locatie?post=67341"},{"taxonomy":"property-status","embeddable":true,"href":"https:\/\/dacasas.es\/de\/wp-json\/wp\/v2\/woning-status?post=67341"}],"curies":[{"name":"wp","href":"https:\/\/api.w.org\/{rel}","templated":true}]}}